{"id":15352,"date":"2022-06-08T09:41:28","date_gmt":"2022-06-08T08:41:28","guid":{"rendered":"https:\/\/saborruralgalicia.com\/?page_id=15352"},"modified":"2024-10-30T13:00:06","modified_gmt":"2024-10-30T12:00:06","slug":"bodegas-corisca","status":"publish","type":"page","link":"https:\/\/saborruralgalicia.com\/en\/nuestros-productores\/bodegas-corisca\/","title":{"rendered":"Bodegas Corisca"},"content":{"rendered":"<div class=\"wpb-content-wrapper\"><section data-vc-full-width=\"true\" data-vc-full-width-init=\"false\" class=\"vc_section vc_custom_1648721208591 vc_section-has-fill wd-rs-62457d2abdb68\"><div class=\"vc_row wpb_row vc_row-fluid vc_custom_1499604445501 vc_row-o-equal-height vc_row-o-content-middle vc_row-flex\"><div class=\"wpb_column vc_column_container vc_col-sm-6 vc_hidden-sm vc_hidden-xs wd-rs-624d66c5438a2\"><div class=\"vc_column-inner vc_custom_1649239753100\"><div class=\"wpb_wrapper\"><div class=\"vc_row wpb_row vc_inner vc_row-fluid vc_custom_1499603294997 vc_row-has-fill\"><div class=\"wpb_column vc_column_container vc_col-sm-12 vc_col-xs-6 vc_col-has-fill\"><div class=\"vc_column-inner vc_custom_1499604113587\"><div class=\"wpb_wrapper\">\n\t<div  class=\"wpb_single_image wpb_content_element vc_align_left\">\n\t\t\n\t\t<figure class=\"wpb_wrapper vc_figure\">\n\t\t\t<div class=\"vc_single_image-wrapper   vc_box_border_grey\"><img loading=\"lazy\" decoding=\"async\" width=\"1968\" height=\"1702\" src=\"https:\/\/saborruralgalicia.com\/wp-content\/uploads\/2022\/06\/corisca1.png\" class=\"vc_single_image-img attachment-full\" alt=\"corisca1\" title=\"corisca1\" srcset=\"https:\/\/saborruralgalicia.com\/wp-content\/uploads\/2022\/06\/corisca1.png 1968w, https:\/\/saborruralgalicia.com\/wp-content\/uploads\/2022\/06\/corisca1-medium.png 600w, https:\/\/saborruralgalicia.com\/wp-content\/uploads\/2022\/06\/corisca1-1024x886.png 1024w, https:\/\/saborruralgalicia.com\/wp-content\/uploads\/2022\/06\/corisca1-768x664.png 768w, https:\/\/saborruralgalicia.com\/wp-content\/uploads\/2022\/06\/corisca1-1536x1328.png 1536w, https:\/\/saborruralgalicia.com\/wp-content\/uploads\/2022\/06\/corisca1-1200x1038.png 1200w, https:\/\/saborruralgalicia.com\/wp-content\/uploads\/2022\/06\/corisca1-150x130.png 150w, https:\/\/saborruralgalicia.com\/wp-content\/uploads\/2022\/06\/corisca1-300x259.png 300w\" sizes=\"auto, (max-width: 1968px) 100vw, 1968px\" \/><\/div>\n\t\t<\/figure>\n\t<\/div>\n<\/div><\/div><\/div><\/div><\/div><\/div><\/div><div class=\"wpb_column vc_column_container vc_col-sm-6 vc_hidden-sm vc_hidden-xs wd-rs-624d66cb58a45\"><div class=\"vc_column-inner vc_custom_1649239757989\"><div class=\"wpb_wrapper\">\t\t\t<div id=\"wd-62a0538f0e05c\" class=\"wd-text-block-wrapper wd-wpb wd-rs-62a0538f0e05c color-scheme-custom text-left vc_custom_1654674336407\">\n\t\t\t\t<div class=\"woodmart-title-container woodmart-text-block reset-last-child font-primary wd-font-weight-400\">\n\t\t\t\t\t<em>Albari\u00f1o ecol\u00f3gico con D.O.<\/em>\t\t\t\t<\/div>\n\n\t\t\t\t\t\t\t<\/div>\n\t\t\t\t\t<div id=\"wd-62a0542cf1d65\" class=\"wd-text-block-wrapper wd-wpb wd-rs-62a0542cf1d65 color-scheme-dark text-left vc_custom_1654674481940\">\n\t\t\t\t<div class=\"woodmart-title-container woodmart-text-block reset-last-child font-primary wd-font-weight-400\">\n\t\t\t\t\t<\/p>\n<p class=\"_04xlpA direction-ltr align-start para-style-body\" style=\"text-align: left;\">Bodegas Corisca<\/p>\n<p>\t\t\t\t<\/div>\n\n\t\t\t\t\t\t\t<\/div>\n\t\t\t\t\t<div id=\"wd-62a05ac278e73\" class=\"wd-text-block-wrapper wd-wpb wd-rs-62a05ac278e73 color-scheme- text-left wd-width-enabled vc_custom_1654676217186\" style=\"--wd-max-width: 90%;\">\n\t\t\t\t<div class=\"woodmart-title-container woodmart-text-block reset-last-child font-text wd-font-weight-\">\n\t\t\t\t\t<\/p>\n<p>La bodega surgi\u00f3 en el a\u00f1o 2009, ya que dese\u00e1bamos reflejar nuestra <strong>tradici\u00f3n familiar, nuestro legado, nuestro entorno , nuestras creencias,<\/strong> todo aquello que ten\u00edamos alrededor nuestra y nos apasionaba e inspiraba y que quer\u00edamos compartir.<\/p>\n<blockquote><p><em>Asimismo nos preocupaba la alimentaci\u00f3n sana y saludable, el cultivar de una manera responsable y sostenible con el medio ambiente.<\/em><\/p><\/blockquote>\n<p>La pasi\u00f3n por el mundo del vino viene de nuestro padre, que comenz\u00f3 ya hace cuarenta a\u00f1os, <strong>plantando uva albari\u00f1a<\/strong> en la subzona del condado de la denominaci\u00f3n de origen Rias Baixas en las 2 hectareas que pose\u00eda la familia. Somos la segunda generaci\u00f3n de la familia, que se ha preocupado por recuperar nuestro eco-terroir propio.<\/p>\n<p>Nuestro proyecto se fue gestando poco a poco, con la idea de elaborar un vino de calidad y asimismo saludable. As\u00ed pretendiamos la <strong>integraci\u00f3n del cultivo<\/strong> con el medio que le rodea. Esta idea de conservar la naturaleza y cultivar con ella y no contra ella, es lo que nos hizo apostar por la agricultura ecol\u00f3gica. As\u00ed dentro de la herencia que hab\u00edamos recibido, aportar nuestro granito de arena en el cultivo de un<strong> producto sano<\/strong> y en equilibrio con la naturaleza.<\/p>\n<p>\t\t\t\t<\/div>\n\n\t\t\t\t\t\t\t<\/div>\n\t\t<div class=\"vc_row wpb_row vc_inner vc_row-fluid wd-rs-624433db18a62\"><div class=\"wpb_column vc_column_container vc_col-sm-3\"><div class=\"vc_column-inner\"><div class=\"wpb_wrapper\"><div class=\"vc_icon_element vc_icon_element-outer vc_do_icon vc_icon_element-align-center vc_icon_element-have-style\"><div class=\"vc_icon_element-inner vc_icon_element-color-custom vc_icon_element-have-style-inner vc_icon_element-size-lg vc_icon_element-style-rounded vc_icon_element-background vc_icon_element-background-color-grey\" ><span class=\"vc_icon_element-icon fas fa-truck\" style=\"color:#9dad24 !important\"><\/span><\/div><\/div><\/div><\/div><\/div><div class=\"wpb_column vc_column_container vc_col-sm-9\"><div class=\"vc_column-inner\"><div class=\"wpb_wrapper\">\n\t<div class=\"wpb_text_column wpb_content_element vc_custom_1662980514479 text-larger\" >\n\t\t<div class=\"wpb_wrapper\">\n\t\t\t<p><strong>Gastos de env\u00edo<\/strong><br \/>\n6.50 euros<\/p>\n\n\t\t<\/div>\n\t<\/div>\n<\/div><\/div><\/div><\/div><\/div><\/div><\/div><\/div><div class=\"vc_row wpb_row vc_row-fluid vc_row-o-equal-height vc_row-o-content-middle vc_row-flex wd-rs-625e9bc9ce39d\"><div class=\"wpb_column vc_column_container vc_col-sm-12 vc_hidden-lg vc_hidden-md wd-rs-624d66bf52a27\"><div class=\"vc_column-inner vc_custom_1649239746598\"><div class=\"wpb_wrapper\"><div class=\"vc_row wpb_row vc_inner vc_row-fluid vc_custom_1650613016144 vc_row-has-fill vc_row-o-content-middle vc_row-flex wd-rs-62625b10d5432\"><div class=\"wpb_column vc_column_container vc_col-sm-12 vc_col-xs-6 vc_col-has-fill wd-rs-625e9bc570b1e\"><div class=\"vc_column-inner vc_custom_1650367432469\"><div class=\"wpb_wrapper\"><\/div><\/div><\/div><\/div>\t\t\t<div id=\"wd-62a05454b6935\" class=\"wd-text-block-wrapper wd-wpb wd-rs-62a05454b6935 color-scheme-custom text-center vc_custom_1654674526531\">\n\t\t\t\t<div class=\"woodmart-title-container woodmart-text-block reset-last-child font-primary wd-font-weight-400\">\n\t\t\t\t\t<em>Albari\u00f1o ecol\u00f3gico con D.O.<\/em>\t\t\t\t<\/div>\n\n\t\t\t\t\t\t\t<\/div>\n\t\t\t\t\t<div id=\"wd-62a054490c98a\" class=\"wd-text-block-wrapper wd-wpb wd-rs-62a054490c98a color-scheme-dark text-center vc_custom_1654674510484\">\n\t\t\t\t<div class=\"woodmart-title-container woodmart-text-block reset-last-child font-primary wd-font-weight-400\">\n\t\t\t\t\t<\/p>\n<p class=\"_04xlpA direction-ltr align-start para-style-body\" style=\"text-align: left;\">Bodegas Corisca<\/p>\n<p>\t\t\t\t<\/div>\n\n\t\t\t\t\t\t\t<\/div>\n\t\t\t\t\t<div id=\"wd-62a05afc990b9\" class=\"wd-text-block-wrapper wd-wpb wd-rs-62a05afc990b9 color-scheme- text-center wd-width-enabled vc_custom_1654676226488\" style=\"--wd-max-width: 70%;\">\n\t\t\t\t<div class=\"woodmart-title-container woodmart-text-block reset-last-child font-text wd-font-weight-\">\n\t\t\t\t\t<\/p>\n<p>La bodega surgi\u00f3 en el a\u00f1o 2009, ya que dese\u00e1bamos reflejar nuestra <strong>tradici\u00f3n familiar, nuestro legado, nuestro entorno , nuestras creencias,<\/strong> todo aquello que ten\u00edamos alrededor nuestra y nos apasionaba e inspiraba y que quer\u00edamos compartir.<\/p>\n<blockquote><p><em>Asimismo nos preocupaba la alimentaci\u00f3n sana y saludable, el cultivar de una manera responsable y sostenible con el medio ambiente.<\/em><\/p><\/blockquote>\n<p>La pasi\u00f3n por el mundo del vino viene de nuestro padre, que comenz\u00f3 ya hace cuarenta a\u00f1os, <strong>plantando uva albari\u00f1a<\/strong> en la subzona del condado de la denominaci\u00f3n de origen Rias Baixas en las 2 hectareas que pose\u00eda la familia. Somos la segunda generaci\u00f3n de la familia, que se ha preocupado por recuperar nuestro eco-terroir propio.<\/p>\n<p>Nuestro proyecto se fue gestando poco a poco, con la idea de elaborar un vino de calidad y asimismo saludable. As\u00ed pretendiamos la <strong>integraci\u00f3n del cultivo<\/strong> con el medio que le rodea. Esta idea de conservar la naturaleza y cultivar con ella y no contra ella, es lo que nos hizo apostar por la agricultura ecol\u00f3gica. As\u00ed dentro de la herencia que hab\u00edamos recibido, aportar nuestro granito de arena en el cultivo de un<strong> producto sano<\/strong> y en equilibrio con la naturaleza.<\/p>\n<p>\t\t\t\t<\/div>\n\n\t\t\t\t\t\t\t<\/div>\n\t\t<div class=\"vc_row wpb_row vc_inner vc_row-fluid wd-rs-624433db18a62\"><div class=\"wpb_column vc_column_container vc_col-sm-12\"><div class=\"vc_column-inner\"><div class=\"wpb_wrapper\">\n\t<div  class=\"wpb_single_image wpb_content_element vc_align_center\">\n\t\t\n\t\t<figure class=\"wpb_wrapper vc_figure\">\n\t\t\t<div class=\"vc_single_image-wrapper   vc_box_border_grey\"><img loading=\"lazy\" decoding=\"async\" width=\"600\" height=\"519\" src=\"https:\/\/saborruralgalicia.com\/wp-content\/uploads\/2022\/06\/corisca1-medium.png\" class=\"vc_single_image-img attachment-medium\" alt=\"corisca1\" title=\"corisca1\" srcset=\"https:\/\/saborruralgalicia.com\/wp-content\/uploads\/2022\/06\/corisca1-medium.png 600w, https:\/\/saborruralgalicia.com\/wp-content\/uploads\/2022\/06\/corisca1-1024x886.png 1024w, https:\/\/saborruralgalicia.com\/wp-content\/uploads\/2022\/06\/corisca1-768x664.png 768w, https:\/\/saborruralgalicia.com\/wp-content\/uploads\/2022\/06\/corisca1-1536x1328.png 1536w, https:\/\/saborruralgalicia.com\/wp-content\/uploads\/2022\/06\/corisca1-1200x1038.png 1200w, https:\/\/saborruralgalicia.com\/wp-content\/uploads\/2022\/06\/corisca1-150x130.png 150w, https:\/\/saborruralgalicia.com\/wp-content\/uploads\/2022\/06\/corisca1-300x259.png 300w, https:\/\/saborruralgalicia.com\/wp-content\/uploads\/2022\/06\/corisca1.png 1968w\" sizes=\"auto, (max-width: 600px) 100vw, 600px\" \/><\/div>\n\t\t<\/figure>\n\t<\/div>\n<div class=\"vc_icon_element vc_icon_element-outer vc_do_icon vc_icon_element-align-center vc_icon_element-have-style\"><div class=\"vc_icon_element-inner vc_icon_element-color-custom vc_icon_element-have-style-inner vc_icon_element-size-lg vc_icon_element-style-rounded vc_icon_element-background vc_icon_element-background-color-grey\" ><span class=\"vc_icon_element-icon fas fa-truck\" style=\"color:#9dad24 !important\"><\/span><\/div><\/div>\n\t<div class=\"wpb_text_column wpb_content_element vc_custom_1654676279056 text-larger color-scheme-light\" >\n\t\t<div class=\"wpb_wrapper\">\n\t\t\t<p style=\"text-align: center;\">Gastos de env\u00edo<br \/>\n<strong>6.50 euros<\/strong><\/p>\n\n\t\t<\/div>\n\t<\/div>\n<\/div><\/div><\/div><\/div><\/div><\/div><\/div><\/div><div data-vc-full-width=\"true\" data-vc-full-width-init=\"false\" data-vc-stretch-content=\"true\" class=\"vc_row wpb_row vc_row-fluid vc_custom_1650367498047 vc_row-no-padding wd-rs-625e9c042b31d\"><div class=\"wpb_column vc_column_container vc_col-sm-2\"><div class=\"vc_column-inner vc_custom_1499613529362\"><div class=\"wpb_wrapper\"><\/div><\/div><\/div><div class=\"wpb_column vc_column_container vc_col-sm-8 wd-rs-62457cdfdfab4\"><div class=\"vc_column-inner\"><div class=\"wpb_wrapper\"><div class=\"vc_row wpb_row vc_inner vc_row-fluid\"><div class=\"wpb_column vc_column_container vc_col-sm-12\"><div class=\"vc_column-inner\"><div class=\"wpb_wrapper\">\t\t\t<div id=\"wd-62a05c5a08933\" class=\"wd-text-block-wrapper wd-wpb wd-rs-62a05c5a08933 color-scheme-dark text-center vc_custom_1654676578536\">\n\t\t\t\t<div class=\"woodmart-title-container woodmart-text-block reset-last-child font-primary wd-font-weight-400\">\n\t\t\t\t\t<\/p>\n<p class=\"_04xlpA direction-ltr align-start para-style-body\" style=\"text-align: left;\">Ribera Sacra en cada copa<\/p>\n<p>\t\t\t\t<\/div>\n\n\t\t\t\t\t\t\t<\/div>\n\t\t<\/div><\/div><\/div><\/div>\t\t\t<div id=\"wd-62a05c651ac62\" class=\"wd-text-block-wrapper wd-wpb wd-rs-62a05c651ac62 color-scheme- text-center wd-width-enabled vc_custom_1654676586330\" style=\"--wd-max-width: 90%;\">\n\t\t\t\t<div class=\"woodmart-title-container woodmart-text-block reset-last-child font-text wd-font-weight-\">\n\t\t\t\t\tSomos pioneros en la recuperaci\u00f3n de practicas de agricultura ecol\u00f3gica en nuestra <strong>Denominaci\u00f3n de Origen Rias Baixas<\/strong>, en el cuidado y conservaci\u00f3n de un eco-terroir propio, que proporcione la exclusividad de nuestros vinos.\t\t\t\t<\/div>\n\n\t\t\t\t\t\t\t<\/div>\n\t\t<div class=\"vc_row wpb_row vc_inner vc_row-fluid\"><div class=\"wpb_column vc_column_container vc_col-sm-4\"><div class=\"vc_column-inner\"><div class=\"wpb_wrapper\"><\/div><\/div><\/div><div class=\"wpb_column vc_column_container vc_col-sm-4\"><div class=\"vc_column-inner\"><div class=\"wpb_wrapper\">\t\t\t<div id=\"carousel-527\" class=\"wd-carousel-container  wd-wpb  wd-products-element wd-products products title-line-two\">\n\t\t\t\t\n\t\t\t\t\n\t\t\t\t<div class=\"wd-carousel-inner\">\n\t\t\t\t\t<div class=\"wd-carousel wd-grid\" data-scroll_per_page=\"yes\" style=\"--wd-col-lg:1;--wd-col-md:1;--wd-col-sm:1;--wd-gap-lg:0px;\">\n\t\t\t\t\t\t<div class=\"wd-carousel-wrap\">\n\t\t\t\t\t\t\t\t\t<div class=\"wd-carousel-item\">\n\t\t\t\t\t\t\t\t\t\t\t<div class=\"wd-product wd-with-labels wd-hover-standard product-grid-item product type-product post-9963 status-publish outofstock product_cat-blanco product_cat-bodegas-corisca product_cat-denominacion-de-origen product_cat-productores product_cat-rias-baixas product_cat-vinos has-post-thumbnail shipping-taxable product-type-variable\" data-loop=\"1\" data-id=\"9963\">\n\t\t\t\t\n\t\n<div class=\"product-wrapper\">\n\t<div class=\"product-element-top wd-quick-shop\">\n\t\t<a href=\"https:\/\/saborruralgalicia.com\/en\/tienda\/productores\/bodegas-corisca\/albarino-bodegas-corisca\/\" class=\"product-image-link\" aria-label=\"Albari\u00f1o Corisca &#8211; Bodegas Corisca\">\n\t\t\t<div class=\"product-labels labels-rectangular\"><span class=\"out-of-stock product-label\">Sold out<\/span><\/div><img loading=\"lazy\" decoding=\"async\" width=\"600\" height=\"600\" src=\"https:\/\/saborruralgalicia.com\/wp-content\/uploads\/2021\/08\/cajacorisca-600x600.png\" class=\"attachment-woocommerce_thumbnail size-woocommerce_thumbnail\" alt=\"cajacorisca\" srcset=\"https:\/\/saborruralgalicia.com\/wp-content\/uploads\/2021\/08\/cajacorisca-600x600.png 600w, https:\/\/saborruralgalicia.com\/wp-content\/uploads\/2021\/08\/cajacorisca-small.png 300w, https:\/\/saborruralgalicia.com\/wp-content\/uploads\/2021\/08\/cajacorisca-150x150.png 150w\" sizes=\"auto, (max-width: 600px) 100vw, 600px\" \/>\t\t<\/a>\n\n\t\t\n\t\t<div class=\"wd-buttons wd-pos-r-t\">\n\t\t\t\t\t\t\t\t\t\t\t\t\t\t<\/div>\n\t<\/div>\n\n\t\n\t\n\t<h3 class=\"wd-entities-title\"><a href=\"https:\/\/saborruralgalicia.com\/en\/tienda\/productores\/bodegas-corisca\/albarino-bodegas-corisca\/\">Albari\u00f1o Corisca &#8211; Bodegas Corisca<\/a><\/h3>\n\t\t\t<div class=\"wd-product-cats\">\n\t\t\t<a href=\"https:\/\/saborruralgalicia.com\/en\/tienda\/categoria\/vinos\/\" rel=\"tag\">Vinos<\/a>, <a href=\"https:\/\/saborruralgalicia.com\/en\/tienda\/categoria\/vinos\/blanco\/\" rel=\"tag\">Blanco<\/a>, <a href=\"https:\/\/saborruralgalicia.com\/en\/tienda\/categoria\/productores\/\" rel=\"tag\">Productores<\/a>, <a href=\"https:\/\/saborruralgalicia.com\/en\/tienda\/categoria\/productores\/bodegas-corisca\/\" rel=\"tag\">Bodegas Corisca<\/a>, <a href=\"https:\/\/saborruralgalicia.com\/en\/tienda\/categoria\/denominacion-de-origen\/\" rel=\"tag\">DO<\/a>, <a href=\"https:\/\/saborruralgalicia.com\/en\/tienda\/categoria\/denominacion-de-origen\/rias-baixas\/\" rel=\"tag\">R\u00edas Baixas<\/a>\t\t<\/div>\n\t\t\t\t\n\t\n\t<span class=\"price\"><span class=\"woocommerce-Price-amount amount\" aria-hidden=\"true\"><bdi>53.00&nbsp;<span class=\"woocommerce-Price-currencySymbol\">&euro;<\/span><\/bdi><\/span> <span aria-hidden=\"true\">&ndash;<\/span> <span class=\"woocommerce-Price-amount amount\" aria-hidden=\"true\"><bdi>157.00&nbsp;<span class=\"woocommerce-Price-currencySymbol\">&euro;<\/span><\/bdi><\/span><span class=\"screen-reader-text\" data-no-translation=\"\" data-trp-gettext=\"\">Price range: 53.00&nbsp;&euro; through 157.00&nbsp;&euro;<\/span><\/span>\n\n\t<div class=\"wd-add-btn wd-add-btn-replace\">\n\t\t\n\t\t\t<\/div>\n\n\t<span class=\"gtm4wp_productdata\" style=\"display:none; visibility:hidden;\" data-gtm4wp_product_data=\"{&quot;internal_id&quot;:9963,&quot;item_id&quot;:9963,&quot;item_name&quot;:&quot;Albari\\u00f1o Corisca - Bodegas Corisca&quot;,&quot;sku&quot;:&quot;SR-BE-COR01&quot;,&quot;price&quot;:0,&quot;stocklevel&quot;:null,&quot;stockstatus&quot;:&quot;outofstock&quot;,&quot;google_business_vertical&quot;:&quot;retail&quot;,&quot;item_category&quot;:&quot;Vinos&quot;,&quot;id&quot;:9963,&quot;item_brand&quot;:&quot;Bodegas Corisca&quot;,&quot;productlink&quot;:&quot;https:\\\/\\\/saborruralgalicia.com\\\/en\\\/tienda\\\/productores\\\/bodegas-corisca\\\/albarino-bodegas-corisca\\\/&quot;,&quot;item_list_name&quot;:&quot;General Product List&quot;,&quot;index&quot;:2,&quot;product_type&quot;:&quot;variable&quot;}\"><\/span>\n\t\n\t\t<\/div>\n<\/div>\n\t\t\t\t\t<\/div>\n\t\t\t\t\t\t\t\t<\/div>\n\t\t\t\t\t<\/div>\n\n\t\t\t\t\t\t\t<div class=\"wd-nav-arrows wd-pos-sep wd-icon-1\">\n\t\t\t<div class=\"wd-btn-arrow wd-prev wd-disabled\">\n\t\t\t\t<div class=\"wd-arrow-inner\"><\/div>\n\t\t\t<\/div>\n\t\t\t<div class=\"wd-btn-arrow wd-next\">\n\t\t\t\t<div class=\"wd-arrow-inner\"><\/div>\n\t\t\t<\/div>\n\t\t<\/div>\n\t\t\t\t\t\t<\/div>\n\n\t\t\t\t\t\t<div class=\"wd-nav-pagin-wrap text-center wd-style-shape wd-hide-md-sm wd-hide-sm\">\n\t\t\t<ul class=\"wd-nav-pagin\"><\/ul>\n\t\t<\/div>\n\t\t\t\t\t\t\t\t\t<\/div>\n\t\t\t<div class=\"vc_empty_space\"   style=\"height: 32px\"><span class=\"vc_empty_space_inner\"><\/span><\/div><\/div><\/div><\/div><div class=\"wpb_column vc_column_container vc_col-sm-4\"><div class=\"vc_column-inner\"><div class=\"wpb_wrapper\"><\/div><\/div><\/div><\/div><\/div><\/div><\/div><div class=\"wpb_column vc_column_container vc_col-sm-2\"><div class=\"vc_column-inner\"><div class=\"wpb_wrapper\"><\/div><\/div><\/div><\/div><div class=\"vc_row-full-width vc_clearfix\"><\/div><div class=\"vc_row wpb_row vc_row-fluid vc_custom_1499604445501 vc_row-o-equal-height vc_row-o-content-middle vc_row-flex\"><div class=\"wpb_column vc_column_container vc_col-sm-12 color-scheme-light\"><div class=\"vc_column-inner vc_custom_1499604612121\"><div class=\"wpb_wrapper\"><div class=\"vc_row wpb_row vc_inner vc_row-fluid vc_custom_1499603294997 vc_row-has-fill\"><div class=\"wpb_column vc_column_container vc_col-sm-12 vc_col-xs-6 vc_col-has-fill\"><div class=\"vc_column-inner vc_custom_1499604113587\"><div class=\"wpb_wrapper\"><div class=\"vc_empty_space\"   style=\"height: 32px\"><span class=\"vc_empty_space_inner\"><\/span><\/div><\/div><\/div><\/div><\/div><\/div><\/div><\/div><\/div><div data-vc-full-width=\"true\" data-vc-full-width-init=\"false\" class=\"vc_row wpb_row vc_row-fluid vc_custom_1654677596125 vc_row-has-fill vc_row-o-equal-height vc_row-o-content-middle vc_row-flex wd-rs-62a0605594ac5\"><div class=\"wpb_column vc_column_container vc_col-sm-3 color-scheme-light\"><div class=\"vc_column-inner vc_custom_1499604612121\"><div class=\"wpb_wrapper\"><div class=\"vc_row wpb_row vc_inner vc_row-fluid vc_custom_1494415923456 vc_row-has-fill\"><div class=\"wpb_column vc_column_container vc_col-sm-12\"><div class=\"vc_column-inner vc_custom_1494415839649\"><div class=\"wpb_wrapper\">\t\t\t<div id=\"wd-62a05cbd0f16b\" class=\"wd-text-block-wrapper wd-wpb wd-rs-62a05cbd0f16b color-scheme-light text-center wd-width-enabled vc_custom_1654676717755\" style=\"--wd-max-width: 90%;\">\n\t\t\t\t<div class=\"woodmart-title-container woodmart-text-block reset-last-child font-text wd-font-weight-\">\n\t\t\t\t\tLos vi\u00f1edos son tratados cuidadosamente, sin utilizaci\u00f3n de productos qu\u00edmicos ni herbicidas, s\u00f3lo se emplean<strong> abonos naturales<\/strong> cuando la vid lo requiere.<\/p>\n<p>Trabajamos con dep\u00f3sitos de Inox con una capacidad de 3000 litros, con control de temperatura, en la subzona del condado de Tea, dentro de la D.O. R\u00edas Baixas.\t\t\t\t<\/div>\n\n\t\t\t\t\t\t\t<\/div>\n\t\t<\/div><\/div><\/div><\/div><\/div><\/div><\/div><div class=\"wpb_column vc_column_container vc_col-sm-9\"><div class=\"vc_column-inner vc_custom_1499604620360\"><div class=\"wpb_wrapper\">\t\t<div id=\"gallery_167\" class=\"wd-images-gallery wd-wpb wd-rs-62a05f1fbb6d4 wd-carousel-container wd-wpb\" style=\"--wd-justify-content:center;--wd-align-items:center;\">\n\t\t\t\t\t\t\t<div class=\"wd-carousel-inner\">\n\t\t\t\n\t\t\t<div class=\"wd-carousel wd-grid\"data-speed=\"5000\" data-autoplay=\"yes\" data-scroll_per_page=\"yes\" style=\"--wd-col-lg:2;--wd-col-md:2;--wd-col-sm:1;--wd-gap-lg:0px;\">\n\t\t\t\t\t\t\t\t\t<div class=\"wd-carousel-wrap\">\n\t\t\t\t\n\t\t\t\t\t\t\t\t\t\t\t\t\t\t\t<div class=\"wd-gallery-item wd-carousel-item\">\n\t\t\t\t\t\t\t\n\t\t\t\t\t\t\t\t<img loading=\"lazy\" decoding=\"async\" width=\"350\" height=\"500\" src=\"https:\/\/saborruralgalicia.com\/wp-content\/uploads\/2022\/06\/coris1-large.png\" class=\"wd-gallery-image image-1\" alt=\"coris1\" srcset=\"https:\/\/saborruralgalicia.com\/wp-content\/uploads\/2022\/06\/coris1.png 350w, https:\/\/saborruralgalicia.com\/wp-content\/uploads\/2022\/06\/coris1-210x300.png 210w, https:\/\/saborruralgalicia.com\/wp-content\/uploads\/2022\/06\/coris1-150x214.png 150w\" sizes=\"auto, (max-width: 350px) 100vw, 350px\" \/>\n\t\t\t\t\t\t\t\t\t\t\t\t\t\t<\/div>\n\t\t\t\t\t\t\t\t\t\t\t<div class=\"wd-gallery-item wd-carousel-item\">\n\t\t\t\t\t\t\t\n\t\t\t\t\t\t\t\t<img loading=\"lazy\" decoding=\"async\" width=\"350\" height=\"500\" src=\"https:\/\/saborruralgalicia.com\/wp-content\/uploads\/2022\/06\/coris2-large.png\" class=\"wd-gallery-image image-2\" alt=\"coris2\" srcset=\"https:\/\/saborruralgalicia.com\/wp-content\/uploads\/2022\/06\/coris2.png 350w, https:\/\/saborruralgalicia.com\/wp-content\/uploads\/2022\/06\/coris2-210x300.png 210w, https:\/\/saborruralgalicia.com\/wp-content\/uploads\/2022\/06\/coris2-150x214.png 150w\" sizes=\"auto, (max-width: 350px) 100vw, 350px\" \/>\n\t\t\t\t\t\t\t\t\t\t\t\t\t\t<\/div>\n\t\t\t\t\t\t\t\t\t\t\t<div class=\"wd-gallery-item wd-carousel-item\">\n\t\t\t\t\t\t\t\n\t\t\t\t\t\t\t\t<img loading=\"lazy\" decoding=\"async\" width=\"350\" height=\"500\" src=\"https:\/\/saborruralgalicia.com\/wp-content\/uploads\/2022\/06\/coris3-large.png\" class=\"wd-gallery-image image-3\" alt=\"coris3\" srcset=\"https:\/\/saborruralgalicia.com\/wp-content\/uploads\/2022\/06\/coris3.png 350w, https:\/\/saborruralgalicia.com\/wp-content\/uploads\/2022\/06\/coris3-210x300.png 210w, https:\/\/saborruralgalicia.com\/wp-content\/uploads\/2022\/06\/coris3-150x214.png 150w\" sizes=\"auto, (max-width: 350px) 100vw, 350px\" \/>\n\t\t\t\t\t\t\t\t\t\t\t\t\t\t<\/div>\n\t\t\t\t\t\t\t\t\t\t\t<div class=\"wd-gallery-item wd-carousel-item\">\n\t\t\t\t\t\t\t\n\t\t\t\t\t\t\t\t<img loading=\"lazy\" decoding=\"async\" width=\"350\" height=\"500\" src=\"https:\/\/saborruralgalicia.com\/wp-content\/uploads\/2022\/06\/coris4-large.png\" class=\"wd-gallery-image image-4\" alt=\"coris4\" srcset=\"https:\/\/saborruralgalicia.com\/wp-content\/uploads\/2022\/06\/coris4.png 350w, https:\/\/saborruralgalicia.com\/wp-content\/uploads\/2022\/06\/coris4-210x300.png 210w, https:\/\/saborruralgalicia.com\/wp-content\/uploads\/2022\/06\/coris4-150x214.png 150w\" sizes=\"auto, (max-width: 350px) 100vw, 350px\" \/>\n\t\t\t\t\t\t\t\t\t\t\t\t\t\t<\/div>\n\t\t\t\t\t\t\t\t\t\t\t<div class=\"wd-gallery-item wd-carousel-item\">\n\t\t\t\t\t\t\t\n\t\t\t\t\t\t\t\t<img loading=\"lazy\" decoding=\"async\" width=\"350\" height=\"500\" src=\"https:\/\/saborruralgalicia.com\/wp-content\/uploads\/2022\/06\/coris5-large.png\" class=\"wd-gallery-image image-5\" alt=\"\" srcset=\"https:\/\/saborruralgalicia.com\/wp-content\/uploads\/2022\/06\/coris5.png 350w, https:\/\/saborruralgalicia.com\/wp-content\/uploads\/2022\/06\/coris5-210x300.png 210w, https:\/\/saborruralgalicia.com\/wp-content\/uploads\/2022\/06\/coris5-150x214.png 150w\" sizes=\"auto, (max-width: 350px) 100vw, 350px\" \/>\n\t\t\t\t\t\t\t\t\t\t\t\t\t\t<\/div>\n\t\t\t\t\t\t\t\t\t\t\t<div class=\"wd-gallery-item wd-carousel-item\">\n\t\t\t\t\t\t\t\n\t\t\t\t\t\t\t\t<img loading=\"lazy\" decoding=\"async\" width=\"350\" height=\"500\" src=\"https:\/\/saborruralgalicia.com\/wp-content\/uploads\/2022\/06\/coris6-large.png\" class=\"wd-gallery-image image-6\" alt=\"coris6\" srcset=\"https:\/\/saborruralgalicia.com\/wp-content\/uploads\/2022\/06\/coris6.png 350w, https:\/\/saborruralgalicia.com\/wp-content\/uploads\/2022\/06\/coris6-210x300.png 210w, https:\/\/saborruralgalicia.com\/wp-content\/uploads\/2022\/06\/coris6-150x214.png 150w\" sizes=\"auto, (max-width: 350px) 100vw, 350px\" \/>\n\t\t\t\t\t\t\t\t\t\t\t\t\t\t<\/div>\n\t\t\t\t\t\t\t\t\t\n\t\t\t\t\t\t\t\t\t<\/div>\n\t\t\t\t\t\t\t<\/div>\n\n\t\t\t\t\t\t\t\t\t\t\t\t\t\t<div class=\"wd-nav-arrows wd-pos-sep wd-icon-1\">\n\t\t\t<div class=\"wd-btn-arrow wd-prev wd-disabled\">\n\t\t\t\t<div class=\"wd-arrow-inner\"><\/div>\n\t\t\t<\/div>\n\t\t\t<div class=\"wd-btn-arrow wd-next\">\n\t\t\t\t<div class=\"wd-arrow-inner\"><\/div>\n\t\t\t<\/div>\n\t\t<\/div>\n\t\t\t\t\t\t\n\t\t\t\t<\/div>\n\n\t\t\t\t\t\t\t\t\t\t\t\t\t<\/div>\n\t\t<\/div><\/div><\/div><\/div><div class=\"vc_row-full-width vc_clearfix\"><\/div><\/section><div class=\"vc_row-full-width vc_clearfix\"><\/div><div class=\"vc_row wpb_row vc_row-fluid vc_custom_1499604445501 vc_row-o-equal-height vc_row-o-content-middle vc_row-flex\"><div class=\"wpb_column vc_column_container vc_col-sm-12 vc_hidden-sm vc_hidden-xs color-scheme-light wd-rs-627cd7884261a\"><div class=\"vc_column-inner vc_custom_1652348829095\"><div class=\"wpb_wrapper\"><div class=\"vc_row wpb_row vc_inner vc_row-fluid vc_custom_1499603294997 vc_row-has-fill\"><div class=\"wpb_column vc_column_container vc_col-sm-12 vc_col-xs-6 vc_col-has-fill\"><div class=\"vc_column-inner vc_custom_1499604113587\"><div class=\"wpb_wrapper\"><div class=\"vc_empty_space\"   style=\"height: 32px\"><span class=\"vc_empty_space_inner\"><\/span><\/div><\/div><\/div><\/div><\/div><\/div><\/div><\/div><\/div><div class=\"vc_row wpb_row vc_row-fluid vc_custom_1646217527975 vc_row-has-fill wd-rs-621f491a44019\"><div class=\"wpb_column vc_column_container vc_col-sm-6 vc_hidden-sm vc_hidden-xs wd-rs-624d6659ad418\"><div class=\"vc_column-inner\"><div class=\"wpb_wrapper\"><div class=\"vc_empty_space\"   style=\"height: 32px\"><span class=\"vc_empty_space_inner\"><\/span><\/div>\t\t\t<div id=\"wd-62a05d1640730\" class=\"wd-text-block-wrapper wd-wpb wd-rs-62a05d1640730 color-scheme-dark text-left vc_custom_1654676769281\">\n\t\t\t\t<div class=\"woodmart-title-container woodmart-text-block reset-last-child font-primary wd-font-weight-400\">\n\t\t\t\t\t<\/p>\n<p class=\"_04xlpA direction-ltr align-start para-style-body\">Cepas de<br \/>\n<em><strong>40 a\u00f1os<\/strong><\/em><\/p>\n<p>\t\t\t\t<\/div>\n\n\t\t\t\t\t\t\t<\/div>\n\t\t\t\t\t<div id=\"wd-62a05d3dc8b08\" class=\"wd-text-block-wrapper wd-wpb wd-rs-62a05d3dc8b08 color-scheme- text-left wd-width-enabled vc_custom_1654676815375\" style=\"--wd-max-width: 90%;\">\n\t\t\t\t<div class=\"woodmart-title-container woodmart-text-block reset-last-child font-text wd-font-weight-\">\n\t\t\t\t\t<\/p>\n<p>Certificamos nuestros terrenos como agricultura ecol\u00f3gica, adquirimos m\u00e1s plantaciones de 15 a\u00f1os de antiguedad que tambi\u00e9n convertimos a la ecol\u00f3gica.<\/p>\n<p>Finalmente, y con bastante dificultad, en una zona como la nuestra donde existen s\u00f3lo<strong> peque\u00f1as parcelas, juntamos una extensi\u00f3n propia de 5 hectareas<\/strong>, donde realizamos un cultivo diario con atenci\u00f3n y esmero y por supuesto con mucho cari\u00f1o, de donde se obtiene la uva albari\u00f1a ecol\u00f3gica de la que finalmente se elabora CORISCA.<\/p>\n<p>\t\t\t\t<\/div>\n\n\t\t\t\t\t\t\t<\/div>\n\t\t<\/div><\/div><\/div><div class=\"wpb_column vc_column_container vc_col-sm-6 vc_hidden-sm vc_hidden-xs wd-rs-624d66647c3ad\"><div class=\"vc_column-inner\"><div class=\"wpb_wrapper\">\n\t<div  class=\"wpb_single_image wpb_content_element vc_align_left\">\n\t\t\n\t\t<figure class=\"wpb_wrapper vc_figure\">\n\t\t\t<div class=\"vc_single_image-wrapper   vc_box_border_grey\"><img loading=\"lazy\" decoding=\"async\" width=\"1950\" height=\"1846\" src=\"https:\/\/saborruralgalicia.com\/wp-content\/uploads\/2022\/06\/corisca2.png\" class=\"vc_single_image-img attachment-full\" alt=\"corisca2\" title=\"corisca2\" srcset=\"https:\/\/saborruralgalicia.com\/wp-content\/uploads\/2022\/06\/corisca2.png 1950w, https:\/\/saborruralgalicia.com\/wp-content\/uploads\/2022\/06\/corisca2-medium.png 600w, https:\/\/saborruralgalicia.com\/wp-content\/uploads\/2022\/06\/corisca2-1024x969.png 1024w, https:\/\/saborruralgalicia.com\/wp-content\/uploads\/2022\/06\/corisca2-768x727.png 768w, https:\/\/saborruralgalicia.com\/wp-content\/uploads\/2022\/06\/corisca2-1536x1454.png 1536w, https:\/\/saborruralgalicia.com\/wp-content\/uploads\/2022\/06\/corisca2-1200x1136.png 1200w, https:\/\/saborruralgalicia.com\/wp-content\/uploads\/2022\/06\/corisca2-150x142.png 150w, https:\/\/saborruralgalicia.com\/wp-content\/uploads\/2022\/06\/corisca2-300x284.png 300w\" sizes=\"auto, (max-width: 1950px) 100vw, 1950px\" \/><\/div>\n\t\t<\/figure>\n\t<\/div>\n<\/div><\/div><\/div><\/div><div class=\"vc_row wpb_row vc_row-fluid wd-rs-625e9c36d5cb6\"><div class=\"wpb_column vc_column_container vc_col-sm-12 vc_hidden-lg vc_hidden-md wd-rs-624d666a72d9c\"><div class=\"vc_column-inner\"><div class=\"wpb_wrapper\">\t\t\t<div id=\"wd-62a05cf7930af\" class=\"wd-text-block-wrapper wd-wpb wd-rs-62a05cf7930af color-scheme-dark text-center vc_custom_1654676740672\">\n\t\t\t\t<div class=\"woodmart-title-container woodmart-text-block reset-last-child font-primary wd-font-weight-400\">\n\t\t\t\t\t<\/p>\n<p class=\"_04xlpA direction-ltr align-start para-style-body\">Cepas de<br \/>\n<em><strong>40 a\u00f1os<\/strong><\/em><\/p>\n<p>\t\t\t\t<\/div>\n\n\t\t\t\t\t\t\t<\/div>\n\t\t\t\t\t<div id=\"wd-62a05d522f109\" class=\"wd-text-block-wrapper wd-wpb wd-rs-62a05d522f109 color-scheme- text-center wd-width-enabled vc_custom_1654676822935\" style=\"--wd-max-width: 80%;\">\n\t\t\t\t<div class=\"woodmart-title-container woodmart-text-block reset-last-child font-text wd-font-weight-\">\n\t\t\t\t\t<\/p>\n<p>Certificamos nuestros terrenos como agricultura ecol\u00f3gica, adquirimos m\u00e1s plantaciones de 15 a\u00f1os de antiguedad que tambi\u00e9n convertimos a la ecol\u00f3gica.<\/p>\n<p>Finalmente, y con bastante dificultad, en una zona como la nuestra donde existen s\u00f3lo<strong> peque\u00f1as parcelas, juntamos una extensi\u00f3n propia de 5 hectareas<\/strong>, donde realizamos un cultivo diario con atenci\u00f3n y esmero y por supuesto con mucho cari\u00f1o, de donde se obtiene la uva albari\u00f1a ecol\u00f3gica de la que finalmente se elabora CORISCA.<\/p>\n<p>\t\t\t\t<\/div>\n\n\t\t\t\t\t\t\t<\/div>\n\t\t\n\t<div  class=\"wpb_single_image wpb_content_element vc_align_left\">\n\t\t\n\t\t<figure class=\"wpb_wrapper vc_figure\">\n\t\t\t<div class=\"vc_single_image-wrapper   vc_box_border_grey\"><img loading=\"lazy\" decoding=\"async\" width=\"1950\" height=\"1846\" src=\"https:\/\/saborruralgalicia.com\/wp-content\/uploads\/2022\/06\/corisca2.png\" class=\"vc_single_image-img attachment-full\" alt=\"corisca2\" title=\"corisca2\" srcset=\"https:\/\/saborruralgalicia.com\/wp-content\/uploads\/2022\/06\/corisca2.png 1950w, https:\/\/saborruralgalicia.com\/wp-content\/uploads\/2022\/06\/corisca2-medium.png 600w, https:\/\/saborruralgalicia.com\/wp-content\/uploads\/2022\/06\/corisca2-1024x969.png 1024w, https:\/\/saborruralgalicia.com\/wp-content\/uploads\/2022\/06\/corisca2-768x727.png 768w, https:\/\/saborruralgalicia.com\/wp-content\/uploads\/2022\/06\/corisca2-1536x1454.png 1536w, https:\/\/saborruralgalicia.com\/wp-content\/uploads\/2022\/06\/corisca2-1200x1136.png 1200w, https:\/\/saborruralgalicia.com\/wp-content\/uploads\/2022\/06\/corisca2-150x142.png 150w, https:\/\/saborruralgalicia.com\/wp-content\/uploads\/2022\/06\/corisca2-300x284.png 300w\" sizes=\"auto, (max-width: 1950px) 100vw, 1950px\" \/><\/div>\n\t\t<\/figure>\n\t<\/div>\n<\/div><\/div><\/div><\/div><div class=\"vc_row wpb_row vc_row-fluid\"><div class=\"wpb_column vc_column_container vc_col-sm-12\"><div class=\"vc_column-inner\"><div class=\"wpb_wrapper\"><div class=\"vc_empty_space\"   style=\"height: 32px\"><span class=\"vc_empty_space_inner\"><\/span><\/div><\/div><\/div><\/div><\/div><div data-vc-full-width=\"true\" data-vc-full-width-init=\"false\" data-vc-parallax=\"1.5\" class=\"vc_row wpb_row vc_row-fluid vc_custom_1654677565682 vc_row-has-fill vc_row-o-equal-height vc_row-o-content-middle vc_row-flex vc_general vc_parallax vc_parallax-content-moving wd-rs-62a060244f457\"><div class=\"wpb_column vc_column_container vc_col-sm-12\"><div class=\"vc_column-inner\"><div class=\"wpb_wrapper\"><div class=\"vc_row wpb_row vc_inner vc_row-fluid vc_custom_1630400425752 vc_row-has-fill\"><div class=\"wpb_column vc_column_container vc_col-sm-12\"><div class=\"vc_column-inner\"><div class=\"wpb_wrapper\">\t\t\t<div id=\"wd-62a053a71b83f\" class=\"wd-text-block-wrapper wd-wpb wd-rs-62a053a71b83f color-scheme-light text-center vc_custom_1654674355180\">\n\t\t\t\t<div class=\"woodmart-title-container woodmart-text-block reset-last-child font-primary wd-font-weight-400\">\n\t\t\t\t\t<\/p>\n<h3 style=\"text-align: center;\"><span style=\"color: #ffffff;\">El vino se hace<\/span><\/h3>\n<p>\t\t\t\t<\/div>\n\n\t\t\t\t\t\t\t<\/div>\n\t\t\t\t\t<div id=\"wd-62a053b508b41\" class=\"wd-text-block-wrapper wd-wpb wd-rs-62a053b508b41 color-scheme-light text-center vc_custom_1654674362770\">\n\t\t\t\t<div class=\"woodmart-title-container woodmart-text-block reset-last-child font-primary wd-font-weight-400\">\n\t\t\t\t\t<\/p>\n<h3 style=\"text-align: center;\"><span style=\"color: #ffffff;\">en la tierra<\/span><\/h3>\n<p>\t\t\t\t<\/div>\n\n\t\t\t\t\t\t\t<\/div>\n\t\t<\/div><\/div><\/div><\/div><\/div><\/div><\/div><\/div><div class=\"vc_row-full-width vc_clearfix\"><\/div><div class=\"wpb_column vc_column_container vc_col-sm-2\"><div class=\"vc_column-inner\"><div class=\"wpb_wrapper\"><\/div><\/div><\/div><div class=\"wpb_column vc_column_container vc_col-sm-8\"><div class=\"vc_column-inner\"><div class=\"wpb_wrapper\"><\/div><\/div><\/div>\n<\/div>","protected":false},"excerpt":{"rendered":"CARACTER\u00cdSTICAS Tipo de vino: blanco monovarietal Uva: albari\u00f1o ecol\u00f3gico Origen: finca Malladoura y Corisca Suelo: gran\u00edtico y cantos redondos Sistema","protected":false},"author":1,"featured_media":0,"parent":12526,"menu_order":0,"comment_status":"closed","ping_status":"closed","template":"","meta":{"_acf_changed":false,"footnotes":""},"class_list":["post-15352","page","type-page","status-publish","hentry"],"better_featured_image":null,"acf":[],"yoast_head":"<!-- This site is optimized with the Yoast SEO plugin v26.1.1 - https:\/\/yoast.com\/wordpress\/plugins\/seo\/ -->\n<title>Bodegas Corisca con Sabor Rural<\/title>\n<meta name=\"description\" content=\"La bodega Corisca surgi\u00f3 en el a\u00f1o 2009 y es referencia en cuanto a tradici\u00f3n familiar, legado, entorno, creencias. Vino con D.O.\" \/>\n<meta name=\"robots\" content=\"noindex, follow, max-snippet:-1, max-image-preview:large, max-video-preview:-1\" \/>\n<meta property=\"og:locale\" content=\"en_GB\" \/>\n<meta property=\"og:type\" content=\"article\" \/>\n<meta property=\"og:title\" content=\"Bodegas Corisca con Sabor Rural\" \/>\n<meta property=\"og:description\" content=\"La bodega Corisca surgi\u00f3 en el a\u00f1o 2009 y es referencia en cuanto a tradici\u00f3n familiar, legado, entorno, creencias. Vino con D.O.\" \/>\n<meta property=\"og:url\" content=\"https:\/\/saborruralgalicia.com\/en\/nuestros-productores\/bodegas-corisca\/\" \/>\n<meta property=\"og:site_name\" content=\"Sabor Rural Galicia\" \/>\n<meta property=\"article:publisher\" content=\"https:\/\/www.facebook.com\/SaborRuralGalicia\" \/>\n<meta property=\"article:modified_time\" content=\"2024-10-30T12:00:06+00:00\" \/>\n<meta property=\"og:image\" content=\"https:\/\/saborruralgalicia.com\/wp-content\/uploads\/2021\/11\/srg-mini.png\" \/>\n\t<meta property=\"og:image:width\" content=\"590\" \/>\n\t<meta property=\"og:image:height\" content=\"286\" \/>\n\t<meta property=\"og:image:type\" content=\"image\/png\" \/>\n<meta name=\"twitter:card\" content=\"summary_large_image\" \/>\n<meta name=\"twitter:site\" content=\"@SaborRuralGal\" \/>\n<meta name=\"twitter:label1\" content=\"Estimated reading time\" \/>\n\t<meta name=\"twitter:data1\" content=\"7 minutes\" \/>\n<script type=\"application\/ld+json\" class=\"yoast-schema-graph\">{\"@context\":\"https:\/\/schema.org\",\"@graph\":[{\"@type\":\"WebPage\",\"@id\":\"https:\/\/saborruralgalicia.com\/nuestros-productores\/bodegas-corisca\/\",\"url\":\"https:\/\/saborruralgalicia.com\/nuestros-productores\/bodegas-corisca\/\",\"name\":\"Bodegas Corisca con Sabor Rural\",\"isPartOf\":{\"@id\":\"https:\/\/saborruralgalicia.com\/#website\"},\"datePublished\":\"2022-06-08T08:41:28+00:00\",\"dateModified\":\"2024-10-30T12:00:06+00:00\",\"description\":\"La bodega Corisca surgi\u00f3 en el a\u00f1o 2009 y es referencia en cuanto a tradici\u00f3n familiar, legado, entorno, creencias. Vino con D.O.\",\"breadcrumb\":{\"@id\":\"https:\/\/saborruralgalicia.com\/nuestros-productores\/bodegas-corisca\/#breadcrumb\"},\"inLanguage\":\"en-GB\",\"potentialAction\":[{\"@type\":\"ReadAction\",\"target\":[\"https:\/\/saborruralgalicia.com\/nuestros-productores\/bodegas-corisca\/\"]}]},{\"@type\":\"BreadcrumbList\",\"@id\":\"https:\/\/saborruralgalicia.com\/nuestros-productores\/bodegas-corisca\/#breadcrumb\",\"itemListElement\":[{\"@type\":\"ListItem\",\"position\":1,\"name\":\"Inicio\",\"item\":\"https:\/\/saborruralgalicia.com\/\"},{\"@type\":\"ListItem\",\"position\":2,\"name\":\"Nuestros productores\",\"item\":\"https:\/\/saborruralgalicia.com\/nuestros-productores\/\"},{\"@type\":\"ListItem\",\"position\":3,\"name\":\"Bodegas Corisca\"}]},{\"@type\":\"WebSite\",\"@id\":\"https:\/\/saborruralgalicia.com\/#website\",\"url\":\"https:\/\/saborruralgalicia.com\/\",\"name\":\"Sabor Rural Galicia\",\"description\":\"Tienda online de productos alimentarios gallegos\",\"publisher\":{\"@id\":\"https:\/\/saborruralgalicia.com\/#organization\"},\"potentialAction\":[{\"@type\":\"SearchAction\",\"target\":{\"@type\":\"EntryPoint\",\"urlTemplate\":\"https:\/\/saborruralgalicia.com\/?s={search_term_string}\"},\"query-input\":{\"@type\":\"PropertyValueSpecification\",\"valueRequired\":true,\"valueName\":\"search_term_string\"}}],\"inLanguage\":\"en-GB\"},{\"@type\":\"Organization\",\"@id\":\"https:\/\/saborruralgalicia.com\/#organization\",\"name\":\"Sabor Rural Galicia\",\"url\":\"https:\/\/saborruralgalicia.com\/\",\"logo\":{\"@type\":\"ImageObject\",\"inLanguage\":\"en-GB\",\"@id\":\"https:\/\/saborruralgalicia.com\/#\/schema\/logo\/image\/\",\"url\":\"https:\/\/saborruralgalicia.com\/wp-content\/uploads\/2021\/11\/srg-mini.png\",\"contentUrl\":\"https:\/\/saborruralgalicia.com\/wp-content\/uploads\/2021\/11\/srg-mini.png\",\"width\":590,\"height\":286,\"caption\":\"Sabor Rural Galicia\"},\"image\":{\"@id\":\"https:\/\/saborruralgalicia.com\/#\/schema\/logo\/image\/\"},\"sameAs\":[\"https:\/\/www.facebook.com\/SaborRuralGalicia\",\"https:\/\/x.com\/SaborRuralGal\",\"https:\/\/www.instagram.com\/saborruralgalicia\/\",\"https:\/\/www.linkedin.com\/company\/sabor-rural-galicia\/\"]}]}<\/script>\n<!-- \/ Yoast SEO plugin. -->","yoast_head_json":{"title":"Bodegas Corisca con Sabor Rural","description":"La bodega Corisca surgi\u00f3 en el a\u00f1o 2009 y es referencia en cuanto a tradici\u00f3n familiar, legado, entorno, creencias. Vino con D.O.","robots":{"index":"noindex","follow":"follow","max-snippet":"max-snippet:-1","max-image-preview":"max-image-preview:large","max-video-preview":"max-video-preview:-1"},"og_locale":"en_GB","og_type":"article","og_title":"Bodegas Corisca con Sabor Rural","og_description":"La bodega Corisca surgi\u00f3 en el a\u00f1o 2009 y es referencia en cuanto a tradici\u00f3n familiar, legado, entorno, creencias. Vino con D.O.","og_url":"https:\/\/saborruralgalicia.com\/en\/nuestros-productores\/bodegas-corisca\/","og_site_name":"Sabor Rural Galicia","article_publisher":"https:\/\/www.facebook.com\/SaborRuralGalicia","article_modified_time":"2024-10-30T12:00:06+00:00","og_image":[{"width":590,"height":286,"url":"https:\/\/saborruralgalicia.com\/wp-content\/uploads\/2021\/11\/srg-mini.png","type":"image\/png"}],"twitter_card":"summary_large_image","twitter_site":"@SaborRuralGal","twitter_misc":{"Estimated reading time":"7 minutes"},"schema":{"@context":"https:\/\/schema.org","@graph":[{"@type":"WebPage","@id":"https:\/\/saborruralgalicia.com\/nuestros-productores\/bodegas-corisca\/","url":"https:\/\/saborruralgalicia.com\/nuestros-productores\/bodegas-corisca\/","name":"Bodegas Corisca con Sabor Rural","isPartOf":{"@id":"https:\/\/saborruralgalicia.com\/#website"},"datePublished":"2022-06-08T08:41:28+00:00","dateModified":"2024-10-30T12:00:06+00:00","description":"La bodega Corisca surgi\u00f3 en el a\u00f1o 2009 y es referencia en cuanto a tradici\u00f3n familiar, legado, entorno, creencias. Vino con D.O.","breadcrumb":{"@id":"https:\/\/saborruralgalicia.com\/nuestros-productores\/bodegas-corisca\/#breadcrumb"},"inLanguage":"en-GB","potentialAction":[{"@type":"ReadAction","target":["https:\/\/saborruralgalicia.com\/nuestros-productores\/bodegas-corisca\/"]}]},{"@type":"BreadcrumbList","@id":"https:\/\/saborruralgalicia.com\/nuestros-productores\/bodegas-corisca\/#breadcrumb","itemListElement":[{"@type":"ListItem","position":1,"name":"Inicio","item":"https:\/\/saborruralgalicia.com\/"},{"@type":"ListItem","position":2,"name":"Nuestros productores","item":"https:\/\/saborruralgalicia.com\/nuestros-productores\/"},{"@type":"ListItem","position":3,"name":"Bodegas Corisca"}]},{"@type":"WebSite","@id":"https:\/\/saborruralgalicia.com\/#website","url":"https:\/\/saborruralgalicia.com\/","name":"Sabor Rural Galicia","description":"Tienda online de productos alimentarios gallegos","publisher":{"@id":"https:\/\/saborruralgalicia.com\/#organization"},"potentialAction":[{"@type":"SearchAction","target":{"@type":"EntryPoint","urlTemplate":"https:\/\/saborruralgalicia.com\/?s={search_term_string}"},"query-input":{"@type":"PropertyValueSpecification","valueRequired":true,"valueName":"search_term_string"}}],"inLanguage":"en-GB"},{"@type":"Organization","@id":"https:\/\/saborruralgalicia.com\/#organization","name":"Sabor Rural Galicia","url":"https:\/\/saborruralgalicia.com\/","logo":{"@type":"ImageObject","inLanguage":"en-GB","@id":"https:\/\/saborruralgalicia.com\/#\/schema\/logo\/image\/","url":"https:\/\/saborruralgalicia.com\/wp-content\/uploads\/2021\/11\/srg-mini.png","contentUrl":"https:\/\/saborruralgalicia.com\/wp-content\/uploads\/2021\/11\/srg-mini.png","width":590,"height":286,"caption":"Sabor Rural Galicia"},"image":{"@id":"https:\/\/saborruralgalicia.com\/#\/schema\/logo\/image\/"},"sameAs":["https:\/\/www.facebook.com\/SaborRuralGalicia","https:\/\/x.com\/SaborRuralGal","https:\/\/www.instagram.com\/saborruralgalicia\/","https:\/\/www.linkedin.com\/company\/sabor-rural-galicia\/"]}]}},"_links":{"self":[{"href":"https:\/\/saborruralgalicia.com\/en\/wp-json\/wp\/v2\/pages\/15352","targetHints":{"allow":["GET"]}}],"collection":[{"href":"https:\/\/saborruralgalicia.com\/en\/wp-json\/wp\/v2\/pages"}],"about":[{"href":"https:\/\/saborruralgalicia.com\/en\/wp-json\/wp\/v2\/types\/page"}],"author":[{"embeddable":true,"href":"https:\/\/saborruralgalicia.com\/en\/wp-json\/wp\/v2\/users\/1"}],"replies":[{"embeddable":true,"href":"https:\/\/saborruralgalicia.com\/en\/wp-json\/wp\/v2\/comments?post=15352"}],"version-history":[{"count":1,"href":"https:\/\/saborruralgalicia.com\/en\/wp-json\/wp\/v2\/pages\/15352\/revisions"}],"predecessor-version":[{"id":17052,"href":"https:\/\/saborruralgalicia.com\/en\/wp-json\/wp\/v2\/pages\/15352\/revisions\/17052"}],"up":[{"embeddable":true,"href":"https:\/\/saborruralgalicia.com\/en\/wp-json\/wp\/v2\/pages\/12526"}],"wp:attachment":[{"href":"https:\/\/saborruralgalicia.com\/en\/wp-json\/wp\/v2\/media?parent=15352"}],"curies":[{"name":"wp","href":"https:\/\/api.w.org\/{rel}","templated":true}]}}