{"id":16909,"date":"2024-07-10T11:27:55","date_gmt":"2024-07-10T10:27:55","guid":{"rendered":"https:\/\/saborruralgalicia.com\/?page_id=16909"},"modified":"2024-07-10T11:37:33","modified_gmt":"2024-07-10T10:37:33","slug":"adega-terras-mancas","status":"publish","type":"page","link":"https:\/\/saborruralgalicia.com\/en\/nuestros-productores\/adega-terras-mancas\/","title":{"rendered":"Adega Terras Mancas"},"content":{"rendered":"<div class=\"wpb-content-wrapper\"><section data-vc-full-width=\"true\" data-vc-full-width-init=\"false\" class=\"vc_section vc_custom_1648721208591 vc_section-has-fill wd-rs-62457d2abdb68\"><div class=\"vc_row wpb_row vc_row-fluid vc_custom_1499604445501 vc_row-o-equal-height vc_row-o-content-middle vc_row-flex\"><div class=\"wpb_column vc_column_container vc_col-sm-6 vc_hidden-sm vc_hidden-xs wd-rs-624d66c5438a2\"><div class=\"vc_column-inner vc_custom_1649239753100\"><div class=\"wpb_wrapper\"><div class=\"vc_row wpb_row vc_inner vc_row-fluid vc_custom_1499603294997 vc_row-has-fill\"><div class=\"wpb_column vc_column_container vc_col-sm-12 vc_col-xs-6 vc_col-has-fill\"><div class=\"vc_column-inner vc_custom_1499604113587\"><div class=\"wpb_wrapper\">\n\t<div  class=\"wpb_single_image wpb_content_element vc_align_left\">\n\t\t\n\t\t<figure class=\"wpb_wrapper vc_figure\">\n\t\t\t<div class=\"vc_single_image-wrapper   vc_box_border_grey\"><img loading=\"lazy\" decoding=\"async\" width=\"1000\" height=\"666\" src=\"https:\/\/saborruralgalicia.com\/wp-content\/uploads\/2024\/07\/terras-mancas-02.jpg\" class=\"vc_single_image-img attachment-full\" alt=\"terras mancas 02\" title=\"terras mancas 02\" srcset=\"https:\/\/saborruralgalicia.com\/wp-content\/uploads\/2024\/07\/terras-mancas-02.jpg 1000w, https:\/\/saborruralgalicia.com\/wp-content\/uploads\/2024\/07\/terras-mancas-02-medium.jpg 600w, https:\/\/saborruralgalicia.com\/wp-content\/uploads\/2024\/07\/terras-mancas-02-768x511.jpg 768w, https:\/\/saborruralgalicia.com\/wp-content\/uploads\/2024\/07\/terras-mancas-02-150x100.jpg 150w, https:\/\/saborruralgalicia.com\/wp-content\/uploads\/2024\/07\/terras-mancas-02-medium.jpg 300w\" sizes=\"auto, (max-width: 1000px) 100vw, 1000px\" \/><\/div>\n\t\t<\/figure>\n\t<\/div>\n<\/div><\/div><\/div><\/div><\/div><\/div><\/div><div class=\"wpb_column vc_column_container vc_col-sm-6 vc_hidden-sm vc_hidden-xs wd-rs-624d66cb58a45\"><div class=\"vc_column-inner vc_custom_1649239757989\"><div class=\"wpb_wrapper\">\t\t\t<div id=\"wd-668e5d06b7bf2\" class=\"wd-text-block-wrapper wd-wpb wd-rs-668e5d06b7bf2 color-scheme-custom text-left vc_custom_1720605963543\">\n\t\t\t\t<div class=\"woodmart-title-container woodmart-text-block reset-last-child font-primary wd-font-weight-400\">\n\t\t\t\t\t<em>El entusiasmo mueve el mundo<\/em>\t\t\t\t<\/div>\n\n\t\t\t\t\t\t\t<\/div>\n\t\t\t\t\t<div id=\"wd-668e5beced695\" class=\"wd-text-block-wrapper wd-wpb wd-rs-668e5beced695 color-scheme-dark text-left vc_custom_1720605684922\">\n\t\t\t\t<div class=\"woodmart-title-container woodmart-text-block reset-last-child font-primary wd-font-weight-400\">\n\t\t\t\t\t<\/p>\n<p class=\"_04xlpA direction-ltr align-start para-style-body\" style=\"text-align: left;\">Adega Terras Mancas<\/p>\n<p>\t\t\t\t<\/div>\n\n\t\t\t\t\t\t\t<\/div>\n\t\t\t\t\t<div id=\"wd-668e5d20e119b\" class=\"wd-text-block-wrapper wd-wpb wd-rs-668e5d20e119b color-scheme- text-left wd-width-enabled vc_custom_1720606049240\" style=\"--wd-max-width: 90%;\">\n\t\t\t\t<div class=\"woodmart-title-container woodmart-text-block reset-last-child font-text wd-font-weight-\">\n\t\t\t\t\tCon cuatro modalidades aut\u00f3ctonas de uva blanca, Treixadura, Albari\u00f1o, Godello y Loureira, y un trabajo de producci\u00f3n dedicado y minucioso, conseguimos la denominaci\u00f3n de origen para nuestros vinos y el prestigio para la marca Terras Mancas, que es hoy <strong>sin\u00f3nimo de paladar genuino y buen hacer<\/strong>.<\/p>\n<p>\t\t\t\t<\/div>\n\n\t\t\t\t\t\t\t<\/div>\n\t\t<div class=\"vc_row wpb_row vc_inner vc_row-fluid wd-rs-624433db18a62\"><div class=\"wpb_column vc_column_container vc_col-sm-3\"><div class=\"vc_column-inner\"><div class=\"wpb_wrapper\"><div class=\"vc_icon_element vc_icon_element-outer vc_do_icon vc_icon_element-align-center vc_icon_element-have-style\"><div class=\"vc_icon_element-inner vc_icon_element-color-custom vc_icon_element-have-style-inner vc_icon_element-size-lg vc_icon_element-style-rounded vc_icon_element-background vc_icon_element-background-color-grey\" ><span class=\"vc_icon_element-icon fas fa-truck\" style=\"color:#9dad24 !important\"><\/span><\/div><\/div><\/div><\/div><\/div><div class=\"wpb_column vc_column_container vc_col-sm-9\"><div class=\"vc_column-inner\"><div class=\"wpb_wrapper\">\n\t<div class=\"wpb_text_column wpb_content_element vc_custom_1720605699815 text-larger\" >\n\t\t<div class=\"wpb_wrapper\">\n\t\t\t<p><strong>Gastos de env\u00edo:<\/strong><br \/>\n5.00 \u20ac<\/p>\n\n\t\t<\/div>\n\t<\/div>\n<\/div><\/div><\/div><\/div><\/div><\/div><\/div><\/div><div class=\"vc_row wpb_row vc_row-fluid vc_row-o-equal-height vc_row-o-content-middle vc_row-flex wd-rs-625e9bc9ce39d\"><div class=\"wpb_column vc_column_container vc_col-sm-12 vc_hidden-lg vc_hidden-md wd-rs-624d66bf52a27\"><div class=\"vc_column-inner vc_custom_1649239746598\"><div class=\"wpb_wrapper\"><div class=\"vc_row wpb_row vc_inner vc_row-fluid vc_custom_1650613016144 vc_row-has-fill vc_row-o-content-middle vc_row-flex wd-rs-62625b10d5432\"><div class=\"wpb_column vc_column_container vc_col-sm-12 vc_col-xs-6 vc_col-has-fill wd-rs-625e9bc570b1e\"><div class=\"vc_column-inner vc_custom_1650367432469\"><div class=\"wpb_wrapper\"><\/div><\/div><\/div><\/div>\t\t\t<div id=\"wd-668e5d0ea26de\" class=\"wd-text-block-wrapper wd-wpb wd-rs-668e5d0ea26de color-scheme-custom text-center vc_custom_1720605970257\">\n\t\t\t\t<div class=\"woodmart-title-container woodmart-text-block reset-last-child font-primary wd-font-weight-400\">\n\t\t\t\t\t<em>El entusiasmo mueve el mundo<\/em>\t\t\t\t<\/div>\n\n\t\t\t\t\t\t\t<\/div>\n\t\t\t\t\t<div id=\"wd-668e5c0759423\" class=\"wd-text-block-wrapper wd-wpb wd-rs-668e5c0759423 color-scheme-dark text-center vc_custom_1720605711018\">\n\t\t\t\t<div class=\"woodmart-title-container woodmart-text-block reset-last-child font-primary wd-font-weight-400\">\n\t\t\t\t\t<\/p>\n<p class=\"_04xlpA direction-ltr align-start para-style-body\" style=\"text-align: left;\">Adega Terras Mancas<\/p>\n<p>\t\t\t\t<\/div>\n\n\t\t\t\t\t\t\t<\/div>\n\t\t\t\t\t<div id=\"wd-668e5d6b994a3\" class=\"wd-text-block-wrapper wd-wpb wd-rs-668e5d6b994a3 color-scheme- text-center wd-width-enabled vc_custom_1720606063353\" style=\"--wd-max-width: 70%;\">\n\t\t\t\t<div class=\"woodmart-title-container woodmart-text-block reset-last-child font-text wd-font-weight-\">\n\t\t\t\t\tCon cuatro modalidades aut\u00f3ctonas de uva blanca, Treixadura, Albari\u00f1o, Godello y Loureira, y un trabajo de producci\u00f3n dedicado y minucioso, conseguimos la denominaci\u00f3n de origen para nuestros vinos y el prestigio para la marca Terras Mancas, que es hoy <strong>sin\u00f3nimo de paladar genuino y buen hacer<\/strong>.\t\t\t\t<\/div>\n\n\t\t\t\t\t\t\t<\/div>\n\t\t<div class=\"vc_row wpb_row vc_inner vc_row-fluid wd-rs-624433db18a62\"><div class=\"wpb_column vc_column_container vc_col-sm-12\"><div class=\"vc_column-inner\"><div class=\"wpb_wrapper\">\n\t<div  class=\"wpb_single_image wpb_content_element vc_align_center\">\n\t\t\n\t\t<figure class=\"wpb_wrapper vc_figure\">\n\t\t\t<div class=\"vc_single_image-wrapper   vc_box_border_grey\"><img loading=\"lazy\" decoding=\"async\" width=\"600\" height=\"400\" src=\"https:\/\/saborruralgalicia.com\/wp-content\/uploads\/2024\/07\/terras-mancas-02-medium.jpg\" class=\"vc_single_image-img attachment-medium\" alt=\"terras mancas 02\" title=\"terras mancas 02\" srcset=\"https:\/\/saborruralgalicia.com\/wp-content\/uploads\/2024\/07\/terras-mancas-02-medium.jpg 600w, https:\/\/saborruralgalicia.com\/wp-content\/uploads\/2024\/07\/terras-mancas-02.jpg 1000w, https:\/\/saborruralgalicia.com\/wp-content\/uploads\/2024\/07\/terras-mancas-02-768x511.jpg 768w, https:\/\/saborruralgalicia.com\/wp-content\/uploads\/2024\/07\/terras-mancas-02-150x100.jpg 150w, https:\/\/saborruralgalicia.com\/wp-content\/uploads\/2024\/07\/terras-mancas-02-medium.jpg 300w\" sizes=\"auto, (max-width: 600px) 100vw, 600px\" \/><\/div>\n\t\t<\/figure>\n\t<\/div>\n<div class=\"vc_icon_element vc_icon_element-outer vc_do_icon vc_icon_element-align-center vc_icon_element-have-style\"><div class=\"vc_icon_element-inner vc_icon_element-color-custom vc_icon_element-have-style-inner vc_icon_element-size-lg vc_icon_element-style-rounded vc_icon_element-background vc_icon_element-background-color-grey\" ><span class=\"vc_icon_element-icon fas fa-truck\" style=\"color:#9dad24 !important\"><\/span><\/div><\/div>\n\t<div class=\"wpb_text_column wpb_content_element vc_custom_1720605718325 text-larger color-scheme-light\" >\n\t\t<div class=\"wpb_wrapper\">\n\t\t\t<p style=\"text-align: center;\">Gastos de env\u00edo<br \/>\n5.00 \u20ac<\/p>\n\n\t\t<\/div>\n\t<\/div>\n<\/div><\/div><\/div><\/div><\/div><\/div><\/div><\/div><div data-vc-full-width=\"true\" data-vc-full-width-init=\"false\" data-vc-stretch-content=\"true\" class=\"vc_row wpb_row vc_row-fluid vc_custom_1650367498047 vc_row-no-padding wd-rs-625e9c042b31d\"><div class=\"wpb_column vc_column_container vc_col-sm-2\"><div class=\"vc_column-inner vc_custom_1499613529362\"><div class=\"wpb_wrapper\"><\/div><\/div><\/div><div class=\"wpb_column vc_column_container vc_col-sm-8 wd-rs-62457cdfdfab4\"><div class=\"vc_column-inner\"><div class=\"wpb_wrapper\"><div class=\"vc_row wpb_row vc_inner vc_row-fluid\"><div class=\"wpb_column vc_column_container vc_col-sm-12\"><div class=\"vc_column-inner\"><div class=\"wpb_wrapper\">\t\t\t<div id=\"wd-668e5dc1a787c\" class=\"wd-text-block-wrapper wd-wpb wd-rs-668e5dc1a787c color-scheme-dark text-center vc_custom_1720606149639\">\n\t\t\t\t<div class=\"woodmart-title-container woodmart-text-block reset-last-child font-primary wd-font-weight-400\">\n\t\t\t\t\tVinos nuevos de viejas vi\u00f1as\t\t\t\t<\/div>\n\n\t\t\t\t\t\t\t<\/div>\n\t\t<\/div><\/div><\/div><\/div>\t\t\t<div id=\"wd-668e5de645183\" class=\"wd-text-block-wrapper wd-wpb wd-rs-668e5de645183 color-scheme- text-center wd-width-enabled vc_custom_1720606190978\" style=\"--wd-max-width: 90%;\">\n\t\t\t\t<div class=\"woodmart-title-container woodmart-text-block reset-last-child font-text wd-font-weight-\">\n\t\t\t\t\tNuestros <span class=\"m_-3932132787391139827gmail-m_3988099075904416893gmail-il\">vinos<\/span>\u00a0ofrecen la esencia de la tierra en la que han nacido\t\t\t\t<\/div>\n\n\t\t\t\t\t\t\t<\/div>\n\t\t\t\t\t<div id=\"carousel-392\" class=\"wd-carousel-container  wd-wpb wd-rs-668e5df17c265  wd-products-element wd-products products title-line-two\">\n\t\t\t\t\n\t\t\t\t\n\t\t\t\t<div class=\"wd-carousel-inner\">\n\t\t\t\t\t<div class=\"wd-carousel wd-grid\" data-scroll_per_page=\"yes\" style=\"--wd-col-lg:3;--wd-col-md:3;--wd-col-sm:2;--wd-gap-lg:0px;\">\n\t\t\t\t\t\t<div class=\"wd-carousel-wrap\">\n\t\t\t\t\t\t\t\t\t<div class=\"wd-carousel-item\">\n\t\t\t\t\t\t\t\t\t\t\t<div class=\"wd-product wd-with-labels wd-hover-standard product-grid-item product type-product post-16931 status-publish outofstock product_cat-terras-mancas product_cat-bebidas product_cat-blanco product_cat-productores product_cat-vinos has-post-thumbnail shipping-taxable purchasable product-type-simple\" data-loop=\"1\" data-id=\"16931\">\n\t\t\t\t\n\t\n<div class=\"product-wrapper\">\n\t<div class=\"product-element-top wd-quick-shop\">\n\t\t<a href=\"https:\/\/saborruralgalicia.com\/en\/tienda\/productores\/terras-mancas\/adega-terras-mancas-terras-mancas-blanco\/\" class=\"product-image-link\" aria-label=\"Adega Terras Mancas &#8211; Terras Mancas Blanco\">\n\t\t\t<div class=\"product-labels labels-rectangular\"><span class=\"out-of-stock product-label\">Sold out<\/span><\/div><img loading=\"lazy\" decoding=\"async\" width=\"600\" height=\"600\" src=\"https:\/\/saborruralgalicia.com\/wp-content\/uploads\/2024\/07\/terras-mancas-blanco-6-600x600.jpg\" class=\"attachment-woocommerce_thumbnail size-woocommerce_thumbnail\" alt=\"terras mancas blanco 6\" srcset=\"https:\/\/saborruralgalicia.com\/wp-content\/uploads\/2024\/07\/terras-mancas-blanco-6-600x600.jpg 600w, https:\/\/saborruralgalicia.com\/wp-content\/uploads\/2024\/07\/terras-mancas-blanco-6-small.jpg 300w, https:\/\/saborruralgalicia.com\/wp-content\/uploads\/2024\/07\/terras-mancas-blanco-6-small.jpg 150w\" sizes=\"auto, (max-width: 600px) 100vw, 600px\" \/>\t\t<\/a>\n\n\t\t\n\t\t<div class=\"wd-buttons wd-pos-r-t\">\n\t\t\t\t\t\t\t\t\t\t\t\t\t\t<\/div>\n\t<\/div>\n\n\t\n\t\n\t<h3 class=\"wd-entities-title\"><a href=\"https:\/\/saborruralgalicia.com\/en\/tienda\/productores\/terras-mancas\/adega-terras-mancas-terras-mancas-blanco\/\">Adega Terras Mancas &#8211; Terras Mancas Blanco<\/a><\/h3>\n\t\t\t<div class=\"wd-product-cats\">\n\t\t\t<a href=\"https:\/\/saborruralgalicia.com\/en\/tienda\/categoria\/productores\/\" rel=\"tag\">Productores<\/a>, <a href=\"https:\/\/saborruralgalicia.com\/en\/tienda\/categoria\/productores\/terras-mancas\/\" rel=\"tag\">Adega Terras Mancas<\/a>, <a href=\"https:\/\/saborruralgalicia.com\/en\/tienda\/categoria\/vinos\/\" rel=\"tag\">Vinos<\/a>, <a href=\"https:\/\/saborruralgalicia.com\/en\/tienda\/categoria\/vinos\/blanco\/\" rel=\"tag\">Blanco<\/a>, <a href=\"https:\/\/saborruralgalicia.com\/en\/tienda\/categoria\/bebidas\/\" rel=\"tag\">Bebidas<\/a>\t\t<\/div>\n\t\t\t\t\n\t\n\t<span class=\"price\"><span class=\"woocommerce-Price-amount amount\"><bdi>63.00&nbsp;<span class=\"woocommerce-Price-currencySymbol\">&euro;<\/span><\/bdi><\/span><\/span>\n\n\t<div class=\"wd-add-btn wd-add-btn-replace\">\n\t\t\n\t\t\t<\/div>\n\n\t<span class=\"gtm4wp_productdata\" style=\"display:none; visibility:hidden;\" data-gtm4wp_product_data=\"{&quot;internal_id&quot;:16931,&quot;item_id&quot;:16931,&quot;item_name&quot;:&quot;Adega Terras Mancas - Terras Mancas Blanco&quot;,&quot;sku&quot;:&quot;SR-BE-TM-BL&quot;,&quot;price&quot;:63,&quot;stocklevel&quot;:null,&quot;stockstatus&quot;:&quot;outofstock&quot;,&quot;google_business_vertical&quot;:&quot;retail&quot;,&quot;item_category&quot;:&quot;Vinos&quot;,&quot;id&quot;:16931,&quot;item_brand&quot;:&quot;Adega Terras Mancas&quot;,&quot;productlink&quot;:&quot;https:\\\/\\\/saborruralgalicia.com\\\/en\\\/tienda\\\/productores\\\/terras-mancas\\\/adega-terras-mancas-terras-mancas-blanco\\\/&quot;,&quot;item_list_name&quot;:&quot;General Product List&quot;,&quot;index&quot;:2,&quot;product_type&quot;:&quot;simple&quot;}\"><\/span>\n\t\n\t\t<\/div>\n<\/div>\n\t\t\t\t\t<\/div>\n\t\t\t\t\t\t\t\t<\/div>\n\t\t\t\t\t<\/div>\n\n\t\t\t\t\t\t\t<div class=\"wd-nav-arrows wd-pos-sep wd-icon-1\">\n\t\t\t<div class=\"wd-btn-arrow wd-prev wd-disabled\">\n\t\t\t\t<div class=\"wd-arrow-inner\"><\/div>\n\t\t\t<\/div>\n\t\t\t<div class=\"wd-btn-arrow wd-next\">\n\t\t\t\t<div class=\"wd-arrow-inner\"><\/div>\n\t\t\t<\/div>\n\t\t<\/div>\n\t\t\t\t\t\t<\/div>\n\n\t\t\t\t\t\t<div class=\"wd-nav-pagin-wrap text-center wd-style-shape wd-hide-md-sm wd-hide-sm\">\n\t\t\t<ul class=\"wd-nav-pagin\"><\/ul>\n\t\t<\/div>\n\t\t\t\t\t\t\t\t\t<\/div>\n\t\t\t<div class=\"vc_empty_space\"   style=\"height: 32px\"><span class=\"vc_empty_space_inner\"><\/span><\/div><\/div><\/div><\/div><div class=\"wpb_column vc_column_container vc_col-sm-2\"><div class=\"vc_column-inner\"><div class=\"wpb_wrapper\"><\/div><\/div><\/div><\/div><div class=\"vc_row-full-width vc_clearfix\"><\/div><div class=\"vc_row wpb_row vc_row-fluid vc_custom_1499604445501 vc_row-o-equal-height vc_row-o-content-middle vc_row-flex\"><div class=\"wpb_column vc_column_container vc_col-sm-12 color-scheme-light\"><div class=\"vc_column-inner vc_custom_1499604612121\"><div class=\"wpb_wrapper\"><div class=\"vc_row wpb_row vc_inner vc_row-fluid vc_custom_1499603294997 vc_row-has-fill\"><div class=\"wpb_column vc_column_container vc_col-sm-12 vc_col-xs-6 vc_col-has-fill\"><div class=\"vc_column-inner vc_custom_1499604113587\"><div class=\"wpb_wrapper\"><div class=\"vc_empty_space\"   style=\"height: 32px\"><span class=\"vc_empty_space_inner\"><\/span><\/div><\/div><\/div><\/div><\/div><\/div><\/div><\/div><\/div><div data-vc-full-width=\"true\" data-vc-full-width-init=\"false\" class=\"vc_row wpb_row vc_row-fluid vc_custom_1720606878398 vc_row-has-fill vc_row-o-equal-height vc_row-o-content-middle vc_row-flex wd-rs-668e6068c62e8\"><div class=\"wpb_column vc_column_container vc_col-sm-3 color-scheme-light\"><div class=\"vc_column-inner vc_custom_1499604612121\"><div class=\"wpb_wrapper\"><div class=\"vc_row wpb_row vc_inner vc_row-fluid vc_custom_1494415923456 vc_row-has-fill\"><div class=\"wpb_column vc_column_container vc_col-sm-12\"><div class=\"vc_column-inner vc_custom_1494415839649\"><div class=\"wpb_wrapper\">\t\t\t<div id=\"wd-668e5d8174110\" class=\"wd-text-block-wrapper wd-wpb wd-rs-668e5d8174110 color-scheme-light text-center wd-width-enabled vc_custom_1720606090875\" style=\"--wd-max-width: 90%;\">\n\t\t\t\t<div class=\"woodmart-title-container woodmart-text-block reset-last-child font-text wd-font-weight-\">\n\t\t\t\t\tGeneraci\u00f3n tras generaci\u00f3n, se ha transmitido un saber vin\u00edcola que ha llegado a nosotros, sumado a nuestro empe\u00f1o, dedicaci\u00f3n y entusiasmo por conseguir un producto que trasciende y exprese toda la riqueza de nuestras vi\u00f1as.\t\t\t\t<\/div>\n\n\t\t\t\t\t\t\t<\/div>\n\t\t<\/div><\/div><\/div><\/div><\/div><\/div><\/div><div class=\"wpb_column vc_column_container vc_col-sm-9\"><div class=\"vc_column-inner vc_custom_1499604620360\"><div class=\"wpb_wrapper\">\t\t<div id=\"gallery_995\" class=\"wd-images-gallery wd-wpb wd-rs-668e6125088df wd-carousel-container wd-wpb\" style=\"--wd-justify-content:center;--wd-align-items:center;\">\n\t\t\t\t\t\t\t<div class=\"wd-carousel-inner\">\n\t\t\t\n\t\t\t<div class=\"wd-carousel wd-grid\"data-speed=\"5000\" data-autoplay=\"yes\" data-scroll_per_page=\"yes\" style=\"--wd-col-lg:2;--wd-col-md:2;--wd-col-sm:1;--wd-gap-lg:0px;\">\n\t\t\t\t\t\t\t\t\t<div class=\"wd-carousel-wrap\">\n\t\t\t\t\n\t\t\t\t\t\t\t\t\t\t\t\t\t\t\t<div class=\"wd-gallery-item wd-carousel-item\">\n\t\t\t\t\t\t\t\n\t\t\t\t\t\t\t\t<img loading=\"lazy\" decoding=\"async\" width=\"350\" height=\"500\" src=\"https:\/\/saborruralgalicia.com\/wp-content\/uploads\/2024\/07\/terras-mancas-13-350x500.jpg\" class=\"wd-gallery-image image-1\" alt=\"terras mancas 13\" \/>\n\t\t\t\t\t\t\t\t\t\t\t\t\t\t<\/div>\n\t\t\t\t\t\t\t\t\t\t\t<div class=\"wd-gallery-item wd-carousel-item\">\n\t\t\t\t\t\t\t\n\t\t\t\t\t\t\t\t<img loading=\"lazy\" decoding=\"async\" width=\"350\" height=\"500\" src=\"https:\/\/saborruralgalicia.com\/wp-content\/uploads\/2024\/07\/terras-mancas-14-1-350x500.jpg\" class=\"wd-gallery-image image-2\" alt=\"terras mancas 14 1\" \/>\n\t\t\t\t\t\t\t\t\t\t\t\t\t\t<\/div>\n\t\t\t\t\t\t\t\t\t\t\t<div class=\"wd-gallery-item wd-carousel-item\">\n\t\t\t\t\t\t\t\n\t\t\t\t\t\t\t\t<img loading=\"lazy\" decoding=\"async\" width=\"350\" height=\"500\" src=\"https:\/\/saborruralgalicia.com\/wp-content\/uploads\/2024\/07\/terras-mancas-01-350x500.jpg\" class=\"wd-gallery-image image-3\" alt=\"terras mancas 01\" \/>\n\t\t\t\t\t\t\t\t\t\t\t\t\t\t<\/div>\n\t\t\t\t\t\t\t\t\t\t\t<div class=\"wd-gallery-item wd-carousel-item\">\n\t\t\t\t\t\t\t\n\t\t\t\t\t\t\t\t<img loading=\"lazy\" decoding=\"async\" width=\"350\" height=\"500\" src=\"https:\/\/saborruralgalicia.com\/wp-content\/uploads\/2024\/07\/terras-mancas-02-1-350x500.jpg\" class=\"wd-gallery-image image-4\" alt=\"terras mancas 02 1\" \/>\n\t\t\t\t\t\t\t\t\t\t\t\t\t\t<\/div>\n\t\t\t\t\t\t\t\t\t\t\t<div class=\"wd-gallery-item wd-carousel-item\">\n\t\t\t\t\t\t\t\n\t\t\t\t\t\t\t\t<img loading=\"lazy\" decoding=\"async\" width=\"350\" height=\"500\" src=\"https:\/\/saborruralgalicia.com\/wp-content\/uploads\/2024\/07\/terras-mancas-03-350x500.jpg\" class=\"wd-gallery-image image-5\" alt=\"terras mancas 03\" \/>\n\t\t\t\t\t\t\t\t\t\t\t\t\t\t<\/div>\n\t\t\t\t\t\t\t\t\t\t\t<div class=\"wd-gallery-item wd-carousel-item\">\n\t\t\t\t\t\t\t\n\t\t\t\t\t\t\t\t<img loading=\"lazy\" decoding=\"async\" width=\"350\" height=\"500\" src=\"https:\/\/saborruralgalicia.com\/wp-content\/uploads\/2024\/07\/terras-mancas-04-350x500.jpg\" class=\"wd-gallery-image image-6\" alt=\"terras mancas 04\" \/>\n\t\t\t\t\t\t\t\t\t\t\t\t\t\t<\/div>\n\t\t\t\t\t\t\t\t\t\t\t<div class=\"wd-gallery-item wd-carousel-item\">\n\t\t\t\t\t\t\t\n\t\t\t\t\t\t\t\t<img loading=\"lazy\" decoding=\"async\" width=\"350\" height=\"500\" src=\"https:\/\/saborruralgalicia.com\/wp-content\/uploads\/2024\/07\/terras-mancas-05-350x500.jpg\" class=\"wd-gallery-image image-7\" alt=\"terras mancas 05\" \/>\n\t\t\t\t\t\t\t\t\t\t\t\t\t\t<\/div>\n\t\t\t\t\t\t\t\t\t\t\t<div class=\"wd-gallery-item wd-carousel-item\">\n\t\t\t\t\t\t\t\n\t\t\t\t\t\t\t\t<img loading=\"lazy\" decoding=\"async\" width=\"350\" height=\"500\" src=\"https:\/\/saborruralgalicia.com\/wp-content\/uploads\/2024\/07\/terras-mancas-07-350x500.jpg\" class=\"wd-gallery-image image-8\" alt=\"terras mancas 07\" \/>\n\t\t\t\t\t\t\t\t\t\t\t\t\t\t<\/div>\n\t\t\t\t\t\t\t\t\t\t\t<div class=\"wd-gallery-item wd-carousel-item\">\n\t\t\t\t\t\t\t\n\t\t\t\t\t\t\t\t<img loading=\"lazy\" decoding=\"async\" width=\"350\" height=\"500\" src=\"https:\/\/saborruralgalicia.com\/wp-content\/uploads\/2024\/07\/terras-mancas-09-350x500.jpg\" class=\"wd-gallery-image image-9\" alt=\"terras mancas 09\" \/>\n\t\t\t\t\t\t\t\t\t\t\t\t\t\t<\/div>\n\t\t\t\t\t\t\t\t\t\t\t<div class=\"wd-gallery-item wd-carousel-item\">\n\t\t\t\t\t\t\t\n\t\t\t\t\t\t\t\t<img loading=\"lazy\" decoding=\"async\" width=\"350\" height=\"500\" src=\"https:\/\/saborruralgalicia.com\/wp-content\/uploads\/2024\/07\/terras-mancas-10-350x500.jpg\" class=\"wd-gallery-image image-10\" alt=\"terras mancas 10\" \/>\n\t\t\t\t\t\t\t\t\t\t\t\t\t\t<\/div>\n\t\t\t\t\t\t\t\t\t\t\t<div class=\"wd-gallery-item wd-carousel-item\">\n\t\t\t\t\t\t\t\n\t\t\t\t\t\t\t\t<img loading=\"lazy\" decoding=\"async\" width=\"350\" height=\"500\" src=\"https:\/\/saborruralgalicia.com\/wp-content\/uploads\/2024\/07\/terras-mancas-11-350x500.jpg\" class=\"wd-gallery-image image-11\" alt=\"terras mancas 11\" \/>\n\t\t\t\t\t\t\t\t\t\t\t\t\t\t<\/div>\n\t\t\t\t\t\t\t\t\t\t\t<div class=\"wd-gallery-item wd-carousel-item\">\n\t\t\t\t\t\t\t\n\t\t\t\t\t\t\t\t<img loading=\"lazy\" decoding=\"async\" width=\"350\" height=\"500\" src=\"https:\/\/saborruralgalicia.com\/wp-content\/uploads\/2024\/07\/terras-mancas-12-350x500.jpg\" class=\"wd-gallery-image image-12\" alt=\"terras mancas 12\" \/>\n\t\t\t\t\t\t\t\t\t\t\t\t\t\t<\/div>\n\t\t\t\t\t\t\t\t\t\n\t\t\t\t\t\t\t\t\t<\/div>\n\t\t\t\t\t\t\t<\/div>\n\n\t\t\t\t\t\t\t\t\t\t\t\t\t\t<div class=\"wd-nav-arrows wd-pos-sep wd-icon-1\">\n\t\t\t<div class=\"wd-btn-arrow wd-prev wd-disabled\">\n\t\t\t\t<div class=\"wd-arrow-inner\"><\/div>\n\t\t\t<\/div>\n\t\t\t<div class=\"wd-btn-arrow wd-next\">\n\t\t\t\t<div class=\"wd-arrow-inner\"><\/div>\n\t\t\t<\/div>\n\t\t<\/div>\n\t\t\t\t\t\t\n\t\t\t\t<\/div>\n\n\t\t\t\t\t\t\t\t\t\t\t\t\t<\/div>\n\t\t<\/div><\/div><\/div><\/div><div class=\"vc_row-full-width vc_clearfix\"><\/div><\/section><div class=\"vc_row-full-width vc_clearfix\"><\/div><div class=\"vc_row wpb_row vc_row-fluid vc_custom_1499604445501 vc_row-o-equal-height vc_row-o-content-middle vc_row-flex\"><div class=\"wpb_column vc_column_container vc_col-sm-12 color-scheme-light\"><div class=\"vc_column-inner vc_custom_1499604612121\"><div class=\"wpb_wrapper\"><div class=\"vc_row wpb_row vc_inner vc_row-fluid vc_custom_1499603294997 vc_row-has-fill\"><div class=\"wpb_column vc_column_container vc_col-sm-12 vc_col-xs-6 vc_col-has-fill\"><div class=\"vc_column-inner vc_custom_1499604113587\"><div class=\"wpb_wrapper\"><\/div><\/div><\/div><\/div><\/div><\/div><\/div><\/div><div class=\"vc_row wpb_row vc_row-fluid vc_custom_1646217527975 vc_row-has-fill wd-rs-621f491a44019\"><div class=\"wpb_column vc_column_container vc_col-sm-6 vc_hidden-sm vc_hidden-xs wd-rs-624d6659ad418\"><div class=\"vc_column-inner\"><div class=\"wpb_wrapper\">\t\t\t<div id=\"wd-668e5e49c63c7\" class=\"wd-text-block-wrapper wd-wpb wd-rs-668e5e49c63c7 color-scheme-dark text-left vc_custom_1720606287575\">\n\t\t\t\t<div class=\"woodmart-title-container woodmart-text-block reset-last-child font-primary wd-font-weight-400\">\n\t\t\t\t\t<\/p>\n<p class=\"_04xlpA direction-ltr align-start para-style-body\">Un trabajo de producci\u00f3n<br \/>\n<em><strong>dedicado y minucioso<\/strong><\/em><\/p>\n<p>\t\t\t\t<\/div>\n\n\t\t\t\t\t\t\t<\/div>\n\t\t\t\t\t<div id=\"wd-668e5d8d2b5f6\" class=\"wd-text-block-wrapper wd-wpb wd-rs-668e5d8d2b5f6 color-scheme- text-left wd-width-enabled vc_custom_1720606100027\" style=\"--wd-max-width: 90%;\">\n\t\t\t\t<div class=\"woodmart-title-container woodmart-text-block reset-last-child font-text wd-font-weight-\">\n\t\t\t\t\tEn los bancales de la bocarribeira de Trasalba, con la frescura de las aguas del r\u00edo Barbanti\u00f1o y la \u00faltima sonrisa del sol tras San Trocado, se cr\u00edan con el mismo amor que profesamos por nuestra tierra nuestros vinos, elaborados con la forma tradicional de maceraci\u00f3n y con prensado manual. De esta manera logramos unos caldos cuyo aroma y presencia, homenajean a la historia, pasi\u00f3n y cultura vin\u00edcola de nuestro lugar. Son el aqu\u00ed y el ahora.<\/p>\n<p>As\u00ed, nuestros\u00a0vinos\u00a0ofrecen la esencia de la tierra en la que han nacido, la misma en la que hace 800 a\u00f1os los monjes de Oseira plantaron sus cepas, y que por sus condiciones clim\u00e1ticas \u00fanicas da como resultado\u00a0vinos\u00a0llenos de matices, con un perfil fragante y de gran elegancia. Una identidad vin\u00edcola tan caracter\u00edstica y majestuosa como los paisajes ba\u00f1ados por el Mi\u00f1o donde crecen las vides y nuestra devoci\u00f3n por ellas.\t\t\t\t<\/div>\n\n\t\t\t\t\t\t\t<\/div>\n\t\t<\/div><\/div><\/div><div class=\"wpb_column vc_column_container vc_col-sm-6 vc_hidden-sm vc_hidden-xs wd-rs-624d66647c3ad\"><div class=\"vc_column-inner\"><div class=\"wpb_wrapper\">\n\t<div  class=\"wpb_single_image wpb_content_element vc_align_left\">\n\t\t\n\t\t<figure class=\"wpb_wrapper vc_figure\">\n\t\t\t<div class=\"vc_single_image-wrapper   vc_box_border_grey\"><img loading=\"lazy\" decoding=\"async\" width=\"1778\" height=\"889\" src=\"https:\/\/saborruralgalicia.com\/wp-content\/uploads\/2024\/07\/terras-mancas-14.jpg\" class=\"vc_single_image-img attachment-full\" alt=\"terras mancas 14\" title=\"terras mancas 14\" srcset=\"https:\/\/saborruralgalicia.com\/wp-content\/uploads\/2024\/07\/terras-mancas-14.jpg 1778w, https:\/\/saborruralgalicia.com\/wp-content\/uploads\/2024\/07\/terras-mancas-14-medium.jpg 600w, https:\/\/saborruralgalicia.com\/wp-content\/uploads\/2024\/07\/terras-mancas-14-large.jpg 1024w, https:\/\/saborruralgalicia.com\/wp-content\/uploads\/2024\/07\/terras-mancas-14-768x384.jpg 768w, https:\/\/saborruralgalicia.com\/wp-content\/uploads\/2024\/07\/terras-mancas-14-1536x768.jpg 1536w, https:\/\/saborruralgalicia.com\/wp-content\/uploads\/2024\/07\/terras-mancas-14-1200x600.jpg 1200w, https:\/\/saborruralgalicia.com\/wp-content\/uploads\/2024\/07\/terras-mancas-14-150x75.jpg 150w, https:\/\/saborruralgalicia.com\/wp-content\/uploads\/2024\/07\/terras-mancas-14-medium.jpg 300w\" sizes=\"auto, (max-width: 1778px) 100vw, 1778px\" \/><\/div>\n\t\t<\/figure>\n\t<\/div>\n<\/div><\/div><\/div><\/div><div class=\"vc_row wpb_row vc_row-fluid wd-rs-625e9c36d5cb6\"><div class=\"wpb_column vc_column_container vc_col-sm-12 vc_hidden-lg vc_hidden-md wd-rs-624d666a72d9c\"><div class=\"vc_column-inner\"><div class=\"wpb_wrapper\">\t\t\t<div id=\"wd-668e5e51a5522\" class=\"wd-text-block-wrapper wd-wpb wd-rs-668e5e51a5522 color-scheme-dark text-center vc_custom_1720606293103\">\n\t\t\t\t<div class=\"woodmart-title-container woodmart-text-block reset-last-child font-primary wd-font-weight-400\">\n\t\t\t\t\t<\/p>\n<p class=\"_04xlpA direction-ltr align-start para-style-body\">Un trabajo de producci\u00f3n<br \/>\n<em><strong>dedicado y minucioso<\/strong><\/em><\/p>\n<p>\t\t\t\t<\/div>\n\n\t\t\t\t\t\t\t<\/div>\n\t\t\t\t\t<div id=\"wd-668e5d9969644\" class=\"wd-text-block-wrapper wd-wpb wd-rs-668e5d9969644 color-scheme- text-center wd-width-enabled vc_custom_1720606108896\" style=\"--wd-max-width: 80%;\">\n\t\t\t\t<div class=\"woodmart-title-container woodmart-text-block reset-last-child font-text wd-font-weight-\">\n\t\t\t\t\tEn los bancales de la bocarribeira de Trasalba, con la frescura de las aguas del r\u00edo Barbanti\u00f1o y la \u00faltima sonrisa del sol tras San Trocado, se cr\u00edan con el mismo amor que profesamos por nuestra tierra nuestros vinos, elaborados con la forma tradicional de maceraci\u00f3n y con prensado manual. De esta manera logramos unos caldos cuyo aroma y presencia, homenajean a la historia, pasi\u00f3n y cultura vin\u00edcola de nuestro lugar. Son el aqu\u00ed y el ahora.<\/p>\n<p>As\u00ed, nuestros\u00a0vinos\u00a0ofrecen la esencia de la tierra en la que han nacido, la misma en la que hace 800 a\u00f1os los monjes de Oseira plantaron sus cepas, y que por sus condiciones clim\u00e1ticas \u00fanicas da como resultado\u00a0vinos\u00a0llenos de matices, con un perfil fragante y de gran elegancia. Una identidad vin\u00edcola tan caracter\u00edstica y majestuosa como los paisajes ba\u00f1ados por el Mi\u00f1o donde crecen las vides y nuestra devoci\u00f3n por ellas.\t\t\t\t<\/div>\n\n\t\t\t\t\t\t\t<\/div>\n\t\t\n\t<div  class=\"wpb_single_image wpb_content_element vc_align_center\">\n\t\t\n\t\t<figure class=\"wpb_wrapper vc_figure\">\n\t\t\t<div class=\"vc_single_image-wrapper   vc_box_border_grey\"><img loading=\"lazy\" decoding=\"async\" width=\"600\" height=\"300\" src=\"https:\/\/saborruralgalicia.com\/wp-content\/uploads\/2024\/07\/terras-mancas-14-medium.jpg\" class=\"vc_single_image-img attachment-medium\" alt=\"terras mancas 14\" title=\"terras mancas 14\" srcset=\"https:\/\/saborruralgalicia.com\/wp-content\/uploads\/2024\/07\/terras-mancas-14-medium.jpg 600w, https:\/\/saborruralgalicia.com\/wp-content\/uploads\/2024\/07\/terras-mancas-14-large.jpg 1024w, https:\/\/saborruralgalicia.com\/wp-content\/uploads\/2024\/07\/terras-mancas-14-768x384.jpg 768w, https:\/\/saborruralgalicia.com\/wp-content\/uploads\/2024\/07\/terras-mancas-14-1536x768.jpg 1536w, https:\/\/saborruralgalicia.com\/wp-content\/uploads\/2024\/07\/terras-mancas-14-1200x600.jpg 1200w, https:\/\/saborruralgalicia.com\/wp-content\/uploads\/2024\/07\/terras-mancas-14-150x75.jpg 150w, https:\/\/saborruralgalicia.com\/wp-content\/uploads\/2024\/07\/terras-mancas-14-medium.jpg 300w, https:\/\/saborruralgalicia.com\/wp-content\/uploads\/2024\/07\/terras-mancas-14.jpg 1778w\" sizes=\"auto, (max-width: 600px) 100vw, 600px\" \/><\/div>\n\t\t<\/figure>\n\t<\/div>\n<\/div><\/div><\/div><\/div><div class=\"vc_row wpb_row vc_row-fluid\"><div class=\"wpb_column vc_column_container vc_col-sm-12\"><div class=\"vc_column-inner\"><div class=\"wpb_wrapper\"><div class=\"vc_empty_space\"   style=\"height: 32px\"><span class=\"vc_empty_space_inner\"><\/span><\/div><\/div><\/div><\/div><\/div><div data-vc-full-width=\"true\" data-vc-full-width-init=\"false\" data-vc-parallax=\"1.5\" class=\"vc_row wpb_row vc_row-fluid vc_custom_1720607003201 vc_row-has-fill vc_row-o-equal-height vc_row-o-content-middle vc_row-flex vc_general vc_parallax vc_parallax-content-moving wd-rs-668e60cd8af09\"><div class=\"wpb_column vc_column_container vc_col-sm-12\"><div class=\"vc_column-inner\"><div class=\"wpb_wrapper\"><div class=\"vc_row wpb_row vc_inner vc_row-fluid vc_custom_1630400425752 vc_row-has-fill\"><div class=\"wpb_column vc_column_container vc_col-sm-12\"><div class=\"vc_column-inner\"><div class=\"wpb_wrapper\">\t\t\t<div id=\"wd-668e620a2e876\" class=\"wd-text-block-wrapper wd-wpb wd-rs-668e620a2e876 color-scheme-light text-center vc_custom_1720607251884\">\n\t\t\t\t<div class=\"woodmart-title-container woodmart-text-block reset-last-child font-primary wd-font-weight-400\">\n\t\t\t\t\t<\/p>\n<h3 style=\"text-align: center;\"><span style=\"color: #ffffff;\">Paladar genuino<\/span><\/h3>\n<p>\t\t\t\t<\/div>\n\n\t\t\t\t\t\t\t<\/div>\n\t\t\t\t\t<div id=\"wd-668e62161dd0e\" class=\"wd-text-block-wrapper wd-wpb wd-rs-668e62161dd0e color-scheme-light text-center vc_custom_1720607258286\">\n\t\t\t\t<div class=\"woodmart-title-container woodmart-text-block reset-last-child font-primary wd-font-weight-400\">\n\t\t\t\t\t<\/p>\n<h3 style=\"text-align: center;\"><span style=\"color: #ffffff;\">y buen hacer<\/span><\/h3>\n<p>\t\t\t\t<\/div>\n\n\t\t\t\t\t\t\t<\/div>\n\t\t<\/div><\/div><\/div><\/div><\/div><\/div><\/div><\/div><div class=\"vc_row-full-width vc_clearfix\"><\/div><div class=\"wpb_column vc_column_container vc_col-sm-2\"><div class=\"vc_column-inner\"><div class=\"wpb_wrapper\"><\/div><\/div><\/div><div class=\"wpb_column vc_column_container vc_col-sm-8\"><div class=\"vc_column-inner\"><div class=\"wpb_wrapper\"><\/div><\/div><\/div>\n<\/div>","protected":false},"excerpt":{"rendered":"CARACTER\u00cdSTICAS Nuestro vino es el resultado de una cuidada y esmerada elaboraci\u00f3n, desde la selecci\u00f3n de la uva que se","protected":false},"author":1,"featured_media":0,"parent":12526,"menu_order":0,"comment_status":"closed","ping_status":"closed","template":"","meta":{"_acf_changed":false,"footnotes":""},"class_list":["post-16909","page","type-page","status-publish","hentry"],"better_featured_image":null,"acf":[],"yoast_head":"<!-- This site is optimized with the Yoast SEO plugin v26.1.1 - https:\/\/yoast.com\/wordpress\/plugins\/seo\/ -->\n<title>Adega Terras Mancas con Sabor Rural<\/title>\n<meta name=\"description\" content=\"Adega Terras Mancas, una identidad vin\u00edcola tan caracter\u00edstica y majestuosa como los paisajes ba\u00f1ados por el Mi\u00f1o donde crecen nuestras vides.\" \/>\n<meta name=\"robots\" content=\"noindex, follow, max-snippet:-1, max-image-preview:large, max-video-preview:-1\" \/>\n<meta property=\"og:locale\" content=\"en_GB\" \/>\n<meta property=\"og:type\" content=\"article\" \/>\n<meta property=\"og:title\" content=\"Adega Terras Mancas con Sabor Rural\" \/>\n<meta property=\"og:description\" content=\"Adega Terras Mancas, una identidad vin\u00edcola tan caracter\u00edstica y majestuosa como los paisajes ba\u00f1ados por el Mi\u00f1o donde crecen nuestras vides.\" \/>\n<meta property=\"og:url\" content=\"https:\/\/saborruralgalicia.com\/en\/nuestros-productores\/adega-terras-mancas\/\" \/>\n<meta property=\"og:site_name\" content=\"Sabor Rural Galicia\" \/>\n<meta property=\"article:publisher\" content=\"https:\/\/www.facebook.com\/SaborRuralGalicia\" \/>\n<meta property=\"article:modified_time\" content=\"2024-07-10T10:37:33+00:00\" \/>\n<meta property=\"og:image\" content=\"https:\/\/saborruralgalicia.com\/wp-content\/uploads\/2021\/11\/srg-mini.png\" \/>\n\t<meta property=\"og:image:width\" content=\"590\" \/>\n\t<meta property=\"og:image:height\" content=\"286\" \/>\n\t<meta property=\"og:image:type\" content=\"image\/png\" \/>\n<meta name=\"twitter:card\" content=\"summary_large_image\" \/>\n<meta name=\"twitter:site\" content=\"@SaborRuralGal\" \/>\n<meta name=\"twitter:label1\" content=\"Estimated reading time\" \/>\n\t<meta name=\"twitter:data1\" content=\"6 minutes\" \/>\n<script type=\"application\/ld+json\" class=\"yoast-schema-graph\">{\"@context\":\"https:\/\/schema.org\",\"@graph\":[{\"@type\":\"WebPage\",\"@id\":\"https:\/\/saborruralgalicia.com\/nuestros-productores\/adega-terras-mancas\/\",\"url\":\"https:\/\/saborruralgalicia.com\/nuestros-productores\/adega-terras-mancas\/\",\"name\":\"Adega Terras Mancas con Sabor Rural\",\"isPartOf\":{\"@id\":\"https:\/\/saborruralgalicia.com\/#website\"},\"datePublished\":\"2024-07-10T10:27:55+00:00\",\"dateModified\":\"2024-07-10T10:37:33+00:00\",\"description\":\"Adega Terras Mancas, una identidad vin\u00edcola tan caracter\u00edstica y majestuosa como los paisajes ba\u00f1ados por el Mi\u00f1o donde crecen nuestras vides.\",\"breadcrumb\":{\"@id\":\"https:\/\/saborruralgalicia.com\/nuestros-productores\/adega-terras-mancas\/#breadcrumb\"},\"inLanguage\":\"en-GB\",\"potentialAction\":[{\"@type\":\"ReadAction\",\"target\":[\"https:\/\/saborruralgalicia.com\/nuestros-productores\/adega-terras-mancas\/\"]}]},{\"@type\":\"BreadcrumbList\",\"@id\":\"https:\/\/saborruralgalicia.com\/nuestros-productores\/adega-terras-mancas\/#breadcrumb\",\"itemListElement\":[{\"@type\":\"ListItem\",\"position\":1,\"name\":\"Inicio\",\"item\":\"https:\/\/saborruralgalicia.com\/\"},{\"@type\":\"ListItem\",\"position\":2,\"name\":\"Nuestros productores\",\"item\":\"https:\/\/saborruralgalicia.com\/nuestros-productores\/\"},{\"@type\":\"ListItem\",\"position\":3,\"name\":\"Adega Terras Mancas\"}]},{\"@type\":\"WebSite\",\"@id\":\"https:\/\/saborruralgalicia.com\/#website\",\"url\":\"https:\/\/saborruralgalicia.com\/\",\"name\":\"Sabor Rural Galicia\",\"description\":\"Tienda online de productos alimentarios gallegos\",\"publisher\":{\"@id\":\"https:\/\/saborruralgalicia.com\/#organization\"},\"potentialAction\":[{\"@type\":\"SearchAction\",\"target\":{\"@type\":\"EntryPoint\",\"urlTemplate\":\"https:\/\/saborruralgalicia.com\/?s={search_term_string}\"},\"query-input\":{\"@type\":\"PropertyValueSpecification\",\"valueRequired\":true,\"valueName\":\"search_term_string\"}}],\"inLanguage\":\"en-GB\"},{\"@type\":\"Organization\",\"@id\":\"https:\/\/saborruralgalicia.com\/#organization\",\"name\":\"Sabor Rural Galicia\",\"url\":\"https:\/\/saborruralgalicia.com\/\",\"logo\":{\"@type\":\"ImageObject\",\"inLanguage\":\"en-GB\",\"@id\":\"https:\/\/saborruralgalicia.com\/#\/schema\/logo\/image\/\",\"url\":\"https:\/\/saborruralgalicia.com\/wp-content\/uploads\/2021\/11\/srg-mini.png\",\"contentUrl\":\"https:\/\/saborruralgalicia.com\/wp-content\/uploads\/2021\/11\/srg-mini.png\",\"width\":590,\"height\":286,\"caption\":\"Sabor Rural Galicia\"},\"image\":{\"@id\":\"https:\/\/saborruralgalicia.com\/#\/schema\/logo\/image\/\"},\"sameAs\":[\"https:\/\/www.facebook.com\/SaborRuralGalicia\",\"https:\/\/x.com\/SaborRuralGal\",\"https:\/\/www.instagram.com\/saborruralgalicia\/\",\"https:\/\/www.linkedin.com\/company\/sabor-rural-galicia\/\"]}]}<\/script>\n<!-- \/ Yoast SEO plugin. -->","yoast_head_json":{"title":"Adega Terras Mancas con Sabor Rural","description":"Adega Terras Mancas, una identidad vin\u00edcola tan caracter\u00edstica y majestuosa como los paisajes ba\u00f1ados por el Mi\u00f1o donde crecen nuestras vides.","robots":{"index":"noindex","follow":"follow","max-snippet":"max-snippet:-1","max-image-preview":"max-image-preview:large","max-video-preview":"max-video-preview:-1"},"og_locale":"en_GB","og_type":"article","og_title":"Adega Terras Mancas con Sabor Rural","og_description":"Adega Terras Mancas, una identidad vin\u00edcola tan caracter\u00edstica y majestuosa como los paisajes ba\u00f1ados por el Mi\u00f1o donde crecen nuestras vides.","og_url":"https:\/\/saborruralgalicia.com\/en\/nuestros-productores\/adega-terras-mancas\/","og_site_name":"Sabor Rural Galicia","article_publisher":"https:\/\/www.facebook.com\/SaborRuralGalicia","article_modified_time":"2024-07-10T10:37:33+00:00","og_image":[{"width":590,"height":286,"url":"https:\/\/saborruralgalicia.com\/wp-content\/uploads\/2021\/11\/srg-mini.png","type":"image\/png"}],"twitter_card":"summary_large_image","twitter_site":"@SaborRuralGal","twitter_misc":{"Estimated reading time":"6 minutes"},"schema":{"@context":"https:\/\/schema.org","@graph":[{"@type":"WebPage","@id":"https:\/\/saborruralgalicia.com\/nuestros-productores\/adega-terras-mancas\/","url":"https:\/\/saborruralgalicia.com\/nuestros-productores\/adega-terras-mancas\/","name":"Adega Terras Mancas con Sabor Rural","isPartOf":{"@id":"https:\/\/saborruralgalicia.com\/#website"},"datePublished":"2024-07-10T10:27:55+00:00","dateModified":"2024-07-10T10:37:33+00:00","description":"Adega Terras Mancas, una identidad vin\u00edcola tan caracter\u00edstica y majestuosa como los paisajes ba\u00f1ados por el Mi\u00f1o donde crecen nuestras vides.","breadcrumb":{"@id":"https:\/\/saborruralgalicia.com\/nuestros-productores\/adega-terras-mancas\/#breadcrumb"},"inLanguage":"en-GB","potentialAction":[{"@type":"ReadAction","target":["https:\/\/saborruralgalicia.com\/nuestros-productores\/adega-terras-mancas\/"]}]},{"@type":"BreadcrumbList","@id":"https:\/\/saborruralgalicia.com\/nuestros-productores\/adega-terras-mancas\/#breadcrumb","itemListElement":[{"@type":"ListItem","position":1,"name":"Inicio","item":"https:\/\/saborruralgalicia.com\/"},{"@type":"ListItem","position":2,"name":"Nuestros productores","item":"https:\/\/saborruralgalicia.com\/nuestros-productores\/"},{"@type":"ListItem","position":3,"name":"Adega Terras Mancas"}]},{"@type":"WebSite","@id":"https:\/\/saborruralgalicia.com\/#website","url":"https:\/\/saborruralgalicia.com\/","name":"Sabor Rural Galicia","description":"Tienda online de productos alimentarios gallegos","publisher":{"@id":"https:\/\/saborruralgalicia.com\/#organization"},"potentialAction":[{"@type":"SearchAction","target":{"@type":"EntryPoint","urlTemplate":"https:\/\/saborruralgalicia.com\/?s={search_term_string}"},"query-input":{"@type":"PropertyValueSpecification","valueRequired":true,"valueName":"search_term_string"}}],"inLanguage":"en-GB"},{"@type":"Organization","@id":"https:\/\/saborruralgalicia.com\/#organization","name":"Sabor Rural Galicia","url":"https:\/\/saborruralgalicia.com\/","logo":{"@type":"ImageObject","inLanguage":"en-GB","@id":"https:\/\/saborruralgalicia.com\/#\/schema\/logo\/image\/","url":"https:\/\/saborruralgalicia.com\/wp-content\/uploads\/2021\/11\/srg-mini.png","contentUrl":"https:\/\/saborruralgalicia.com\/wp-content\/uploads\/2021\/11\/srg-mini.png","width":590,"height":286,"caption":"Sabor Rural Galicia"},"image":{"@id":"https:\/\/saborruralgalicia.com\/#\/schema\/logo\/image\/"},"sameAs":["https:\/\/www.facebook.com\/SaborRuralGalicia","https:\/\/x.com\/SaborRuralGal","https:\/\/www.instagram.com\/saborruralgalicia\/","https:\/\/www.linkedin.com\/company\/sabor-rural-galicia\/"]}]}},"_links":{"self":[{"href":"https:\/\/saborruralgalicia.com\/en\/wp-json\/wp\/v2\/pages\/16909","targetHints":{"allow":["GET"]}}],"collection":[{"href":"https:\/\/saborruralgalicia.com\/en\/wp-json\/wp\/v2\/pages"}],"about":[{"href":"https:\/\/saborruralgalicia.com\/en\/wp-json\/wp\/v2\/types\/page"}],"author":[{"embeddable":true,"href":"https:\/\/saborruralgalicia.com\/en\/wp-json\/wp\/v2\/users\/1"}],"replies":[{"embeddable":true,"href":"https:\/\/saborruralgalicia.com\/en\/wp-json\/wp\/v2\/comments?post=16909"}],"version-history":[{"count":4,"href":"https:\/\/saborruralgalicia.com\/en\/wp-json\/wp\/v2\/pages\/16909\/revisions"}],"predecessor-version":[{"id":16930,"href":"https:\/\/saborruralgalicia.com\/en\/wp-json\/wp\/v2\/pages\/16909\/revisions\/16930"}],"up":[{"embeddable":true,"href":"https:\/\/saborruralgalicia.com\/en\/wp-json\/wp\/v2\/pages\/12526"}],"wp:attachment":[{"href":"https:\/\/saborruralgalicia.com\/en\/wp-json\/wp\/v2\/media?parent=16909"}],"curies":[{"name":"wp","href":"https:\/\/api.w.org\/{rel}","templated":true}]}}