{"id":17162,"date":"2024-11-18T14:40:30","date_gmt":"2024-11-18T13:40:30","guid":{"rendered":"https:\/\/saborruralgalicia.com\/?page_id=17162"},"modified":"2024-11-18T14:40:30","modified_gmt":"2024-11-18T13:40:30","slug":"quinta-soutullo","status":"publish","type":"page","link":"https:\/\/saborruralgalicia.com\/en\/nuestros-productores\/quinta-soutullo\/","title":{"rendered":"Quinta de Soutullo"},"content":{"rendered":"<div class=\"wpb-content-wrapper\"><section data-vc-full-width=\"true\" data-vc-full-width-init=\"false\" class=\"vc_section vc_custom_1648722089487 vc_section-has-fill wd-rs-624580a4ea8fe\"><div class=\"vc_row wpb_row vc_row-fluid vc_custom_1499604445501 vc_row-o-equal-height vc_row-o-content-middle vc_row-flex\"><div class=\"wpb_column vc_column_container vc_col-sm-6 vc_hidden-sm vc_hidden-xs wd-rs-6256c84160ed8\"><div class=\"vc_column-inner vc_custom_1649854533317\"><div class=\"wpb_wrapper\"><div class=\"vc_row wpb_row vc_inner vc_row-fluid vc_custom_1646740728232 vc_row-has-fill vc_row-o-content-middle vc_row-flex wd-rs-622744f2a9d00\"><div class=\"wpb_column vc_column_container vc_col-sm-12 vc_col-xs-6 vc_col-has-fill\"><div class=\"vc_column-inner vc_custom_1499604113587\"><div class=\"wpb_wrapper\">\n\t<div  class=\"wpb_single_image wpb_content_element vc_align_center\">\n\t\t\n\t\t<figure class=\"wpb_wrapper vc_figure\">\n\t\t\t<div class=\"vc_single_image-wrapper   vc_box_border_grey\"><img decoding=\"async\" class=\"vc_single_image-img\" src=\"https:\/\/saborruralgalicia.com\/wp-content\/themes\/woodmart\/images\/lazy.svg\" data-src=\"https:\/\/saborruralgalicia.com\/wp-content\/uploads\/2024\/11\/ad-pac-01-500x470.jpg\" width=\"500\" height=\"470\" alt=\"ad pac 01\" title=\"ad pac 01\" loading=\"lazy\" \/><\/div>\n\t\t<\/figure>\n\t<\/div>\n<div class=\"vc_empty_space\"   style=\"height: 32px\"><span class=\"vc_empty_space_inner\"><\/span><\/div><\/div><\/div><\/div><\/div><\/div><\/div><\/div><div class=\"wpb_column vc_column_container vc_col-sm-6 vc_hidden-sm vc_hidden-xs wd-rs-6256c847626e5\"><div class=\"vc_column-inner vc_custom_1649854540058\"><div class=\"wpb_wrapper\">\t\t\t<div id=\"wd-673b384bd8782\" class=\"wd-text-block-wrapper wd-wpb wd-rs-673b384bd8782 color-scheme-custom text-left wd-width-enabled vc_custom_1731934291672\" style=\"--wd-max-width: 90%;\">\n\t\t\t\t<div class=\"woodmart-title-container woodmart-text-block reset-last-child font-primary wd-font-weight-400\">\n\t\t\t\t\t<\/p>\n<p class=\"_04xlpA direction-ltr align-start para-style-body\"><em><br \/>\nVi\u00f1as propias, vino de autor y familiar<br \/>\n<\/em><\/p>\n<p>\t\t\t\t<\/div>\n\n\t\t\t\t\t\t\t<\/div>\n\t\t\t\t\t<div id=\"wd-673b43bbf1129\" class=\"wd-text-block-wrapper wd-wpb wd-rs-673b43bbf1129 color-scheme-dark text-left\">\n\t\t\t\t<div class=\"woodmart-title-container woodmart-text-block reset-last-child font-primary wd-font-weight-400\">\n\t\t\t\t\t<\/p>\n<p class=\"_04xlpA direction-ltr align-start para-style-body\">Quinta Soutullo<\/p>\n<p>\t\t\t\t<\/div>\n\n\t\t\t\t\t\t\t<\/div>\n\t\t\t\t\t<div id=\"wd-673b38a3edc32\" class=\"wd-text-block-wrapper wd-wpb wd-rs-673b38a3edc32 color-scheme- text-left wd-width-enabled vc_custom_1731934374607\" style=\"--wd-max-width: 90%;\">\n\t\t\t\t<div class=\"woodmart-title-container woodmart-text-block reset-last-child font-text wd-font-weight-\">\n\t\t\t\t\tSomos una empresa familiar compuesta por emprendedores-vi\u00f1adores que desarrollamos pr\u00e1cticas vitivin\u00edcolas en base a las tradiciones de la Ribera del R\u00edo Ulla, con la vocaci\u00f3n de preservar la cultura de la viticultura y la elaboraci\u00f3n de vinos que ha sido transmitida de generaci\u00f3n en generaci\u00f3n desde hace siglos en esta zona.<\/p>\n<blockquote><p><em>Nuestra vocaci\u00f3n es el cuidado de nuestras vi\u00f1as a trav\u00e9s de una agricultura sostenible, respetando la naturaleza y sus recursos.<\/em><\/p><\/blockquote>\n<p>A pesar de que tambi\u00e9n utilizamos la ciencia moderna para mejorar la calidad de nuestros vinos, priorizamos el mantenimiento de la tradici\u00f3n para que nuestros vinos conserven un sabor \u00fanico y aut\u00e9ntico.\t\t\t\t<\/div>\n\n\t\t\t\t\t\t\t<\/div>\n\t\t<div class=\"vc_row wpb_row vc_inner vc_row-fluid\"><div class=\"wpb_column vc_column_container vc_col-sm-3\"><div class=\"vc_column-inner\"><div class=\"wpb_wrapper\"><div class=\"vc_icon_element vc_icon_element-outer vc_do_icon vc_icon_element-align-center vc_icon_element-have-style\"><div class=\"vc_icon_element-inner vc_icon_element-color-custom vc_icon_element-have-style-inner vc_icon_element-size-lg vc_icon_element-style-rounded vc_icon_element-background vc_icon_element-background-color-grey\" ><span class=\"vc_icon_element-icon fas fa-truck\" style=\"color:#9dad24 !important\"><\/span><\/div><\/div><\/div><\/div><\/div><div class=\"wpb_column vc_column_container vc_col-sm-9\"><div class=\"vc_column-inner\"><div class=\"wpb_wrapper\">\n\t<div class=\"wpb_text_column wpb_content_element vc_custom_1731934143959 text-larger\" >\n\t\t<div class=\"wpb_wrapper\">\n\t\t\t<p><strong>Gastos de env\u00edo:<\/strong><br \/>\n0.00 euros (gratuitos)<\/p>\n\n\t\t<\/div>\n\t<\/div>\n<\/div><\/div><\/div><\/div><div class=\"vc_empty_space\"   style=\"height: 32px\"><span class=\"vc_empty_space_inner\"><\/span><\/div><\/div><\/div><\/div><\/div><div class=\"vc_row wpb_row vc_row-fluid vc_row-o-equal-height vc_row-o-content-middle vc_row-flex wd-rs-625fc80b2e774\"><div class=\"wpb_column vc_column_container vc_col-sm-12 vc_hidden-lg vc_hidden-md wd-rs-6256c851cca98\"><div class=\"vc_column-inner vc_custom_1649854557418\"><div class=\"wpb_wrapper\">\t\t\t<div id=\"wd-673b3857f1e14\" class=\"wd-text-block-wrapper wd-wpb wd-rs-673b3857f1e14 color-scheme-custom text-center wd-width-enabled vc_custom_1731934301503\" style=\"--wd-max-width: 70%;\">\n\t\t\t\t<div class=\"woodmart-title-container woodmart-text-block reset-last-child font-primary wd-font-weight-400\">\n\t\t\t\t\t<\/p>\n<p class=\"_04xlpA direction-ltr align-start para-style-body\" style=\"text-align: center;\"><em><br \/>\nVi\u00f1as propias, vino de autor y familiar<br \/>\n<\/em><\/p>\n<p>\t\t\t\t<\/div>\n\n\t\t\t\t\t\t\t<\/div>\n\t\t\t\t\t<div id=\"wd-673b37cfb901f\" class=\"wd-text-block-wrapper wd-wpb wd-rs-673b37cfb901f color-scheme-dark text-center vc_custom_1731934167919\">\n\t\t\t\t<div class=\"woodmart-title-container woodmart-text-block reset-last-child font-primary wd-font-weight-400\">\n\t\t\t\t\t<\/p>\n<p class=\"_04xlpA direction-ltr align-start para-style-body\" style=\"text-align: center;\">Veral de Arimar<\/p>\n<p>\t\t\t\t<\/div>\n\n\t\t\t\t\t\t\t<\/div>\n\t\t\t\t\t<div id=\"wd-673b38ac70c40\" class=\"wd-text-block-wrapper wd-wpb wd-rs-673b38ac70c40 color-scheme- text-center wd-width-enabled vc_custom_1731934384005\" style=\"--wd-max-width: 70%;\">\n\t\t\t\t<div class=\"woodmart-title-container woodmart-text-block reset-last-child font-text wd-font-weight-\">\n\t\t\t\t\tSomos una empresa familiar compuesta por emprendedores-vi\u00f1adores que desarrollamos pr\u00e1cticas vitivin\u00edcolas en base a las tradiciones de la Ribera del R\u00edo Ulla, con la vocaci\u00f3n de preservar la cultura de la viticultura y la elaboraci\u00f3n de vinos que ha sido transmitida de generaci\u00f3n en generaci\u00f3n desde hace siglos en esta zona.<\/p>\n<blockquote><p><em>Nuestra vocaci\u00f3n es el cuidado de nuestras vi\u00f1as a trav\u00e9s de una agricultura sostenible, respetando la naturaleza y sus recursos.<\/em><\/p><\/blockquote>\n<p>A pesar de que tambi\u00e9n utilizamos la ciencia moderna para mejorar la calidad de nuestros vinos, priorizamos el mantenimiento de la tradici\u00f3n para que nuestros vinos conserven un sabor \u00fanico y aut\u00e9ntico.\t\t\t\t<\/div>\n\n\t\t\t\t\t\t\t<\/div>\n\t\t<div class=\"vc_row wpb_row vc_inner vc_row-fluid\"><div class=\"wpb_column vc_column_container vc_col-sm-12\"><div class=\"vc_column-inner\"><div class=\"wpb_wrapper\">\n\t<div  class=\"wpb_single_image wpb_content_element vc_align_center\">\n\t\t\n\t\t<figure class=\"wpb_wrapper vc_figure\">\n\t\t\t<div class=\"vc_single_image-wrapper   vc_box_border_grey\"><img loading=\"lazy\" decoding=\"async\" width=\"600\" height=\"347\" src=\"https:\/\/saborruralgalicia.com\/wp-content\/uploads\/2024\/11\/ad-pac-01-medium.jpg\" class=\"vc_single_image-img attachment-medium\" alt=\"ad pac 01\" title=\"ad pac 01\" srcset=\"https:\/\/saborruralgalicia.com\/wp-content\/uploads\/2024\/11\/ad-pac-01-medium.jpg 600w, https:\/\/saborruralgalicia.com\/wp-content\/uploads\/2024\/11\/ad-pac-01-768x445.jpg 768w, https:\/\/saborruralgalicia.com\/wp-content\/uploads\/2024\/11\/ad-pac-01-150x87.jpg 150w, https:\/\/saborruralgalicia.com\/wp-content\/uploads\/2024\/11\/ad-pac-01.jpg 812w\" sizes=\"auto, (max-width: 600px) 100vw, 600px\" \/><\/div>\n\t\t<\/figure>\n\t<\/div>\n<div class=\"vc_icon_element vc_icon_element-outer vc_do_icon vc_icon_element-align-center vc_icon_element-have-style\"><div class=\"vc_icon_element-inner vc_icon_element-color-custom vc_icon_element-have-style-inner vc_icon_element-size-lg vc_icon_element-style-rounded vc_icon_element-background vc_icon_element-background-color-grey\" ><span class=\"vc_icon_element-icon fas fa-truck\" style=\"color:#9dad24 !important\"><\/span><\/div><\/div>\n\t<div class=\"wpb_text_column wpb_content_element vc_custom_1731934155764 text-larger color-scheme-light\" >\n\t\t<div class=\"wpb_wrapper\">\n\t\t\t<p style=\"text-align: center;\">Costes de env\u00edo:<br \/>\n0.00 euros (gratuitos)<\/p>\n\n\t\t<\/div>\n\t<\/div>\n<\/div><\/div><\/div><\/div><div class=\"vc_empty_space\"   style=\"height: 32px\"><span class=\"vc_empty_space_inner\"><\/span><\/div><\/div><\/div><\/div><\/div><div data-vc-full-width=\"true\" data-vc-full-width-init=\"false\" data-vc-stretch-content=\"true\" class=\"vc_row wpb_row vc_row-fluid vc_custom_1647603048291 vc_row-no-padding wd-rs-62346d61318c9\"><div class=\"wpb_column vc_column_container vc_col-sm-2\"><div class=\"vc_column-inner vc_custom_1499613529362\"><div class=\"wpb_wrapper\"><\/div><\/div><\/div><div class=\"wpb_column vc_column_container vc_col-sm-8\"><div class=\"vc_column-inner\"><div class=\"wpb_wrapper\"><div class=\"vc_row wpb_row vc_inner vc_row-fluid\"><div class=\"wpb_column vc_column_container vc_col-sm-12\"><div class=\"vc_column-inner\"><div class=\"wpb_wrapper\">\t\t\t<div id=\"wd-673b38dfc9407\" class=\"wd-text-block-wrapper wd-wpb wd-rs-673b38dfc9407 color-scheme-dark text-center wd-width-enabled vc_custom_1731934459424\" style=\"--wd-max-width: 80%;\">\n\t\t\t\t<div class=\"woodmart-title-container woodmart-text-block reset-last-child font-primary wd-font-weight-400\">\n\t\t\t\t\tMar, Tierra, Aire\t\t\t\t<\/div>\n\n\t\t\t\t\t\t\t<\/div>\n\t\t<\/div><\/div><\/div><\/div>\t\t\t<div id=\"wd-673b38fe5bea5\" class=\"wd-text-block-wrapper wd-wpb wd-rs-673b38fe5bea5 color-scheme- text-center wd-width-enabled vc_custom_1731934476640\" style=\"--wd-max-width: 90%;\">\n\t\t\t\t<div class=\"woodmart-title-container woodmart-text-block reset-last-child font-text wd-font-weight-\">\n\t\t\t\t\t<\/p>\n<p style=\"text-align: center;\">La calidad de nuestro trabajo en la vi\u00f1a se traslada a nuestros vinos a trav\u00e9s de la inmensa calidad de los elementos naturales Mar-Aire-Tierra existentes en el entorno natural de nuestra vi\u00f1a. Ellos son los protagonistas de nuestro vino Veral de Arimar<\/p>\n<p>\t\t\t\t<\/div>\n\n\t\t\t\t\t\t\t<\/div>\n\t\t\t\t\t<div id=\"carousel-345\" class=\"wd-carousel-container  wd-wpb wd-rs-673b390ff21cf  wd-products-element wd-products products title-line-two\">\n\t\t\t\t\n\t\t\t\t\n\t\t\t\t<div class=\"wd-carousel-inner\">\n\t\t\t\t\t<div class=\"wd-carousel wd-grid\" data-speed=\"5000\" data-autoplay=\"yes\" data-scroll_per_page=\"yes\" style=\"--wd-col-lg:1;--wd-col-md:1;--wd-col-sm:1;--wd-gap-lg:6px;\">\n\t\t\t\t\t\t<div class=\"wd-carousel-wrap\">\n\t\t\t\t\t\t\t\t\t<div class=\"wd-carousel-item\">\n\t\t\t\t\t\t\t\t\t\t\t<div class=\"wd-product wd-with-labels wd-hover-standard product-grid-item product type-product post-17142 status-publish outofstock product_cat-bebidas product_cat-blanco product_cat-denominacion-de-origen product_cat-productores product_cat-rias-baixas product_cat-veral-arimar product_cat-vinos has-post-thumbnail shipping-taxable purchasable product-type-variable has-default-attributes\" data-loop=\"1\" data-id=\"17142\">\n\t\t\t\t\n\t\n<div class=\"product-wrapper\">\n\t<div class=\"product-element-top wd-quick-shop\">\n\t\t<a href=\"https:\/\/saborruralgalicia.com\/en\/tienda\/productores\/veral-arimar\/veral-arimar-albarino\/\" class=\"product-image-link\" aria-label=\"Veral de Arimar &#8211; Albari\u00f1o\">\n\t\t\t<div class=\"product-labels labels-rectangular\"><span class=\"out-of-stock product-label\">Sold out<\/span><\/div><img loading=\"lazy\" decoding=\"async\" width=\"600\" height=\"600\" src=\"https:\/\/saborruralgalicia.com\/wp-content\/uploads\/2024\/11\/veral-arimar-albarino-2-600x600.jpg\" class=\"attachment-woocommerce_thumbnail size-woocommerce_thumbnail\" alt=\"veral arimar albarino 2\" srcset=\"https:\/\/saborruralgalicia.com\/wp-content\/uploads\/2024\/11\/veral-arimar-albarino-2-600x600.jpg 600w, https:\/\/saborruralgalicia.com\/wp-content\/uploads\/2024\/11\/veral-arimar-albarino-2-small.jpg 300w\" sizes=\"auto, (max-width: 600px) 100vw, 600px\" \/>\t\t<\/a>\n\n\t\t\t\t\t<div class=\"hover-img\">\n\t\t\t\t<img loading=\"lazy\" decoding=\"async\" width=\"600\" height=\"600\" src=\"https:\/\/saborruralgalicia.com\/wp-content\/uploads\/2024\/11\/veral-arimar-albarino-3-600x600.jpg\" class=\"attachment-woocommerce_thumbnail size-woocommerce_thumbnail\" alt=\"veral arimar albarino 3\" srcset=\"https:\/\/saborruralgalicia.com\/wp-content\/uploads\/2024\/11\/veral-arimar-albarino-3-600x600.jpg 600w, https:\/\/saborruralgalicia.com\/wp-content\/uploads\/2024\/11\/veral-arimar-albarino-3-small.jpg 300w\" sizes=\"auto, (max-width: 600px) 100vw, 600px\" \/>\t\t\t<\/div>\n\t\t\t\n\t\t<div class=\"wd-buttons wd-pos-r-t\">\n\t\t\t\t\t\t\t\t\t\t\t\t\t\t<\/div>\n\t<\/div>\n\n\t\n\t\n\t<h3 class=\"wd-entities-title\"><a href=\"https:\/\/saborruralgalicia.com\/en\/tienda\/productores\/veral-arimar\/veral-arimar-albarino\/\">Veral de Arimar &#8211; Albari\u00f1o<\/a><\/h3>\n\t\t\t<div class=\"wd-product-cats\">\n\t\t\t<a href=\"https:\/\/saborruralgalicia.com\/en\/tienda\/categoria\/vinos\/\" rel=\"tag\">Vinos<\/a>, <a href=\"https:\/\/saborruralgalicia.com\/en\/tienda\/categoria\/vinos\/blanco\/\" rel=\"tag\">Blanco<\/a>, <a href=\"https:\/\/saborruralgalicia.com\/en\/tienda\/categoria\/denominacion-de-origen\/\" rel=\"tag\">DO<\/a>, <a href=\"https:\/\/saborruralgalicia.com\/en\/tienda\/categoria\/denominacion-de-origen\/rias-baixas\/\" rel=\"tag\">R\u00edas Baixas<\/a>, <a href=\"https:\/\/saborruralgalicia.com\/en\/tienda\/categoria\/productores\/\" rel=\"tag\">Productores<\/a>, <a href=\"https:\/\/saborruralgalicia.com\/en\/tienda\/categoria\/productores\/veral-arimar\/\" rel=\"tag\">Veral de Arimar<\/a>, <a href=\"https:\/\/saborruralgalicia.com\/en\/tienda\/categoria\/bebidas\/\" rel=\"tag\">Bebidas<\/a>\t\t<\/div>\n\t\t\t\t\n\t\n\t<span class=\"price\"><span class=\"woocommerce-Price-amount amount\" aria-hidden=\"true\"><bdi>27.50&nbsp;<span class=\"woocommerce-Price-currencySymbol\">&euro;<\/span><\/bdi><\/span> <span aria-hidden=\"true\">&ndash;<\/span> <span class=\"woocommerce-Price-amount amount\" aria-hidden=\"true\"><bdi>78.90&nbsp;<span class=\"woocommerce-Price-currencySymbol\">&euro;<\/span><\/bdi><\/span><span class=\"screen-reader-text\" data-no-translation=\"\" data-trp-gettext=\"\">Price range: 27.50&nbsp;&euro; through 78.90&nbsp;&euro;<\/span><\/span>\n\n\t<div class=\"wd-add-btn wd-add-btn-replace\">\n\t\t\n\t\t\t<\/div>\n\n\t<span class=\"gtm4wp_productdata\" style=\"display:none; visibility:hidden;\" data-gtm4wp_product_data=\"{&quot;internal_id&quot;:17142,&quot;item_id&quot;:17142,&quot;item_name&quot;:&quot;Veral de Arimar - Albari\\u00f1o&quot;,&quot;sku&quot;:&quot;SR-BE-VI-VERAL&quot;,&quot;price&quot;:27.5,&quot;stocklevel&quot;:null,&quot;stockstatus&quot;:&quot;outofstock&quot;,&quot;google_business_vertical&quot;:&quot;retail&quot;,&quot;item_category&quot;:&quot;Vinos&quot;,&quot;id&quot;:17142,&quot;item_brand&quot;:&quot;Veral de Arimar&quot;,&quot;productlink&quot;:&quot;https:\\\/\\\/saborruralgalicia.com\\\/en\\\/tienda\\\/productores\\\/veral-arimar\\\/veral-arimar-albarino\\\/&quot;,&quot;item_list_name&quot;:&quot;General Product List&quot;,&quot;index&quot;:2,&quot;product_type&quot;:&quot;variable&quot;}\"><\/span>\n\t\n\t\t<\/div>\n<\/div>\n\t\t\t\t\t<\/div>\n\t\t\t\t\t\t\t\t<\/div>\n\t\t\t\t\t<\/div>\n\n\t\t\t\t\t\t\t<div class=\"wd-nav-arrows wd-pos-sep wd-icon-1\">\n\t\t\t<div class=\"wd-btn-arrow wd-prev wd-disabled\">\n\t\t\t\t<div class=\"wd-arrow-inner\"><\/div>\n\t\t\t<\/div>\n\t\t\t<div class=\"wd-btn-arrow wd-next\">\n\t\t\t\t<div class=\"wd-arrow-inner\"><\/div>\n\t\t\t<\/div>\n\t\t<\/div>\n\t\t\t\t\t\t<\/div>\n\n\t\t\t\t\t\t<div class=\"wd-nav-pagin-wrap text-center wd-style-shape wd-hide-md-sm wd-hide-sm\">\n\t\t\t<ul class=\"wd-nav-pagin\"><\/ul>\n\t\t<\/div>\n\t\t\t\t\t\t\t\t\t<\/div>\n\t\t\t<div class=\"vc_empty_space\"   style=\"height: 32px\"><span class=\"vc_empty_space_inner\"><\/span><\/div><div class=\"vc_empty_space\"   style=\"height: 32px\"><span class=\"vc_empty_space_inner\"><\/span><\/div><\/div><\/div><\/div><div class=\"wpb_column vc_column_container vc_col-sm-2\"><div class=\"vc_column-inner\"><div class=\"wpb_wrapper\"><\/div><\/div><\/div><\/div><div class=\"vc_row-full-width vc_clearfix\"><\/div><div data-vc-full-width=\"true\" data-vc-full-width-init=\"false\" class=\"vc_row wpb_row vc_row-fluid vc_custom_1653297125511 vc_row-has-fill vc_row-o-equal-height vc_row-o-content-middle vc_row-flex wd-parallax wd-bg-center-center wd-rs-628b4fd3c2b13\"><div class=\"wpb_column vc_column_container vc_col-sm-3 color-scheme-light\"><div class=\"vc_column-inner vc_custom_1499604612121\"><div class=\"wpb_wrapper\"><div class=\"vc_row wpb_row vc_inner vc_row-fluid vc_custom_1494415923456 vc_row-has-fill\"><div class=\"wpb_column vc_column_container vc_col-sm-12\"><div class=\"vc_column-inner vc_custom_1494415839649\"><div class=\"wpb_wrapper\">\t\t\t<div id=\"wd-673b3918703fb\" class=\"wd-text-block-wrapper wd-wpb wd-rs-673b3918703fb color-scheme-light text-center wd-width-enabled vc_custom_1731934506897\" style=\"--wd-max-width: 90%;\">\n\t\t\t\t<div class=\"woodmart-title-container woodmart-text-block reset-last-child font-text wd-font-weight-\">\n\t\t\t\t\tEstamos comprometidos con el cuidado de la tierra y con el respeto a la diversidad de los suelos y climas de la regi\u00f3n. Elaboramos nuestros vinos sobre una selecci\u00f3n de nuestras mejores uvas, en un proceso lento de crianza en sus l\u00edas, priorizando la m\u00e1xima calidad de los procesos naturales de fermentaci\u00f3n. Somos conscientes de que nuestra tradici\u00f3n vitivin\u00edcola est\u00e1 en peligro de desaparecer. Por eso nos comprometemos a mantener y reforzar la tradici\u00f3n vitivin\u00edcola de esta regi\u00f3n a trav\u00e9s de este proyecto.\t\t\t\t<\/div>\n\n\t\t\t\t\t\t\t<\/div>\n\t\t<\/div><\/div><\/div><\/div><\/div><\/div><\/div><div class=\"wpb_column vc_column_container vc_col-sm-9\"><div class=\"vc_column-inner vc_custom_1499604620360\"><div class=\"wpb_wrapper\">\t\t<div id=\"gallery_263\" class=\"wd-images-gallery wd-wpb wd-rs-673b1d75a2f9d wd-carousel-container wd-wpb\" style=\"--wd-justify-content:center;--wd-align-items:center;\">\n\t\t\t\t\t\t\t<div class=\"wd-carousel-inner\">\n\t\t\t\n\t\t\t<div class=\"wd-carousel wd-grid\"data-speed=\"5000\" data-autoplay=\"yes\" data-scroll_per_page=\"yes\" style=\"--wd-col-lg:2;--wd-col-md:2;--wd-col-sm:1;--wd-gap-lg:0px;\">\n\t\t\t\t\t\t\t\t\t<div class=\"wd-carousel-wrap\">\n\t\t\t\t\n\t\t\t\t\t\t\t\t\t\t\t\t\t\t\t<div class=\"wd-gallery-item wd-carousel-item\">\n\t\t\t\t\t\t\t\n\t\t\t\t\t\t\t\t<img loading=\"lazy\" decoding=\"async\" width=\"350\" height=\"275\" src=\"https:\/\/saborruralgalicia.com\/wp-content\/uploads\/2024\/11\/ad-pac-03-1.jpg\" class=\"wd-gallery-image image-1\" alt=\"ad pac 03 1\" srcset=\"https:\/\/saborruralgalicia.com\/wp-content\/uploads\/2024\/11\/ad-pac-03-1.jpg 387w, https:\/\/saborruralgalicia.com\/wp-content\/uploads\/2024\/11\/ad-pac-03-1-150x118.jpg 150w\" sizes=\"auto, (max-width: 350px) 100vw, 350px\" \/>\n\t\t\t\t\t\t\t\t\t\t\t\t\t\t<\/div>\n\t\t\t\t\t\t\t\t\t\t\t<div class=\"wd-gallery-item wd-carousel-item\">\n\t\t\t\t\t\t\t\n\t\t\t\t\t\t\t\t<img loading=\"lazy\" decoding=\"async\" width=\"290\" height=\"174\" src=\"https:\/\/saborruralgalicia.com\/wp-content\/uploads\/2024\/11\/ad-pac-02.jpg\" class=\"wd-gallery-image image-2\" alt=\"ad pac 02\" srcset=\"https:\/\/saborruralgalicia.com\/wp-content\/uploads\/2024\/11\/ad-pac-02.jpg 290w, https:\/\/saborruralgalicia.com\/wp-content\/uploads\/2024\/11\/ad-pac-02-150x90.jpg 150w\" sizes=\"auto, (max-width: 290px) 100vw, 290px\" \/>\n\t\t\t\t\t\t\t\t\t\t\t\t\t\t<\/div>\n\t\t\t\t\t\t\t\t\t\t\t<div class=\"wd-gallery-item wd-carousel-item\">\n\t\t\t\t\t\t\t\n\t\t\t\t\t\t\t\t<img loading=\"lazy\" decoding=\"async\" width=\"350\" height=\"275\" src=\"https:\/\/saborruralgalicia.com\/wp-content\/uploads\/2024\/11\/ad-pac-05.jpg\" class=\"wd-gallery-image image-3\" alt=\"ad pac 05\" srcset=\"https:\/\/saborruralgalicia.com\/wp-content\/uploads\/2024\/11\/ad-pac-05.jpg 387w, https:\/\/saborruralgalicia.com\/wp-content\/uploads\/2024\/11\/ad-pac-05-150x118.jpg 150w\" sizes=\"auto, (max-width: 350px) 100vw, 350px\" \/>\n\t\t\t\t\t\t\t\t\t\t\t\t\t\t<\/div>\n\t\t\t\t\t\t\t\t\t\t\t<div class=\"wd-gallery-item wd-carousel-item\">\n\t\t\t\t\t\t\t\n\t\t\t\t\t\t\t\t<img loading=\"lazy\" decoding=\"async\" width=\"350\" height=\"233\" src=\"https:\/\/saborruralgalicia.com\/wp-content\/uploads\/2024\/11\/ad-pac-04.jpg\" class=\"wd-gallery-image image-4\" alt=\"ad pac 04\" srcset=\"https:\/\/saborruralgalicia.com\/wp-content\/uploads\/2024\/11\/ad-pac-04.jpg 480w, https:\/\/saborruralgalicia.com\/wp-content\/uploads\/2024\/11\/ad-pac-04-150x100.jpg 150w\" sizes=\"auto, (max-width: 350px) 100vw, 350px\" \/>\n\t\t\t\t\t\t\t\t\t\t\t\t\t\t<\/div>\n\t\t\t\t\t\t\t\t\t\n\t\t\t\t\t\t\t\t\t<\/div>\n\t\t\t\t\t\t\t<\/div>\n\n\t\t\t\t\t\t\t\t\t\t\t\t\t\t<div class=\"wd-nav-arrows wd-pos-sep wd-icon-1\">\n\t\t\t<div class=\"wd-btn-arrow wd-prev wd-disabled\">\n\t\t\t\t<div class=\"wd-arrow-inner\"><\/div>\n\t\t\t<\/div>\n\t\t\t<div class=\"wd-btn-arrow wd-next\">\n\t\t\t\t<div class=\"wd-arrow-inner\"><\/div>\n\t\t\t<\/div>\n\t\t<\/div>\n\t\t\t\t\t\t\n\t\t\t\t<\/div>\n\n\t\t\t\t\t\t\t\t\t\t\t\t\t<\/div>\n\t\t<\/div><\/div><\/div><\/div><div class=\"vc_row-full-width vc_clearfix\"><\/div><\/section><div class=\"vc_row-full-width vc_clearfix\"><\/div><section class=\"vc_section\"><div class=\"vc_row wpb_row vc_row-fluid\"><div class=\"wpb_column vc_column_container vc_col-sm-6 vc_hidden-sm vc_hidden-xs wd-rs-6256c7e88271e\"><div class=\"vc_column-inner\"><div class=\"wpb_wrapper\">\n\t<div  class=\"wpb_single_image wpb_content_element vc_align_left\">\n\t\t\n\t\t<figure class=\"wpb_wrapper vc_figure\">\n\t\t\t<div class=\"vc_single_image-wrapper   vc_box_border_grey\"><img decoding=\"async\" class=\"vc_single_image-img\" src=\"https:\/\/saborruralgalicia.com\/wp-content\/themes\/woodmart\/images\/lazy.svg\" data-src=\"https:\/\/saborruralgalicia.com\/wp-content\/uploads\/2024\/11\/ad-pac-03-1.jpg\" width=\"387\" height=\"304\" alt=\"ad pac 03 1\" title=\"ad pac 03 1\" loading=\"lazy\" \/><\/div>\n\t\t<\/figure>\n\t<\/div>\n<\/div><\/div><\/div><div class=\"wpb_column vc_column_container vc_col-sm-6 vc_hidden-sm vc_hidden-xs wd-rs-6256c7ef9e717\"><div class=\"vc_column-inner\"><div class=\"wpb_wrapper\"><div class=\"vc_empty_space\"   style=\"height: 32px\"><span class=\"vc_empty_space_inner\"><\/span><\/div>\t\t\t<div id=\"wd-673b39473f372\" class=\"wd-text-block-wrapper wd-wpb wd-rs-673b39473f372 color-scheme-dark text-left vc_custom_1731934546147\">\n\t\t\t\t<div class=\"woodmart-title-container woodmart-text-block reset-last-child font-primary wd-font-weight-400\">\n\t\t\t\t\t<\/p>\n<p class=\"_04xlpA direction-ltr align-start para-style-body\">DO<br \/>\n<em><strong>R\u00edas Baixas<br \/>\n<\/strong><\/em><\/p>\n<p>\t\t\t\t<\/div>\n\n\t\t\t\t\t\t\t<\/div>\n\t\t\t\t\t<div id=\"wd-673b393759609\" class=\"wd-text-block-wrapper wd-wpb wd-rs-673b393759609 color-scheme- text-left wd-width-enabled vc_custom_1731934532316\" style=\"--wd-max-width: 90%;\">\n\t\t\t\t<div class=\"woodmart-title-container woodmart-text-block reset-last-child font-text wd-font-weight-\">\n\t\t\t\t\tEn la Denominaci\u00f3n de Origen Rias Baixas (Galicia, Espa\u00f1a) se han empleado desde siempre pr\u00e1cticas tradicionales para el cuidado de las vi\u00f1as, garantizando la calidad de sus vinos y asegurando una producci\u00f3n sostenible. Estas pr\u00e1cticas implican el uso de m\u00e9todos de cultivo tradicionales para mantener la salud de la vi\u00f1a, como el control de la maleza y la poda seg\u00fan la \u00e9poca del a\u00f1o, y el uso de abonos naturales para mejorar la fertilidad del suelo.\t\t\t\t<\/div>\n\n\t\t\t\t\t\t\t<\/div>\n\t\t<\/div><\/div><\/div><\/div><div class=\"vc_row wpb_row vc_row-fluid\"><div class=\"wpb_column vc_column_container vc_col-sm-12 vc_hidden-lg vc_hidden-md wd-rs-6256c7f7d9b69\"><div class=\"vc_column-inner\"><div class=\"wpb_wrapper\"><div class=\"vc_empty_space\"   style=\"height: 32px\"><span class=\"vc_empty_space_inner\"><\/span><\/div>\t\t\t<div id=\"wd-673b395f00a5f\" class=\"wd-text-block-wrapper wd-wpb wd-rs-673b395f00a5f color-scheme-dark text-center vc_custom_1731934568896\">\n\t\t\t\t<div class=\"woodmart-title-container woodmart-text-block reset-last-child font-primary wd-font-weight-400\">\n\t\t\t\t\t<\/p>\n<p class=\"_04xlpA direction-ltr align-start para-style-body\" style=\"text-align: center;\">DO<br \/>\n<em><strong>R\u00edas Baixas<br \/>\n<\/strong><\/em><\/p>\n<p>\t\t\t\t<\/div>\n\n\t\t\t\t\t\t\t<\/div>\n\t\t\t\t\t<div id=\"wd-673b395820140\" class=\"wd-text-block-wrapper wd-wpb wd-rs-673b395820140 color-scheme- text-center wd-width-enabled vc_custom_1731934556521\" style=\"--wd-max-width: 90%;\">\n\t\t\t\t<div class=\"woodmart-title-container woodmart-text-block reset-last-child font-text wd-font-weight-\">\n\t\t\t\t\tEn la Denominaci\u00f3n de Origen Rias Baixas (Galicia, Espa\u00f1a) se han empleado desde siempre pr\u00e1cticas tradicionales para el cuidado de las vi\u00f1as, garantizando la calidad de sus vinos y asegurando una producci\u00f3n sostenible. Estas pr\u00e1cticas implican el uso de m\u00e9todos de cultivo tradicionales para mantener la salud de la vi\u00f1a, como el control de la maleza y la poda seg\u00fan la \u00e9poca del a\u00f1o, y el uso de abonos naturales para mejorar la fertilidad del suelo.\t\t\t\t<\/div>\n\n\t\t\t\t\t\t\t<\/div>\n\t\t\n\t<div  class=\"wpb_single_image wpb_content_element vc_align_center\">\n\t\t\n\t\t<figure class=\"wpb_wrapper vc_figure\">\n\t\t\t<div class=\"vc_single_image-wrapper   vc_box_border_grey\"><img loading=\"lazy\" decoding=\"async\" width=\"387\" height=\"304\" src=\"https:\/\/saborruralgalicia.com\/wp-content\/uploads\/2024\/11\/ad-pac-03-1-medium.jpg\" class=\"vc_single_image-img attachment-medium\" alt=\"ad pac 03 1\" title=\"ad pac 03 1\" srcset=\"https:\/\/saborruralgalicia.com\/wp-content\/uploads\/2024\/11\/ad-pac-03-1.jpg 387w, https:\/\/saborruralgalicia.com\/wp-content\/uploads\/2024\/11\/ad-pac-03-1-150x118.jpg 150w\" sizes=\"auto, (max-width: 387px) 100vw, 387px\" \/><\/div>\n\t\t<\/figure>\n\t<\/div>\n<\/div><\/div><\/div><\/div><\/section><div class=\"vc_row wpb_row vc_row-fluid\"><div class=\"wpb_column vc_column_container vc_col-sm-12\"><div class=\"vc_column-inner\"><div class=\"wpb_wrapper\"><div class=\"vc_empty_space\"   style=\"height: 32px\"><span class=\"vc_empty_space_inner\"><\/span><\/div><\/div><\/div><\/div><\/div><div data-vc-full-width=\"true\" data-vc-full-width-init=\"false\" data-vc-parallax=\"1.5\" class=\"vc_row wpb_row vc_row-fluid vc_custom_1653297097431 vc_row-has-fill vc_row-o-equal-height vc_row-o-content-middle vc_row-flex vc_general vc_parallax vc_parallax-content-moving wd-bg-center-center wd-rs-628b4fbfe4dcd\"><div class=\"wpb_column vc_column_container vc_col-sm-12\"><div class=\"vc_column-inner\"><div class=\"wpb_wrapper\"><div class=\"vc_row wpb_row vc_inner vc_row-fluid vc_custom_1630400425752 vc_row-has-fill\"><div class=\"wpb_column vc_column_container vc_col-sm-12\"><div class=\"vc_column-inner\"><div class=\"wpb_wrapper\">\t\t\t<div id=\"wd-673b3978070f4\" class=\"wd-text-block-wrapper wd-wpb wd-rs-673b3978070f4 color-scheme-light text-center vc_custom_1731934592379\">\n\t\t\t\t<div class=\"woodmart-title-container woodmart-text-block reset-last-child font-primary wd-font-weight-400\">\n\t\t\t\t\t<\/p>\n<h3 style=\"text-align: center;\">El vino<\/h3>\n<p>\t\t\t\t<\/div>\n\n\t\t\t\t\t\t\t<\/div>\n\t\t\t\t\t<div id=\"wd-673b3982ca511\" class=\"wd-text-block-wrapper wd-wpb wd-rs-673b3982ca511 color-scheme-light text-center vc_custom_1731934601900\">\n\t\t\t\t<div class=\"woodmart-title-container woodmart-text-block reset-last-child font-primary wd-font-weight-400\">\n\t\t\t\t\t<\/p>\n<p style=\"text-align: center;\">se hace en la vid<\/p>\n<p>\t\t\t\t<\/div>\n\n\t\t\t\t\t\t\t<\/div>\n\t\t<\/div><\/div><\/div><\/div><\/div><\/div><\/div><\/div><div class=\"vc_row-full-width vc_clearfix\"><\/div>\n<\/div>","protected":false},"excerpt":{"rendered":"CARACTER\u00cdSTICAS Vinos de gran calidad y caracter\u00edsticas enol\u00f3gicas \u00fanicas. Estos vinos tienen un aroma intenso, con notas a fruta madura","protected":false},"author":1,"featured_media":0,"parent":12526,"menu_order":0,"comment_status":"closed","ping_status":"closed","template":"","meta":{"_acf_changed":false,"footnotes":""},"class_list":["post-17162","page","type-page","status-publish","hentry"],"better_featured_image":null,"acf":[],"yoast_head":"<!-- This site is optimized with the Yoast SEO plugin v26.1.1 - https:\/\/yoast.com\/wordpress\/plugins\/seo\/ -->\n<title>Adegas Dona Paca con Sabor Rural<\/title>\n<meta name=\"description\" content=\"Mar-Aire-Tierra los protagonistas de nuestro vino Veral de Arimar, puesto que son los que confieren su personalidad al vino.\" \/>\n<meta name=\"robots\" content=\"noindex, follow, max-snippet:-1, max-image-preview:large, max-video-preview:-1\" \/>\n<meta property=\"og:locale\" content=\"en_GB\" \/>\n<meta property=\"og:type\" content=\"article\" \/>\n<meta property=\"og:title\" content=\"Adegas Dona Paca con Sabor Rural\" \/>\n<meta property=\"og:description\" content=\"Mar-Aire-Tierra los protagonistas de nuestro vino Veral de Arimar, puesto que son los que confieren su personalidad al vino.\" \/>\n<meta property=\"og:url\" content=\"https:\/\/saborruralgalicia.com\/en\/nuestros-productores\/quinta-soutullo\/\" \/>\n<meta property=\"og:site_name\" content=\"Sabor Rural Galicia\" \/>\n<meta property=\"article:publisher\" content=\"https:\/\/www.facebook.com\/SaborRuralGalicia\" \/>\n<meta property=\"og:image\" content=\"https:\/\/saborruralgalicia.com\/wp-content\/uploads\/2021\/11\/srg-mini.png\" \/>\n\t<meta property=\"og:image:width\" content=\"590\" \/>\n\t<meta property=\"og:image:height\" content=\"286\" \/>\n\t<meta property=\"og:image:type\" content=\"image\/png\" \/>\n<meta name=\"twitter:card\" content=\"summary_large_image\" \/>\n<meta name=\"twitter:site\" content=\"@SaborRuralGal\" \/>\n<meta name=\"twitter:label1\" content=\"Estimated reading time\" \/>\n\t<meta name=\"twitter:data1\" content=\"6 minutes\" \/>\n<script type=\"application\/ld+json\" class=\"yoast-schema-graph\">{\"@context\":\"https:\/\/schema.org\",\"@graph\":[{\"@type\":\"WebPage\",\"@id\":\"https:\/\/saborruralgalicia.com\/nuestros-productores\/quinta-soutullo\/\",\"url\":\"https:\/\/saborruralgalicia.com\/nuestros-productores\/quinta-soutullo\/\",\"name\":\"Adegas Dona Paca con Sabor Rural\",\"isPartOf\":{\"@id\":\"https:\/\/saborruralgalicia.com\/#website\"},\"datePublished\":\"2024-11-18T13:40:30+00:00\",\"description\":\"Mar-Aire-Tierra los protagonistas de nuestro vino Veral de Arimar, puesto que son los que confieren su personalidad al vino.\",\"breadcrumb\":{\"@id\":\"https:\/\/saborruralgalicia.com\/nuestros-productores\/quinta-soutullo\/#breadcrumb\"},\"inLanguage\":\"en-GB\",\"potentialAction\":[{\"@type\":\"ReadAction\",\"target\":[\"https:\/\/saborruralgalicia.com\/nuestros-productores\/quinta-soutullo\/\"]}]},{\"@type\":\"BreadcrumbList\",\"@id\":\"https:\/\/saborruralgalicia.com\/nuestros-productores\/quinta-soutullo\/#breadcrumb\",\"itemListElement\":[{\"@type\":\"ListItem\",\"position\":1,\"name\":\"Inicio\",\"item\":\"https:\/\/saborruralgalicia.com\/\"},{\"@type\":\"ListItem\",\"position\":2,\"name\":\"Nuestros productores\",\"item\":\"https:\/\/saborruralgalicia.com\/nuestros-productores\/\"},{\"@type\":\"ListItem\",\"position\":3,\"name\":\"Quinta de Soutullo\"}]},{\"@type\":\"WebSite\",\"@id\":\"https:\/\/saborruralgalicia.com\/#website\",\"url\":\"https:\/\/saborruralgalicia.com\/\",\"name\":\"Sabor Rural Galicia\",\"description\":\"Tienda online de productos alimentarios gallegos\",\"publisher\":{\"@id\":\"https:\/\/saborruralgalicia.com\/#organization\"},\"potentialAction\":[{\"@type\":\"SearchAction\",\"target\":{\"@type\":\"EntryPoint\",\"urlTemplate\":\"https:\/\/saborruralgalicia.com\/?s={search_term_string}\"},\"query-input\":{\"@type\":\"PropertyValueSpecification\",\"valueRequired\":true,\"valueName\":\"search_term_string\"}}],\"inLanguage\":\"en-GB\"},{\"@type\":\"Organization\",\"@id\":\"https:\/\/saborruralgalicia.com\/#organization\",\"name\":\"Sabor Rural Galicia\",\"url\":\"https:\/\/saborruralgalicia.com\/\",\"logo\":{\"@type\":\"ImageObject\",\"inLanguage\":\"en-GB\",\"@id\":\"https:\/\/saborruralgalicia.com\/#\/schema\/logo\/image\/\",\"url\":\"https:\/\/saborruralgalicia.com\/wp-content\/uploads\/2021\/11\/srg-mini.png\",\"contentUrl\":\"https:\/\/saborruralgalicia.com\/wp-content\/uploads\/2021\/11\/srg-mini.png\",\"width\":590,\"height\":286,\"caption\":\"Sabor Rural Galicia\"},\"image\":{\"@id\":\"https:\/\/saborruralgalicia.com\/#\/schema\/logo\/image\/\"},\"sameAs\":[\"https:\/\/www.facebook.com\/SaborRuralGalicia\",\"https:\/\/x.com\/SaborRuralGal\",\"https:\/\/www.instagram.com\/saborruralgalicia\/\",\"https:\/\/www.linkedin.com\/company\/sabor-rural-galicia\/\"]}]}<\/script>\n<!-- \/ Yoast SEO plugin. -->","yoast_head_json":{"title":"Adegas Dona Paca con Sabor Rural","description":"Mar-Aire-Tierra los protagonistas de nuestro vino Veral de Arimar, puesto que son los que confieren su personalidad al vino.","robots":{"index":"noindex","follow":"follow","max-snippet":"max-snippet:-1","max-image-preview":"max-image-preview:large","max-video-preview":"max-video-preview:-1"},"og_locale":"en_GB","og_type":"article","og_title":"Adegas Dona Paca con Sabor Rural","og_description":"Mar-Aire-Tierra los protagonistas de nuestro vino Veral de Arimar, puesto que son los que confieren su personalidad al vino.","og_url":"https:\/\/saborruralgalicia.com\/en\/nuestros-productores\/quinta-soutullo\/","og_site_name":"Sabor Rural Galicia","article_publisher":"https:\/\/www.facebook.com\/SaborRuralGalicia","og_image":[{"width":590,"height":286,"url":"https:\/\/saborruralgalicia.com\/wp-content\/uploads\/2021\/11\/srg-mini.png","type":"image\/png"}],"twitter_card":"summary_large_image","twitter_site":"@SaborRuralGal","twitter_misc":{"Estimated reading time":"6 minutes"},"schema":{"@context":"https:\/\/schema.org","@graph":[{"@type":"WebPage","@id":"https:\/\/saborruralgalicia.com\/nuestros-productores\/quinta-soutullo\/","url":"https:\/\/saborruralgalicia.com\/nuestros-productores\/quinta-soutullo\/","name":"Adegas Dona Paca con Sabor Rural","isPartOf":{"@id":"https:\/\/saborruralgalicia.com\/#website"},"datePublished":"2024-11-18T13:40:30+00:00","description":"Mar-Aire-Tierra los protagonistas de nuestro vino Veral de Arimar, puesto que son los que confieren su personalidad al vino.","breadcrumb":{"@id":"https:\/\/saborruralgalicia.com\/nuestros-productores\/quinta-soutullo\/#breadcrumb"},"inLanguage":"en-GB","potentialAction":[{"@type":"ReadAction","target":["https:\/\/saborruralgalicia.com\/nuestros-productores\/quinta-soutullo\/"]}]},{"@type":"BreadcrumbList","@id":"https:\/\/saborruralgalicia.com\/nuestros-productores\/quinta-soutullo\/#breadcrumb","itemListElement":[{"@type":"ListItem","position":1,"name":"Inicio","item":"https:\/\/saborruralgalicia.com\/"},{"@type":"ListItem","position":2,"name":"Nuestros productores","item":"https:\/\/saborruralgalicia.com\/nuestros-productores\/"},{"@type":"ListItem","position":3,"name":"Quinta de Soutullo"}]},{"@type":"WebSite","@id":"https:\/\/saborruralgalicia.com\/#website","url":"https:\/\/saborruralgalicia.com\/","name":"Sabor Rural Galicia","description":"Tienda online de productos alimentarios gallegos","publisher":{"@id":"https:\/\/saborruralgalicia.com\/#organization"},"potentialAction":[{"@type":"SearchAction","target":{"@type":"EntryPoint","urlTemplate":"https:\/\/saborruralgalicia.com\/?s={search_term_string}"},"query-input":{"@type":"PropertyValueSpecification","valueRequired":true,"valueName":"search_term_string"}}],"inLanguage":"en-GB"},{"@type":"Organization","@id":"https:\/\/saborruralgalicia.com\/#organization","name":"Sabor Rural Galicia","url":"https:\/\/saborruralgalicia.com\/","logo":{"@type":"ImageObject","inLanguage":"en-GB","@id":"https:\/\/saborruralgalicia.com\/#\/schema\/logo\/image\/","url":"https:\/\/saborruralgalicia.com\/wp-content\/uploads\/2021\/11\/srg-mini.png","contentUrl":"https:\/\/saborruralgalicia.com\/wp-content\/uploads\/2021\/11\/srg-mini.png","width":590,"height":286,"caption":"Sabor Rural Galicia"},"image":{"@id":"https:\/\/saborruralgalicia.com\/#\/schema\/logo\/image\/"},"sameAs":["https:\/\/www.facebook.com\/SaborRuralGalicia","https:\/\/x.com\/SaborRuralGal","https:\/\/www.instagram.com\/saborruralgalicia\/","https:\/\/www.linkedin.com\/company\/sabor-rural-galicia\/"]}]}},"_links":{"self":[{"href":"https:\/\/saborruralgalicia.com\/en\/wp-json\/wp\/v2\/pages\/17162","targetHints":{"allow":["GET"]}}],"collection":[{"href":"https:\/\/saborruralgalicia.com\/en\/wp-json\/wp\/v2\/pages"}],"about":[{"href":"https:\/\/saborruralgalicia.com\/en\/wp-json\/wp\/v2\/types\/page"}],"author":[{"embeddable":true,"href":"https:\/\/saborruralgalicia.com\/en\/wp-json\/wp\/v2\/users\/1"}],"replies":[{"embeddable":true,"href":"https:\/\/saborruralgalicia.com\/en\/wp-json\/wp\/v2\/comments?post=17162"}],"version-history":[{"count":2,"href":"https:\/\/saborruralgalicia.com\/en\/wp-json\/wp\/v2\/pages\/17162\/revisions"}],"predecessor-version":[{"id":17164,"href":"https:\/\/saborruralgalicia.com\/en\/wp-json\/wp\/v2\/pages\/17162\/revisions\/17164"}],"up":[{"embeddable":true,"href":"https:\/\/saborruralgalicia.com\/en\/wp-json\/wp\/v2\/pages\/12526"}],"wp:attachment":[{"href":"https:\/\/saborruralgalicia.com\/en\/wp-json\/wp\/v2\/media?parent=17162"}],"curies":[{"name":"wp","href":"https:\/\/api.w.org\/{rel}","templated":true}]}}