{"id":15193,"date":"2022-05-30T11:58:23","date_gmt":"2022-05-30T10:58:23","guid":{"rendered":"https:\/\/saborruralgalicia.com\/?post_type=product&#038;p=15193"},"modified":"2025-07-16T09:13:14","modified_gmt":"2025-07-16T08:13:14","slug":"queso-cabra-media-maduracion-touzavella","status":"publish","type":"product","link":"https:\/\/saborruralgalicia.com\/en\/tienda\/quesos\/cabra\/queso-cabra-media-maduracion-touzavella\/","title":{"rendered":"Queso de Cabra Media Maduraci\u00f3n &#8211; Touza Vella"},"content":{"rendered":"<div class=\"wpb-content-wrapper\"><div class=\"vc_row wpb_row vc_row-fluid\"><div class=\"wpb_column vc_column_container vc_col-sm-4\"><div class=\"vc_column-inner\"><div class=\"wpb_wrapper\">\n\t\t<div id=\"wd-608942f71717e\" class=\"title-wrapper wd-wpb wd-set-mb reset-last-child  wd-rs-608942f71717e wd-title-color-default wd-title-style-default text-left vc_custom_1619608324241 wd-underline-colored\">\n\t\t\t\n\t\t\t<div class=\"liner-continer\">\n\t\t\t\t<h4 class=\"woodmart-title-container title  wd-font-weight- wd-fontsize-m\" ><strong>CARACTER\u00cdSTICAS<\/strong><\/h4>\n\t\t\t\t\t\t\t<\/div>\n\t\t\t\n\t\t\t\n\t\t\t\n\t\t<\/div>\n\t\t\n\t\t\n\t<div class=\"wpb_text_column wpb_content_element\" >\n\t\t<div class=\"wpb_wrapper\">\n\t\t\t<p>Los quesos de Touza Vella han sido premiados en varias ocasiones, llev\u00e1ndose el Bronce en los World Cheese Awards 2017-2018 y 2018-2019<\/p>\n<p><img loading=\"lazy\" decoding=\"async\" class=\"wp-image-10573 alignleft\" src=\"https:\/\/saborruralgalicia.com\/wp-content\/themes\/woodmart\/images\/lazy.svg\" data-src=\"https:\/\/saborruralgalicia.com\/wp-content\/uploads\/2021\/10\/WCA17bronze_740x-300x300.jpeg\" alt=\"\" width=\"114\" height=\"114\" srcset=\"\" data-srcset=\"https:\/\/saborruralgalicia.com\/wp-content\/uploads\/2021\/10\/WCA17bronze_740x-300x300.jpeg 300w, https:\/\/saborruralgalicia.com\/wp-content\/uploads\/2021\/10\/WCA17bronze_740x.jpeg 355w, https:\/\/saborruralgalicia.com\/wp-content\/uploads\/2021\/10\/WCA17bronze_740x-150x150.jpeg 150w\" sizes=\"auto, (max-width: 114px) 100vw, 114px\" \/><img loading=\"lazy\" decoding=\"async\" class=\"wp-image-10571 alignleft\" src=\"https:\/\/saborruralgalicia.com\/wp-content\/themes\/woodmart\/images\/lazy.svg\" data-src=\"https:\/\/saborruralgalicia.com\/wp-content\/uploads\/2021\/10\/bronce-cheeseawards.jpeg\" alt=\"\" width=\"115\" height=\"115\" srcset=\"\" data-srcset=\"https:\/\/saborruralgalicia.com\/wp-content\/uploads\/2021\/10\/bronce-cheeseawards.jpeg 225w, https:\/\/saborruralgalicia.com\/wp-content\/uploads\/2021\/10\/bronce-cheeseawards-150x150.jpeg 150w\" sizes=\"auto, (max-width: 115px) 100vw, 115px\" \/><\/p>\n\n\t\t<\/div>\n\t<\/div>\n<\/div><\/div><\/div><div class=\"wpb_column vc_column_container vc_col-sm-4\"><div class=\"vc_column-inner\"><div class=\"wpb_wrapper\">\n\t\t<div id=\"wd-61011ee56f608\" class=\"title-wrapper wd-wpb wd-set-mb reset-last-child  wd-rs-61011ee56f608 wd-title-color-default wd-title-style-default text-left vc_custom_1627463401920 wd-underline-colored\">\n\t\t\t\n\t\t\t<div class=\"liner-continer\">\n\t\t\t\t<h4 class=\"woodmart-title-container title  wd-font-weight- wd-fontsize-m\" ><strong>FORMATO<\/strong><\/h4>\n\t\t\t\t\t\t\t<\/div>\n\t\t\t\n\t\t\t\n\t\t\t\n\t\t<\/div>\n\t\t\n\t\t\n\t<div class=\"wpb_text_column wpb_content_element\" >\n\t\t<div class=\"wpb_wrapper\">\n\t\t\t<p>Este producto contiene <strong>1 queso de cabra<\/strong>:<\/p>\n<ul>\n<li>1 Queso de cabra media maduraci\u00f3n (800 gr)<\/li>\n<\/ul>\n\n\t\t<\/div>\n\t<\/div>\n<\/div><\/div><\/div><div class=\"wpb_column vc_column_container vc_col-sm-4\"><div class=\"vc_column-inner\"><div class=\"wpb_wrapper\">\n\t\t<div id=\"wd-627a1bc2655db\" class=\"title-wrapper wd-wpb wd-set-mb reset-last-child  wd-rs-627a1bc2655db wd-title-color-default wd-title-style-default text-left vc_custom_1652169671077 wd-underline-colored\">\n\t\t\t\n\t\t\t<div class=\"liner-continer\">\n\t\t\t\t<h4 class=\"woodmart-title-container title  wd-font-weight- wd-fontsize-m\" ><strong>TOUZA VELLA<\/strong><\/h4>\n\t\t\t\t\t\t\t<\/div>\n\t\t\t\n\t\t\t\n\t\t\t\n\t\t<\/div>\n\t\t\n\t\t\n\t<div class=\"wpb_text_column wpb_content_element\" >\n\t\t<div class=\"wpb_wrapper\">\n\t\t\t<p>En 2004 decidimos iniciar este proyecto cambiando la vida urbana y el ajetreo de Madrid por <strong>la tranquilidad de la aldea en Galicia<\/strong>. Lo que por aquel entonces era una ilusi\u00f3n, hoy en d\u00eda es una trayectoria que nos ha permitido cumplir nuestro sue\u00f1o.<\/p>\n\n\t\t<\/div>\n\t<\/div>\n<div id=\"wd-62a770d33fcb7\" class=\"wd-rs-62a770d33fcb7  wd-button-wrapper text-center\"><a href=\"https:\/\/saborruralgalicia.com\/en\/nuestros-productores\/touza-vella\/\" title=\"\" target=\"_blank\" style=\"--btn-color:#fff;--btn-color-hover:#fff;\" class=\"btn btn-style-default btn-shape-rectangle btn-size-default\">CON\u00d3CENOS<\/a><\/div><\/div><\/div><\/div><\/div><div class=\"vc_row wpb_row vc_row-fluid\"><div class=\"wpb_column vc_column_container vc_col-sm-12\"><div class=\"vc_column-inner\"><div class=\"wpb_wrapper\"><div class=\"vc_row wpb_row vc_inner vc_row-fluid\"><div class=\"wpb_column vc_column_container vc_col-sm-12\"><div class=\"vc_column-inner\"><div class=\"wpb_wrapper\"><div class=\"vc_separator wpb_content_element vc_separator_align_center vc_sep_width_100 vc_sep_pos_align_center vc_separator_no_text vc_sep_color_grey\" ><span class=\"vc_sep_holder vc_sep_holder_l\"><span class=\"vc_sep_line\"><\/span><\/span><span class=\"vc_sep_holder vc_sep_holder_r\"><span class=\"vc_sep_line\"><\/span><\/span>\n<\/div>\n\t\t<div id=\"wd-6167ed3c82dfa\" class=\"title-wrapper wd-wpb wd-set-mb reset-last-child  wd-rs-6167ed3c82dfa wd-title-color-default wd-title-style-default text-left  wd-underline-colored\">\n\t\t\t\n\t\t\t<div class=\"liner-continer\">\n\t\t\t\t<h4 class=\"woodmart-title-container title  wd-font-weight- wd-fontsize-l\" >OTROS PRODUCTOS DE TOUZA VELLA<\/h4>\n\t\t\t\t\t\t\t<\/div>\n\t\t\t\n\t\t\t\n\t\t\t\n\t\t<\/div>\n\t\t\n\t\t\t\t\t<div id=\"carousel-163\" class=\"wd-carousel-container  wd-wpb  wd-products-element wd-products products title-line-two\">\n\t\t\t\t\n\t\t\t\t\n\t\t\t\t<div class=\"wd-carousel-inner\">\n\t\t\t\t\t<div class=\"wd-carousel wd-grid\" data-speed=\"3000\" data-autoplay=\"yes\" data-scroll_per_page=\"yes\" style=\"--wd-col-lg:5;--wd-col-md:4;--wd-col-sm:2;--wd-gap-lg:20px;--wd-gap-sm:10px;\">\n\t\t\t\t\t\t<div class=\"wd-carousel-wrap\">\n\t\t\t\t\t\t\t\t\t<div class=\"wd-carousel-item\">\n\t\t\t\t\t\t\t\t\t\t\t<div class=\"wd-product wd-with-labels wd-hover-standard product-grid-item product type-product post-10908 status-publish outofstock product_cat-cabra product_cat-quesos has-post-thumbnail shipping-taxable purchasable product-type-simple\" data-loop=\"1\" data-id=\"10908\">\n\t\t\t\t\n\t\n<div class=\"product-wrapper\">\n\t<div class=\"product-element-top wd-quick-shop\">\n\t\t<a href=\"https:\/\/saborruralgalicia.com\/en\/tienda\/quesos\/cabra\/queso-cabra-cremoso-touzavella\/\" class=\"product-image-link\" aria-label=\"Queso de Cabra Cremoso &#8211; Touza Vella\">\n\t\t\t<div class=\"product-labels labels-rectangular\"><span class=\"out-of-stock product-label\">Sold out<\/span><\/div><img loading=\"lazy\" decoding=\"async\" width=\"600\" height=\"600\" src=\"https:\/\/saborruralgalicia.com\/wp-content\/uploads\/2021\/11\/queso-cabra-cremoso-touzavella-600x600.png\" class=\"attachment-woocommerce_thumbnail size-woocommerce_thumbnail\" alt=\"queso cabra cremoso touzavella\" srcset=\"https:\/\/saborruralgalicia.com\/wp-content\/uploads\/2021\/11\/queso-cabra-cremoso-touzavella-600x600.png 600w, https:\/\/saborruralgalicia.com\/wp-content\/uploads\/2021\/11\/queso-cabra-cremoso-touzavella-small.png 300w, https:\/\/saborruralgalicia.com\/wp-content\/uploads\/2021\/11\/queso-cabra-cremoso-touzavella-150x150.png 150w\" sizes=\"auto, (max-width: 600px) 100vw, 600px\" \/>\t\t<\/a>\n\n\t\t\n\t\t<div class=\"wd-buttons wd-pos-r-t\">\n\t\t\t\t\t\t\t\t\t\t\t\t\t\t<\/div>\n\t<\/div>\n\n\t\n\t\n\t<h3 class=\"wd-entities-title\"><a href=\"https:\/\/saborruralgalicia.com\/en\/tienda\/quesos\/cabra\/queso-cabra-cremoso-touzavella\/\">Queso de Cabra Cremoso &#8211; Touza Vella<\/a><\/h3>\n\t\t\t<div class=\"wd-product-cats\">\n\t\t\t<a href=\"https:\/\/saborruralgalicia.com\/en\/tienda\/categoria\/quesos\/\" rel=\"tag\">Quesos<\/a>, <a href=\"https:\/\/saborruralgalicia.com\/en\/tienda\/categoria\/quesos\/cabra\/\" rel=\"tag\">Cabra<\/a>\t\t<\/div>\n\t\t\t\t\n\t\n\t<span class=\"price\"><span class=\"woocommerce-Price-amount amount\"><bdi>8.50&nbsp;<span class=\"woocommerce-Price-currencySymbol\">&euro;<\/span><\/bdi><\/span><\/span>\n\n\t<div class=\"wd-add-btn wd-add-btn-replace\">\n\t\t\n\t\t\t<\/div>\n\n\t<span class=\"gtm4wp_productdata\" style=\"display:none; visibility:hidden;\" data-gtm4wp_product_data=\"{&quot;internal_id&quot;:10908,&quot;item_id&quot;:10908,&quot;item_name&quot;:&quot;Queso de Cabra Cremoso - Touza Vella&quot;,&quot;sku&quot;:&quot;SR-QU-TV02&quot;,&quot;price&quot;:8.5,&quot;stocklevel&quot;:null,&quot;stockstatus&quot;:&quot;outofstock&quot;,&quot;google_business_vertical&quot;:&quot;retail&quot;,&quot;item_category&quot;:&quot;Quesos&quot;,&quot;id&quot;:10908,&quot;item_brand&quot;:&quot;Touza Vella&quot;,&quot;productlink&quot;:&quot;https:\\\/\\\/saborruralgalicia.com\\\/en\\\/tienda\\\/quesos\\\/cabra\\\/queso-cabra-cremoso-touzavella\\\/&quot;,&quot;item_list_name&quot;:&quot;General Product List&quot;,&quot;index&quot;:2,&quot;product_type&quot;:&quot;simple&quot;}\"><\/span>\n\t\n\t\t<\/div>\n<\/div>\n\t\t\t\t\t<\/div>\n\t\t\t\t<div class=\"wd-carousel-item\">\n\t\t\t\t\t\t\t\t\t\t\t<div class=\"wd-product wd-with-labels wd-hover-standard product-grid-item product type-product post-10572 status-publish outofstock product_cat-cabra product_cat-quesos has-post-thumbnail shipping-taxable purchasable product-type-simple\" data-loop=\"2\" data-id=\"10572\">\n\t\t\t\t\n\t\n<div class=\"product-wrapper\">\n\t<div class=\"product-element-top wd-quick-shop\">\n\t\t<a href=\"https:\/\/saborruralgalicia.com\/en\/tienda\/quesos\/cabra\/queso-cabra-media-maduracion-mini-touzavella\/\" class=\"product-image-link\" aria-label=\"Queso de Cabra Media Maduraci\u00f3n MINI &#8211; Touza Vella\">\n\t\t\t<div class=\"product-labels labels-rectangular\"><span class=\"out-of-stock product-label\">Sold out<\/span><\/div><img loading=\"lazy\" decoding=\"async\" width=\"600\" height=\"600\" src=\"https:\/\/saborruralgalicia.com\/wp-content\/uploads\/2021\/10\/queso-media-maduracion-mini-touzavella-600x600.png\" class=\"attachment-woocommerce_thumbnail size-woocommerce_thumbnail\" alt=\"queso media maduracion mini touzavella\" srcset=\"https:\/\/saborruralgalicia.com\/wp-content\/uploads\/2021\/10\/queso-media-maduracion-mini-touzavella-600x600.png 600w, https:\/\/saborruralgalicia.com\/wp-content\/uploads\/2021\/10\/queso-media-maduracion-mini-touzavella-small.png 300w, https:\/\/saborruralgalicia.com\/wp-content\/uploads\/2021\/10\/queso-media-maduracion-mini-touzavella-150x150.png 150w\" sizes=\"auto, (max-width: 600px) 100vw, 600px\" \/>\t\t<\/a>\n\n\t\t\n\t\t<div class=\"wd-buttons wd-pos-r-t\">\n\t\t\t\t\t\t\t\t\t\t\t\t\t\t<\/div>\n\t<\/div>\n\n\t\n\t\n\t<h3 class=\"wd-entities-title\"><a href=\"https:\/\/saborruralgalicia.com\/en\/tienda\/quesos\/cabra\/queso-cabra-media-maduracion-mini-touzavella\/\">Queso de Cabra Media Maduraci\u00f3n MINI &#8211; Touza Vella<\/a><\/h3>\n\t\t\t<div class=\"wd-product-cats\">\n\t\t\t<a href=\"https:\/\/saborruralgalicia.com\/en\/tienda\/categoria\/quesos\/\" rel=\"tag\">Quesos<\/a>, <a href=\"https:\/\/saborruralgalicia.com\/en\/tienda\/categoria\/quesos\/cabra\/\" rel=\"tag\">Cabra<\/a>\t\t<\/div>\n\t\t\t\t\n\t\n\t<span class=\"price\"><span class=\"woocommerce-Price-amount amount\"><bdi>10.00&nbsp;<span class=\"woocommerce-Price-currencySymbol\">&euro;<\/span><\/bdi><\/span><\/span>\n\n\t<div class=\"wd-add-btn wd-add-btn-replace\">\n\t\t\n\t\t\t<\/div>\n\n\t<span class=\"gtm4wp_productdata\" style=\"display:none; visibility:hidden;\" data-gtm4wp_product_data=\"{&quot;internal_id&quot;:10572,&quot;item_id&quot;:10572,&quot;item_name&quot;:&quot;Queso de Cabra Media Maduraci\\u00f3n MINI - Touza Vella&quot;,&quot;sku&quot;:&quot;SR-QU-TV01&quot;,&quot;price&quot;:10,&quot;stocklevel&quot;:null,&quot;stockstatus&quot;:&quot;outofstock&quot;,&quot;google_business_vertical&quot;:&quot;retail&quot;,&quot;item_category&quot;:&quot;Quesos&quot;,&quot;id&quot;:10572,&quot;item_brand&quot;:&quot;Touza Vella&quot;,&quot;productlink&quot;:&quot;https:\\\/\\\/saborruralgalicia.com\\\/en\\\/tienda\\\/quesos\\\/cabra\\\/queso-cabra-media-maduracion-mini-touzavella\\\/&quot;,&quot;item_list_name&quot;:&quot;General Product List&quot;,&quot;index&quot;:3,&quot;product_type&quot;:&quot;simple&quot;}\"><\/span>\n\t\n\t\t<\/div>\n<\/div>\n\t\t\t\t\t<\/div>\n\t\t\t\t<div class=\"wd-carousel-item\">\n\t\t\t\t\t\t\t\t\t\t\t<div class=\"wd-product wd-with-labels wd-hover-standard product-grid-item product type-product post-15189 status-publish outofstock product_cat-cabra product_cat-quesos has-post-thumbnail shipping-taxable purchasable product-type-simple\" data-loop=\"3\" data-id=\"15189\">\n\t\t\t\t\n\t\n<div class=\"product-wrapper\">\n\t<div class=\"product-element-top wd-quick-shop\">\n\t\t<a href=\"https:\/\/saborruralgalicia.com\/en\/tienda\/quesos\/cabra\/queso-cabra-aceite-oliva-ecologico-touzavella\/\" class=\"product-image-link\" aria-label=\"Queso de cabra en aceite de oliva ecol\u00f3gico &#8211; Touza Vella\">\n\t\t\t<div class=\"product-labels labels-rectangular\"><span class=\"out-of-stock product-label\">Sold out<\/span><\/div><img loading=\"lazy\" decoding=\"async\" width=\"600\" height=\"600\" src=\"https:\/\/saborruralgalicia.com\/wp-content\/uploads\/2022\/05\/quesooliva-touzavella-600x600.png\" class=\"attachment-woocommerce_thumbnail size-woocommerce_thumbnail\" alt=\"quesooliva touzavella\" srcset=\"https:\/\/saborruralgalicia.com\/wp-content\/uploads\/2022\/05\/quesooliva-touzavella-600x600.png 600w, https:\/\/saborruralgalicia.com\/wp-content\/uploads\/2022\/05\/quesooliva-touzavella-small.png 300w, https:\/\/saborruralgalicia.com\/wp-content\/uploads\/2022\/05\/quesooliva-touzavella-150x150.png 150w\" sizes=\"auto, (max-width: 600px) 100vw, 600px\" \/>\t\t<\/a>\n\n\t\t\n\t\t<div class=\"wd-buttons wd-pos-r-t\">\n\t\t\t\t\t\t\t\t\t\t\t\t\t\t<\/div>\n\t<\/div>\n\n\t\n\t\n\t<h3 class=\"wd-entities-title\"><a href=\"https:\/\/saborruralgalicia.com\/en\/tienda\/quesos\/cabra\/queso-cabra-aceite-oliva-ecologico-touzavella\/\">Queso de cabra en aceite de oliva ecol\u00f3gico &#8211; Touza Vella<\/a><\/h3>\n\t\t\t<div class=\"wd-product-cats\">\n\t\t\t<a href=\"https:\/\/saborruralgalicia.com\/en\/tienda\/categoria\/quesos\/\" rel=\"tag\">Quesos<\/a>, <a href=\"https:\/\/saborruralgalicia.com\/en\/tienda\/categoria\/quesos\/cabra\/\" rel=\"tag\">Cabra<\/a>\t\t<\/div>\n\t\t\t\t\n\t\n\t<span class=\"price\"><span class=\"woocommerce-Price-amount amount\"><bdi>8.00&nbsp;<span class=\"woocommerce-Price-currencySymbol\">&euro;<\/span><\/bdi><\/span><\/span>\n\n\t<div class=\"wd-add-btn wd-add-btn-replace\">\n\t\t\n\t\t\t<\/div>\n\n\t<span class=\"gtm4wp_productdata\" style=\"display:none; visibility:hidden;\" data-gtm4wp_product_data=\"{&quot;internal_id&quot;:15189,&quot;item_id&quot;:15189,&quot;item_name&quot;:&quot;Queso de cabra en aceite de oliva ecol\\u00f3gico - Touza Vella&quot;,&quot;sku&quot;:&quot;SR-QU-TV03&quot;,&quot;price&quot;:8,&quot;stocklevel&quot;:null,&quot;stockstatus&quot;:&quot;outofstock&quot;,&quot;google_business_vertical&quot;:&quot;retail&quot;,&quot;item_category&quot;:&quot;Quesos&quot;,&quot;id&quot;:15189,&quot;item_brand&quot;:&quot;Touza Vella&quot;,&quot;productlink&quot;:&quot;https:\\\/\\\/saborruralgalicia.com\\\/en\\\/tienda\\\/quesos\\\/cabra\\\/queso-cabra-aceite-oliva-ecologico-touzavella\\\/&quot;,&quot;item_list_name&quot;:&quot;General Product List&quot;,&quot;index&quot;:4,&quot;product_type&quot;:&quot;simple&quot;}\"><\/span>\n\t\n\t\t<\/div>\n<\/div>\n\t\t\t\t\t<\/div>\n\t\t\t\t\t\t\t\t<\/div>\n\t\t\t\t\t<\/div>\n\n\t\t\t\t\t\t\t<div class=\"wd-nav-arrows wd-pos-sep wd-icon-1\">\n\t\t\t<div class=\"wd-btn-arrow wd-prev wd-disabled\">\n\t\t\t\t<div class=\"wd-arrow-inner\"><\/div>\n\t\t\t<\/div>\n\t\t\t<div class=\"wd-btn-arrow wd-next\">\n\t\t\t\t<div class=\"wd-arrow-inner\"><\/div>\n\t\t\t<\/div>\n\t\t<\/div>\n\t\t\t\t\t\t<\/div>\n\n\t\t\t\t\t\t<div class=\"wd-nav-pagin-wrap text-center wd-style-shape wd-hide-md-sm wd-hide-sm\">\n\t\t\t<ul class=\"wd-nav-pagin\"><\/ul>\n\t\t<\/div>\n\t\t\t\t\t\t\t\t\t<\/div>\n\t\t\t<\/div><\/div><\/div><\/div><\/div><\/div><\/div><\/div><div class=\"vc_row wpb_row vc_row-fluid\"><div class=\"wpb_column vc_column_container vc_col-sm-12\"><div class=\"vc_column-inner\"><div class=\"wpb_wrapper\"><div class=\"vc_row wpb_row vc_inner vc_row-fluid\"><div class=\"wpb_column vc_column_container vc_col-sm-12\"><div class=\"vc_column-inner\"><div class=\"wpb_wrapper\"><div class=\"vc_separator wpb_content_element vc_separator_align_center vc_sep_width_100 vc_sep_pos_align_center vc_separator_no_text vc_sep_color_grey\" ><span class=\"vc_sep_holder vc_sep_holder_l\"><span class=\"vc_sep_line\"><\/span><\/span><span class=\"vc_sep_holder vc_sep_holder_r\"><span class=\"vc_sep_line\"><\/span><\/span>\n<\/div>\n\t\t<div id=\"wd-61431e6f3751c\" class=\"title-wrapper wd-wpb wd-set-mb reset-last-child  wd-rs-61431e6f3751c wd-title-color-primary wd-title-style-simple text-left  wd-underline-colored\">\n\t\t\t\n\t\t\t<div class=\"liner-continer\">\n\t\t\t\t<h4 class=\"woodmart-title-container title  wd-font-weight- wd-fontsize-l\" >ESTE PACK COMBINA GENIAL CON<\/h4>\n\t\t\t\t\t\t\t<\/div>\n\t\t\t\n\t\t\t\n\t\t\t\n\t\t<\/div>\n\t\t\n\t\t\t\t\t<div id=\"carousel-552\" class=\"wd-carousel-container  wd-wpb  wd-products-element wd-products products title-line-two\">\n\t\t\t\t\n\t\t\t\t\n\t\t\t\t<div class=\"wd-carousel-inner\">\n\t\t\t\t\t<div class=\"wd-carousel wd-grid\" data-speed=\"3000\" data-wrap=\"yes\" data-autoplay=\"yes\" data-scroll_per_page=\"yes\" data-center_mode=\"yes\" style=\"--wd-col-lg:5;--wd-col-md:4;--wd-col-sm:2;--wd-gap-lg:20px;--wd-gap-sm:10px;\">\n\t\t\t\t\t\t<div class=\"wd-carousel-wrap\">\n\t\t\t\t\t\t\t\t\t<div class=\"wd-carousel-item\">\n\t\t\t\t\t\t\t\t\t\t\t<div class=\"wd-product wd-with-labels wd-hover-standard product-grid-item product type-product post-10863 status-publish outofstock product_cat-bodega-roandi product_cat-denominacion-de-origen product_cat-productores product_cat-rosado product_cat-valdeorras product_cat-vinos has-post-thumbnail shipping-taxable purchasable product-type-simple\" data-loop=\"1\" data-id=\"10863\">\n\t\t\t\t\n\t\n<div class=\"product-wrapper\">\n\t<div class=\"product-element-top wd-quick-shop\">\n\t\t<a href=\"https:\/\/saborruralgalicia.com\/en\/tienda\/productores\/bodega-roandi\/brinde-rosas-reserva-bodega-roandi\/\" class=\"product-image-link\" aria-label=\"Brinde Rosas Reserva &#8211; Bodega Roandi\">\n\t\t\t<div class=\"product-labels labels-rectangular\"><span class=\"out-of-stock product-label\">Sold out<\/span><\/div><img loading=\"lazy\" decoding=\"async\" width=\"600\" height=\"600\" src=\"https:\/\/saborruralgalicia.com\/wp-content\/uploads\/2021\/11\/brindedesrosas-6bot-bodegaroandi-600x600.png\" class=\"attachment-woocommerce_thumbnail size-woocommerce_thumbnail\" alt=\"brindedesrosas 6bot bodegaroandi\" srcset=\"https:\/\/saborruralgalicia.com\/wp-content\/uploads\/2021\/11\/brindedesrosas-6bot-bodegaroandi-600x600.png 600w, https:\/\/saborruralgalicia.com\/wp-content\/uploads\/2021\/11\/brindedesrosas-6bot-bodegaroandi-small.png 300w, https:\/\/saborruralgalicia.com\/wp-content\/uploads\/2021\/11\/brindedesrosas-6bot-bodegaroandi-150x150.png 150w\" sizes=\"auto, (max-width: 600px) 100vw, 600px\" \/>\t\t<\/a>\n\n\t\t\n\t\t<div class=\"wd-buttons wd-pos-r-t\">\n\t\t\t\t\t\t\t\t\t\t\t\t\t\t<\/div>\n\t<\/div>\n\n\t\n\t\n\t<h3 class=\"wd-entities-title\"><a href=\"https:\/\/saborruralgalicia.com\/en\/tienda\/productores\/bodega-roandi\/brinde-rosas-reserva-bodega-roandi\/\">Brinde Rosas Reserva &#8211; Bodega Roandi<\/a><\/h3>\n\t\t\t<div class=\"wd-product-cats\">\n\t\t\t<a href=\"https:\/\/saborruralgalicia.com\/en\/tienda\/categoria\/productores\/\" rel=\"tag\">Productores<\/a>, <a href=\"https:\/\/saborruralgalicia.com\/en\/tienda\/categoria\/productores\/bodega-roandi\/\" rel=\"tag\">Bodega Roandi<\/a>, <a href=\"https:\/\/saborruralgalicia.com\/en\/tienda\/categoria\/vinos\/\" rel=\"tag\">Vinos<\/a>, <a href=\"https:\/\/saborruralgalicia.com\/en\/tienda\/categoria\/vinos\/rosado\/\" rel=\"tag\">Rosado<\/a>, <a href=\"https:\/\/saborruralgalicia.com\/en\/tienda\/categoria\/denominacion-de-origen\/\" rel=\"tag\">DO<\/a>, <a href=\"https:\/\/saborruralgalicia.com\/en\/tienda\/categoria\/denominacion-de-origen\/valdeorras\/\" rel=\"tag\">Valdeorras<\/a>\t\t<\/div>\n\t\t\t\t\n\t\n\t<span class=\"price\"><span class=\"woocommerce-Price-amount amount\"><bdi>80.00&nbsp;<span class=\"woocommerce-Price-currencySymbol\">&euro;<\/span><\/bdi><\/span><\/span>\n\n\t<div class=\"wd-add-btn wd-add-btn-replace\">\n\t\t\n\t\t\t<\/div>\n\n\t<span class=\"gtm4wp_productdata\" style=\"display:none; visibility:hidden;\" data-gtm4wp_product_data=\"{&quot;internal_id&quot;:10863,&quot;item_id&quot;:10863,&quot;item_name&quot;:&quot;Brinde Rosas Reserva - Bodega Roandi&quot;,&quot;sku&quot;:&quot;SR-BE-ROA02&quot;,&quot;price&quot;:80,&quot;stocklevel&quot;:null,&quot;stockstatus&quot;:&quot;outofstock&quot;,&quot;google_business_vertical&quot;:&quot;retail&quot;,&quot;item_category&quot;:&quot;Vinos&quot;,&quot;id&quot;:10863,&quot;item_brand&quot;:&quot;Bodega Roandi&quot;,&quot;productlink&quot;:&quot;https:\\\/\\\/saborruralgalicia.com\\\/en\\\/tienda\\\/productores\\\/bodega-roandi\\\/brinde-rosas-reserva-bodega-roandi\\\/&quot;,&quot;item_list_name&quot;:&quot;General Product List&quot;,&quot;index&quot;:2,&quot;product_type&quot;:&quot;simple&quot;}\"><\/span>\n\t\n\t\t<\/div>\n<\/div>\n\t\t\t\t\t<\/div>\n\t\t\t\t<div class=\"wd-carousel-item\">\n\t\t\t\t\t\t\t\t\t\t\t<div class=\"wd-product wd-with-labels wd-hover-standard product-grid-item product type-product post-10856 status-publish outofstock product_cat-bebidas product_cat-licores has-post-thumbnail shipping-taxable purchasable product-type-simple\" data-loop=\"2\" data-id=\"10856\">\n\t\t\t\t\n\t\n<div class=\"product-wrapper\">\n\t<div class=\"product-element-top wd-quick-shop\">\n\t\t<a href=\"https:\/\/saborruralgalicia.com\/en\/tienda\/bebidas\/licores\/limoncino-gallego-tradicional-paniagua-destilerias-mino\/\" class=\"product-image-link\" aria-label=\"Limonci\u00f1o gallego tradicional Paniagua &#8211; Destilerias Mi\u00f1o\">\n\t\t\t<div class=\"product-labels labels-rectangular\"><span class=\"out-of-stock product-label\">Sold out<\/span><\/div><img loading=\"lazy\" decoding=\"async\" width=\"600\" height=\"600\" src=\"https:\/\/saborruralgalicia.com\/wp-content\/uploads\/2021\/11\/limoncino-destileriasmino-600x600.png\" class=\"attachment-woocommerce_thumbnail size-woocommerce_thumbnail\" alt=\"limoncino destileriasmino\" srcset=\"https:\/\/saborruralgalicia.com\/wp-content\/uploads\/2021\/11\/limoncino-destileriasmino-600x600.png 600w, https:\/\/saborruralgalicia.com\/wp-content\/uploads\/2021\/11\/limoncino-destileriasmino-small.png 300w, https:\/\/saborruralgalicia.com\/wp-content\/uploads\/2021\/11\/limoncino-destileriasmino-150x150.png 150w\" sizes=\"auto, (max-width: 600px) 100vw, 600px\" \/>\t\t<\/a>\n\n\t\t\n\t\t<div class=\"wd-buttons wd-pos-r-t\">\n\t\t\t\t\t\t\t\t\t\t\t\t\t\t<\/div>\n\t<\/div>\n\n\t\n\t\n\t<h3 class=\"wd-entities-title\"><a href=\"https:\/\/saborruralgalicia.com\/en\/tienda\/bebidas\/licores\/limoncino-gallego-tradicional-paniagua-destilerias-mino\/\">Limonci\u00f1o gallego tradicional Paniagua &#8211; Destilerias Mi\u00f1o<\/a><\/h3>\n\t\t\t<div class=\"wd-product-cats\">\n\t\t\t<a href=\"https:\/\/saborruralgalicia.com\/en\/tienda\/categoria\/bebidas\/\" rel=\"tag\">Bebidas<\/a>, <a href=\"https:\/\/saborruralgalicia.com\/en\/tienda\/categoria\/bebidas\/licores\/\" rel=\"tag\">Licores<\/a>\t\t<\/div>\n\t\t\t\t\n\t\n\t<span class=\"price\"><span class=\"woocommerce-Price-amount amount\"><bdi>7.30&nbsp;<span class=\"woocommerce-Price-currencySymbol\">&euro;<\/span><\/bdi><\/span><\/span>\n\n\t<div class=\"wd-add-btn wd-add-btn-replace\">\n\t\t\n\t\t\t<\/div>\n\n\t<span class=\"gtm4wp_productdata\" style=\"display:none; visibility:hidden;\" data-gtm4wp_product_data=\"{&quot;internal_id&quot;:10856,&quot;item_id&quot;:10856,&quot;item_name&quot;:&quot;Limonci\\u00f1o gallego tradicional Paniagua - Destilerias Mi\\u00f1o&quot;,&quot;sku&quot;:&quot;SR-BE-DM04&quot;,&quot;price&quot;:7.3,&quot;stocklevel&quot;:null,&quot;stockstatus&quot;:&quot;outofstock&quot;,&quot;google_business_vertical&quot;:&quot;retail&quot;,&quot;item_category&quot;:&quot;Bebidas&quot;,&quot;id&quot;:10856,&quot;item_brand&quot;:&quot;Destiler\\u00edas Mi\\u00f1o&quot;,&quot;productlink&quot;:&quot;https:\\\/\\\/saborruralgalicia.com\\\/en\\\/tienda\\\/bebidas\\\/licores\\\/limoncino-gallego-tradicional-paniagua-destilerias-mino\\\/&quot;,&quot;item_list_name&quot;:&quot;General Product List&quot;,&quot;index&quot;:3,&quot;product_type&quot;:&quot;simple&quot;}\"><\/span>\n\t\n\t\t<\/div>\n<\/div>\n\t\t\t\t\t<\/div>\n\t\t\t\t<div class=\"wd-carousel-item\">\n\t\t\t\t\t\t\t\t\t\t\t<div class=\"wd-product wd-with-labels wd-hover-standard product-grid-item product type-product post-10597 status-publish outofstock product_cat-mermeladas-miel product_cat-reposteria has-post-thumbnail shipping-taxable purchasable product-type-simple\" data-loop=\"3\" data-id=\"10597\">\n\t\t\t\t\n\t\n<div class=\"product-wrapper\">\n\t<div class=\"product-element-top wd-quick-shop\">\n\t\t<a href=\"https:\/\/saborruralgalicia.com\/en\/tienda\/reposteria\/mermeladas-miel\/almibar-mermelada-mirabel-do-rosal\/\" class=\"product-image-link\" aria-label=\"Caja Mixta (6 Ud. Mirabel Alm\u00edbar y 6 Ud. Mermelada Mirabel) &#8211; Mirabel do Rosal\">\n\t\t\t<div class=\"product-labels labels-rectangular\"><span class=\"out-of-stock product-label\">Sold out<\/span><\/div><img loading=\"lazy\" decoding=\"async\" width=\"600\" height=\"600\" src=\"https:\/\/saborruralgalicia.com\/wp-content\/uploads\/2021\/10\/caja12-mirabeldorosal-600x600.png\" class=\"attachment-woocommerce_thumbnail size-woocommerce_thumbnail\" alt=\"caja12 mirabeldorosal\" srcset=\"https:\/\/saborruralgalicia.com\/wp-content\/uploads\/2021\/10\/caja12-mirabeldorosal-600x600.png 600w, https:\/\/saborruralgalicia.com\/wp-content\/uploads\/2021\/10\/caja12-mirabeldorosal-small.png 300w, https:\/\/saborruralgalicia.com\/wp-content\/uploads\/2021\/10\/caja12-mirabeldorosal-150x150.png 150w\" sizes=\"auto, (max-width: 600px) 100vw, 600px\" \/>\t\t<\/a>\n\n\t\t\n\t\t<div class=\"wd-buttons wd-pos-r-t\">\n\t\t\t\t\t\t\t\t\t\t\t\t\t\t<\/div>\n\t<\/div>\n\n\t\n\t\n\t<h3 class=\"wd-entities-title\"><a href=\"https:\/\/saborruralgalicia.com\/en\/tienda\/reposteria\/mermeladas-miel\/almibar-mermelada-mirabel-do-rosal\/\">Caja Mixta (6 Ud. Mirabel Alm\u00edbar y 6 Ud. Mermelada Mirabel) &#8211; Mirabel do Rosal<\/a><\/h3>\n\t\t\t<div class=\"wd-product-cats\">\n\t\t\t<a href=\"https:\/\/saborruralgalicia.com\/en\/tienda\/categoria\/reposteria\/\" rel=\"tag\">Reposter\u00eda<\/a>, <a href=\"https:\/\/saborruralgalicia.com\/en\/tienda\/categoria\/reposteria\/mermeladas-miel\/\" rel=\"tag\">Mermeladas y miel<\/a>\t\t<\/div>\n\t\t\t\t\n\t\n\t<span class=\"price\"><span class=\"woocommerce-Price-amount amount\"><bdi>49.00&nbsp;<span class=\"woocommerce-Price-currencySymbol\">&euro;<\/span><\/bdi><\/span><\/span>\n\n\t<div class=\"wd-add-btn wd-add-btn-replace\">\n\t\t\n\t\t\t<\/div>\n\n\t<span class=\"gtm4wp_productdata\" style=\"display:none; visibility:hidden;\" data-gtm4wp_product_data=\"{&quot;internal_id&quot;:10597,&quot;item_id&quot;:10597,&quot;item_name&quot;:&quot;Caja Mixta (6 Ud. Mirabel Alm\\u00edbar y 6 Ud. Mermelada Mirabel) - Mirabel do Rosal&quot;,&quot;sku&quot;:&quot;SR-CON-MR01&quot;,&quot;price&quot;:49,&quot;stocklevel&quot;:null,&quot;stockstatus&quot;:&quot;outofstock&quot;,&quot;google_business_vertical&quot;:&quot;retail&quot;,&quot;item_category&quot;:&quot;Reposter\\u00eda&quot;,&quot;id&quot;:10597,&quot;item_brand&quot;:&quot;Mirabel do Rosal&quot;,&quot;productlink&quot;:&quot;https:\\\/\\\/saborruralgalicia.com\\\/en\\\/tienda\\\/reposteria\\\/mermeladas-miel\\\/almibar-mermelada-mirabel-do-rosal\\\/&quot;,&quot;item_list_name&quot;:&quot;General Product List&quot;,&quot;index&quot;:4,&quot;product_type&quot;:&quot;simple&quot;}\"><\/span>\n\t\n\t\t<\/div>\n<\/div>\n\t\t\t\t\t<\/div>\n\t\t\t\t<div class=\"wd-carousel-item\">\n\t\t\t\t\t\t\t\t\t\t\t<div class=\"wd-product wd-with-labels wd-hover-standard product-grid-item product type-product post-9341 status-publish outofstock product_cat-pasteleria product_cat-reposteria has-post-thumbnail shipping-taxable purchasable product-type-simple\" data-loop=\"4\" data-id=\"9341\">\n\t\t\t\t\n\t\n<div class=\"product-wrapper\">\n\t<div class=\"product-element-top wd-quick-shop\">\n\t\t<a href=\"https:\/\/saborruralgalicia.com\/en\/tienda\/reposteria\/pasteleria\/roscas-san-ramon-a-confianza\/\" class=\"product-image-link\" aria-label=\"Roscas San Ram\u00f3n &#8211; Pasteler\u00eda A Confianza\">\n\t\t\t<div class=\"product-labels labels-rectangular\"><span class=\"out-of-stock product-label\">Sold out<\/span><\/div><img loading=\"lazy\" decoding=\"async\" width=\"600\" height=\"600\" src=\"https:\/\/saborruralgalicia.com\/wp-content\/uploads\/2021\/07\/roscassanramon-AC-600x600.png\" class=\"attachment-woocommerce_thumbnail size-woocommerce_thumbnail\" alt=\"roscassanramon AC\" srcset=\"https:\/\/saborruralgalicia.com\/wp-content\/uploads\/2021\/07\/roscassanramon-AC-600x600.png 600w, https:\/\/saborruralgalicia.com\/wp-content\/uploads\/2021\/07\/roscassanramon-AC-small.png 300w, https:\/\/saborruralgalicia.com\/wp-content\/uploads\/2021\/07\/roscassanramon-AC-150x150.png 150w\" sizes=\"auto, (max-width: 600px) 100vw, 600px\" \/>\t\t<\/a>\n\n\t\t\n\t\t<div class=\"wd-buttons wd-pos-r-t\">\n\t\t\t\t\t\t\t\t\t\t\t\t\t\t<\/div>\n\t<\/div>\n\n\t\n\t\n\t<h3 class=\"wd-entities-title\"><a href=\"https:\/\/saborruralgalicia.com\/en\/tienda\/reposteria\/pasteleria\/roscas-san-ramon-a-confianza\/\">Roscas San Ram\u00f3n &#8211; Pasteler\u00eda A Confianza<\/a><\/h3>\n\t\t\t<div class=\"wd-product-cats\">\n\t\t\t<a href=\"https:\/\/saborruralgalicia.com\/en\/tienda\/categoria\/reposteria\/\" rel=\"tag\">Reposter\u00eda<\/a>, <a href=\"https:\/\/saborruralgalicia.com\/en\/tienda\/categoria\/reposteria\/pasteleria\/\" rel=\"tag\">Pasteler\u00eda<\/a>\t\t<\/div>\n\t\t\t\t\n\t\n\t<span class=\"price\"><span class=\"woocommerce-Price-amount amount\"><bdi>7.50&nbsp;<span class=\"woocommerce-Price-currencySymbol\">&euro;<\/span><\/bdi><\/span><\/span>\n\n\t<div class=\"wd-add-btn wd-add-btn-replace\">\n\t\t\n\t\t\t<\/div>\n\n\t<span class=\"gtm4wp_productdata\" style=\"display:none; visibility:hidden;\" data-gtm4wp_product_data=\"{&quot;internal_id&quot;:9341,&quot;item_id&quot;:9341,&quot;item_name&quot;:&quot;Roscas San Ram\\u00f3n - Pasteler\\u00eda A Confianza&quot;,&quot;sku&quot;:&quot;SR-REP-ACO05&quot;,&quot;price&quot;:7.5,&quot;stocklevel&quot;:null,&quot;stockstatus&quot;:&quot;outofstock&quot;,&quot;google_business_vertical&quot;:&quot;retail&quot;,&quot;item_category&quot;:&quot;Reposter\\u00eda&quot;,&quot;id&quot;:9341,&quot;item_brand&quot;:&quot;A Confianza&quot;,&quot;productlink&quot;:&quot;https:\\\/\\\/saborruralgalicia.com\\\/en\\\/tienda\\\/reposteria\\\/pasteleria\\\/roscas-san-ramon-a-confianza\\\/&quot;,&quot;item_list_name&quot;:&quot;General Product List&quot;,&quot;index&quot;:5,&quot;product_type&quot;:&quot;simple&quot;}\"><\/span>\n\t\n\t\t<\/div>\n<\/div>\n\t\t\t\t\t<\/div>\n\t\t\t\t\t\t\t\t<\/div>\n\t\t\t\t\t<\/div>\n\n\t\t\t\t\t\t\t<div class=\"wd-nav-arrows wd-pos-sep wd-icon-1\">\n\t\t\t<div class=\"wd-btn-arrow wd-prev wd-disabled\">\n\t\t\t\t<div class=\"wd-arrow-inner\"><\/div>\n\t\t\t<\/div>\n\t\t\t<div class=\"wd-btn-arrow wd-next\">\n\t\t\t\t<div class=\"wd-arrow-inner\"><\/div>\n\t\t\t<\/div>\n\t\t<\/div>\n\t\t\t\t\t\t<\/div>\n\n\t\t\t\t\t\t<div class=\"wd-nav-pagin-wrap text-center wd-style-shape wd-hide-md-sm wd-hide-sm\">\n\t\t\t<ul class=\"wd-nav-pagin\"><\/ul>\n\t\t<\/div>\n\t\t\t\t\t\t\t\t\t<\/div>\n\t\t\t<\/div><\/div><\/div><\/div><\/div><\/div><\/div><\/div>\n<\/div>","protected":false},"excerpt":{"rendered":"<p>Queso de leche cruda de cabra de media maduraci\u00f3n.<\/p>\n<p>Peso aproximado 800gr. Se presenta envuelto en papel de uso alimentario.<\/p>\n<p>Ha sido galardonado en los World Cheese Awards 2018-2019 con medalla de Bronce y en 2021-2022 con medalla de Plata<\/p>","protected":false},"featured_media":15194,"template":"","meta":{"_acf_changed":false},"product_brand":[],"product_cat":[44,196],"product_tag":[],"class_list":{"0":"post-15193","1":"product","2":"type-product","3":"status-publish","4":"has-post-thumbnail","6":"product_cat-quesos","7":"product_cat-cabra","8":"product_shipping_class-touzavella","9":"pa_marca-touza-vella","11":"first","12":"outofstock","13":"shipping-taxable","14":"purchasable","15":"product-type-simple"},"better_featured_image":{"id":15194,"alt_text":"madurado touzavella","caption":"madurado touzavella","description":"madurado touzavella","media_type":"image","media_details":{"width":700,"height":800,"file":"2022\/05\/madurado-touzavella.png","filesize":211927,"sizes":{"medium":{"file":"madurado-touzavella-medium.png","width":525,"height":600,"source_url":"https:\/\/saborruralgalicia.com\/wp-content\/uploads\/2022\/05\/madurado-touzavella-medium.png"},"thumbnail":{"file":"madurado-touzavella-small.png","width":300,"height":300,"source_url":"https:\/\/saborruralgalicia.com\/wp-content\/uploads\/2022\/05\/madurado-touzavella-small.png"},"large":{"file":"madurado-touzavella-large.png","width":700,"height":800,"source_url":"https:\/\/saborruralgalicia.com\/wp-content\/uploads\/2022\/05\/madurado-touzavella-large.png"},"woocommerce_thumbnail":{"file":"madurado-touzavella-600x600.png","width":600,"height":600,"mime-type":"image\/png","uncropped":false,"source_url":"https:\/\/saborruralgalicia.com\/wp-content\/uploads\/2022\/05\/madurado-touzavella-600x600.png"},"woocommerce_gallery_thumbnail":{"file":"madurado-touzavella-150x171.png","width":150,"height":171,"mime-type":"image\/png","source_url":"https:\/\/saborruralgalicia.com\/wp-content\/uploads\/2022\/05\/madurado-touzavella-150x171.png"},"medium_old_263x300":{"file":"madurado-touzavella-263x300.png","width":263,"height":300,"mime-type":"image\/png","source_url":"https:\/\/saborruralgalicia.com\/wp-content\/uploads\/2022\/05\/madurado-touzavella-263x300.png"},"thumbnail_old_150x150":{"file":"madurado-touzavella-150x150.png","width":150,"height":150,"mime-type":"image\/png","source_url":"https:\/\/saborruralgalicia.com\/wp-content\/uploads\/2022\/05\/madurado-touzavella-150x150.png"},"shop_catalog":{"file":"madurado-touzavella-600x600.png","width":600,"height":600,"mime-type":"image\/png","source_url":"https:\/\/saborruralgalicia.com\/wp-content\/uploads\/2022\/05\/madurado-touzavella-600x600.png"},"shop_thumbnail":{"file":"madurado-touzavella-150x171.png","width":150,"height":171,"mime-type":"image\/png","source_url":"https:\/\/saborruralgalicia.com\/wp-content\/uploads\/2022\/05\/madurado-touzavella-150x171.png"}},"image_meta":{"aperture":"0","credit":"","camera":"","caption":"","created_timestamp":"0","copyright":"","focal_length":"0","iso":"0","shutter_speed":"0","title":"","orientation":"0","keywords":[]}},"post":15193,"source_url":"https:\/\/saborruralgalicia.com\/wp-content\/uploads\/2022\/05\/madurado-touzavella.png"},"acf":[],"yoast_head":"<!-- This site is optimized with the Yoast SEO plugin v26.1.1 - https:\/\/yoast.com\/wordpress\/plugins\/seo\/ -->\n<title>Queso de Cabra Media Maduraci\u00f3n - Touza Vella - Sabor Rural Galicia<\/title>\n<meta name=\"description\" content=\"Sabor Rural Galicia es la gran tienda online de productos gourmet gallegos. Una selecci\u00f3n de alimentos de calidad que recupera los olores y sabores de anta\u00f1o junto con una exclusiva propuesta de experiencias tur\u00edsticas y gastron\u00f3micas.\" \/>\n<meta name=\"robots\" content=\"noindex, follow, max-snippet:-1, max-image-preview:large, max-video-preview:-1\" \/>\n<meta property=\"og:locale\" content=\"en_GB\" \/>\n<meta property=\"og:type\" content=\"article\" \/>\n<meta property=\"og:title\" content=\"Queso de Cabra Media Maduraci\u00f3n - Touza Vella - Sabor Rural Galicia\" \/>\n<meta property=\"og:description\" content=\"Sabor Rural Galicia es la gran tienda online de productos gourmet gallegos. Una selecci\u00f3n de alimentos de calidad que recupera los olores y sabores de anta\u00f1o junto con una exclusiva propuesta de experiencias tur\u00edsticas y gastron\u00f3micas.\" \/>\n<meta property=\"og:url\" content=\"https:\/\/saborruralgalicia.com\/en\/tienda\/quesos\/cabra\/queso-cabra-media-maduracion-touzavella\/\" \/>\n<meta property=\"og:site_name\" content=\"Sabor Rural Galicia\" \/>\n<meta property=\"article:publisher\" content=\"https:\/\/www.facebook.com\/SaborRuralGalicia\" \/>\n<meta property=\"article:modified_time\" content=\"2025-07-16T08:13:14+00:00\" \/>\n<meta property=\"og:image\" content=\"https:\/\/saborruralgalicia.com\/wp-content\/uploads\/2022\/05\/madurado-touzavella.png\" \/>\n\t<meta property=\"og:image:width\" content=\"700\" \/>\n\t<meta property=\"og:image:height\" content=\"800\" \/>\n\t<meta property=\"og:image:type\" content=\"image\/png\" \/>\n<meta name=\"twitter:card\" content=\"summary_large_image\" \/>\n<meta name=\"twitter:site\" content=\"@SaborRuralGal\" \/>\n<meta name=\"twitter:label1\" content=\"Estimated reading time\" \/>\n\t<meta name=\"twitter:data1\" content=\"2 minutes\" \/>\n<script type=\"application\/ld+json\" class=\"yoast-schema-graph\">{\"@context\":\"https:\/\/schema.org\",\"@graph\":[{\"@type\":\"WebPage\",\"@id\":\"https:\/\/saborruralgalicia.com\/tienda\/quesos\/cabra\/queso-cabra-media-maduracion-touzavella\/\",\"url\":\"https:\/\/saborruralgalicia.com\/tienda\/quesos\/cabra\/queso-cabra-media-maduracion-touzavella\/\",\"name\":\"Queso de Cabra Media Maduraci\u00f3n - Touza Vella - Sabor Rural Galicia\",\"isPartOf\":{\"@id\":\"https:\/\/saborruralgalicia.com\/#website\"},\"primaryImageOfPage\":{\"@id\":\"https:\/\/saborruralgalicia.com\/tienda\/quesos\/cabra\/queso-cabra-media-maduracion-touzavella\/#primaryimage\"},\"image\":{\"@id\":\"https:\/\/saborruralgalicia.com\/tienda\/quesos\/cabra\/queso-cabra-media-maduracion-touzavella\/#primaryimage\"},\"thumbnailUrl\":\"https:\/\/saborruralgalicia.com\/wp-content\/uploads\/2022\/05\/madurado-touzavella.png\",\"datePublished\":\"2022-05-30T10:58:23+00:00\",\"dateModified\":\"2025-07-16T08:13:14+00:00\",\"description\":\"Sabor Rural Galicia es la gran tienda online de productos gourmet gallegos. Una selecci\u00f3n de alimentos de calidad que recupera los olores y sabores de anta\u00f1o junto con una exclusiva propuesta de experiencias tur\u00edsticas y gastron\u00f3micas.\",\"breadcrumb\":{\"@id\":\"https:\/\/saborruralgalicia.com\/tienda\/quesos\/cabra\/queso-cabra-media-maduracion-touzavella\/#breadcrumb\"},\"inLanguage\":\"en-GB\",\"potentialAction\":[{\"@type\":\"ReadAction\",\"target\":[\"https:\/\/saborruralgalicia.com\/tienda\/quesos\/cabra\/queso-cabra-media-maduracion-touzavella\/\"]}]},{\"@type\":\"ImageObject\",\"inLanguage\":\"en-GB\",\"@id\":\"https:\/\/saborruralgalicia.com\/tienda\/quesos\/cabra\/queso-cabra-media-maduracion-touzavella\/#primaryimage\",\"url\":\"https:\/\/saborruralgalicia.com\/wp-content\/uploads\/2022\/05\/madurado-touzavella.png\",\"contentUrl\":\"https:\/\/saborruralgalicia.com\/wp-content\/uploads\/2022\/05\/madurado-touzavella.png\",\"width\":700,\"height\":800,\"caption\":\"madurado touzavella\"},{\"@type\":\"BreadcrumbList\",\"@id\":\"https:\/\/saborruralgalicia.com\/tienda\/quesos\/cabra\/queso-cabra-media-maduracion-touzavella\/#breadcrumb\",\"itemListElement\":[{\"@type\":\"ListItem\",\"position\":1,\"name\":\"Inicio\",\"item\":\"https:\/\/saborruralgalicia.com\/\"},{\"@type\":\"ListItem\",\"position\":2,\"name\":\"Tienda\",\"item\":\"https:\/\/saborruralgalicia.com\/tienda\/\"},{\"@type\":\"ListItem\",\"position\":3,\"name\":\"Queso de Cabra Media Maduraci\u00f3n &#8211; Touza Vella\"}]},{\"@type\":\"WebSite\",\"@id\":\"https:\/\/saborruralgalicia.com\/#website\",\"url\":\"https:\/\/saborruralgalicia.com\/\",\"name\":\"Sabor Rural Galicia\",\"description\":\"Tienda online de productos alimentarios gallegos\",\"publisher\":{\"@id\":\"https:\/\/saborruralgalicia.com\/#organization\"},\"potentialAction\":[{\"@type\":\"SearchAction\",\"target\":{\"@type\":\"EntryPoint\",\"urlTemplate\":\"https:\/\/saborruralgalicia.com\/?s={search_term_string}\"},\"query-input\":{\"@type\":\"PropertyValueSpecification\",\"valueRequired\":true,\"valueName\":\"search_term_string\"}}],\"inLanguage\":\"en-GB\"},{\"@type\":\"Organization\",\"@id\":\"https:\/\/saborruralgalicia.com\/#organization\",\"name\":\"Sabor Rural Galicia\",\"url\":\"https:\/\/saborruralgalicia.com\/\",\"logo\":{\"@type\":\"ImageObject\",\"inLanguage\":\"en-GB\",\"@id\":\"https:\/\/saborruralgalicia.com\/#\/schema\/logo\/image\/\",\"url\":\"https:\/\/saborruralgalicia.com\/wp-content\/uploads\/2021\/11\/srg-mini.png\",\"contentUrl\":\"https:\/\/saborruralgalicia.com\/wp-content\/uploads\/2021\/11\/srg-mini.png\",\"width\":590,\"height\":286,\"caption\":\"Sabor Rural Galicia\"},\"image\":{\"@id\":\"https:\/\/saborruralgalicia.com\/#\/schema\/logo\/image\/\"},\"sameAs\":[\"https:\/\/www.facebook.com\/SaborRuralGalicia\",\"https:\/\/x.com\/SaborRuralGal\",\"https:\/\/www.instagram.com\/saborruralgalicia\/\",\"https:\/\/www.linkedin.com\/company\/sabor-rural-galicia\/\"]}]}<\/script>\n<!-- \/ Yoast SEO plugin. -->","yoast_head_json":{"title":"Queso de Cabra Media Maduraci\u00f3n - Touza Vella - Sabor Rural Galicia","description":"Sabor Rural Galicia es la gran tienda online de productos gourmet gallegos. Una selecci\u00f3n de alimentos de calidad que recupera los olores y sabores de anta\u00f1o junto con una exclusiva propuesta de experiencias tur\u00edsticas y gastron\u00f3micas.","robots":{"index":"noindex","follow":"follow","max-snippet":"max-snippet:-1","max-image-preview":"max-image-preview:large","max-video-preview":"max-video-preview:-1"},"og_locale":"en_GB","og_type":"article","og_title":"Queso de Cabra Media Maduraci\u00f3n - Touza Vella - Sabor Rural Galicia","og_description":"Sabor Rural Galicia es la gran tienda online de productos gourmet gallegos. Una selecci\u00f3n de alimentos de calidad que recupera los olores y sabores de anta\u00f1o junto con una exclusiva propuesta de experiencias tur\u00edsticas y gastron\u00f3micas.","og_url":"https:\/\/saborruralgalicia.com\/en\/tienda\/quesos\/cabra\/queso-cabra-media-maduracion-touzavella\/","og_site_name":"Sabor Rural Galicia","article_publisher":"https:\/\/www.facebook.com\/SaborRuralGalicia","article_modified_time":"2025-07-16T08:13:14+00:00","og_image":[{"width":700,"height":800,"url":"https:\/\/saborruralgalicia.com\/wp-content\/uploads\/2022\/05\/madurado-touzavella.png","type":"image\/png"}],"twitter_card":"summary_large_image","twitter_site":"@SaborRuralGal","twitter_misc":{"Estimated reading time":"2 minutes"},"schema":{"@context":"https:\/\/schema.org","@graph":[{"@type":"WebPage","@id":"https:\/\/saborruralgalicia.com\/tienda\/quesos\/cabra\/queso-cabra-media-maduracion-touzavella\/","url":"https:\/\/saborruralgalicia.com\/tienda\/quesos\/cabra\/queso-cabra-media-maduracion-touzavella\/","name":"Queso de Cabra Media Maduraci\u00f3n - Touza Vella - Sabor Rural Galicia","isPartOf":{"@id":"https:\/\/saborruralgalicia.com\/#website"},"primaryImageOfPage":{"@id":"https:\/\/saborruralgalicia.com\/tienda\/quesos\/cabra\/queso-cabra-media-maduracion-touzavella\/#primaryimage"},"image":{"@id":"https:\/\/saborruralgalicia.com\/tienda\/quesos\/cabra\/queso-cabra-media-maduracion-touzavella\/#primaryimage"},"thumbnailUrl":"https:\/\/saborruralgalicia.com\/wp-content\/uploads\/2022\/05\/madurado-touzavella.png","datePublished":"2022-05-30T10:58:23+00:00","dateModified":"2025-07-16T08:13:14+00:00","description":"Sabor Rural Galicia es la gran tienda online de productos gourmet gallegos. Una selecci\u00f3n de alimentos de calidad que recupera los olores y sabores de anta\u00f1o junto con una exclusiva propuesta de experiencias tur\u00edsticas y gastron\u00f3micas.","breadcrumb":{"@id":"https:\/\/saborruralgalicia.com\/tienda\/quesos\/cabra\/queso-cabra-media-maduracion-touzavella\/#breadcrumb"},"inLanguage":"en-GB","potentialAction":[{"@type":"ReadAction","target":["https:\/\/saborruralgalicia.com\/tienda\/quesos\/cabra\/queso-cabra-media-maduracion-touzavella\/"]}]},{"@type":"ImageObject","inLanguage":"en-GB","@id":"https:\/\/saborruralgalicia.com\/tienda\/quesos\/cabra\/queso-cabra-media-maduracion-touzavella\/#primaryimage","url":"https:\/\/saborruralgalicia.com\/wp-content\/uploads\/2022\/05\/madurado-touzavella.png","contentUrl":"https:\/\/saborruralgalicia.com\/wp-content\/uploads\/2022\/05\/madurado-touzavella.png","width":700,"height":800,"caption":"madurado touzavella"},{"@type":"BreadcrumbList","@id":"https:\/\/saborruralgalicia.com\/tienda\/quesos\/cabra\/queso-cabra-media-maduracion-touzavella\/#breadcrumb","itemListElement":[{"@type":"ListItem","position":1,"name":"Inicio","item":"https:\/\/saborruralgalicia.com\/"},{"@type":"ListItem","position":2,"name":"Tienda","item":"https:\/\/saborruralgalicia.com\/tienda\/"},{"@type":"ListItem","position":3,"name":"Queso de Cabra Media Maduraci\u00f3n &#8211; Touza Vella"}]},{"@type":"WebSite","@id":"https:\/\/saborruralgalicia.com\/#website","url":"https:\/\/saborruralgalicia.com\/","name":"Sabor Rural Galicia","description":"Tienda online de productos alimentarios gallegos","publisher":{"@id":"https:\/\/saborruralgalicia.com\/#organization"},"potentialAction":[{"@type":"SearchAction","target":{"@type":"EntryPoint","urlTemplate":"https:\/\/saborruralgalicia.com\/?s={search_term_string}"},"query-input":{"@type":"PropertyValueSpecification","valueRequired":true,"valueName":"search_term_string"}}],"inLanguage":"en-GB"},{"@type":"Organization","@id":"https:\/\/saborruralgalicia.com\/#organization","name":"Sabor Rural Galicia","url":"https:\/\/saborruralgalicia.com\/","logo":{"@type":"ImageObject","inLanguage":"en-GB","@id":"https:\/\/saborruralgalicia.com\/#\/schema\/logo\/image\/","url":"https:\/\/saborruralgalicia.com\/wp-content\/uploads\/2021\/11\/srg-mini.png","contentUrl":"https:\/\/saborruralgalicia.com\/wp-content\/uploads\/2021\/11\/srg-mini.png","width":590,"height":286,"caption":"Sabor Rural Galicia"},"image":{"@id":"https:\/\/saborruralgalicia.com\/#\/schema\/logo\/image\/"},"sameAs":["https:\/\/www.facebook.com\/SaborRuralGalicia","https:\/\/x.com\/SaborRuralGal","https:\/\/www.instagram.com\/saborruralgalicia\/","https:\/\/www.linkedin.com\/company\/sabor-rural-galicia\/"]}]}},"_links":{"self":[{"href":"https:\/\/saborruralgalicia.com\/en\/wp-json\/wp\/v2\/product\/15193","targetHints":{"allow":["GET"]}}],"collection":[{"href":"https:\/\/saborruralgalicia.com\/en\/wp-json\/wp\/v2\/product"}],"about":[{"href":"https:\/\/saborruralgalicia.com\/en\/wp-json\/wp\/v2\/types\/product"}],"wp:featuredmedia":[{"embeddable":true,"href":"https:\/\/saborruralgalicia.com\/en\/wp-json\/wp\/v2\/media\/15194"}],"wp:attachment":[{"href":"https:\/\/saborruralgalicia.com\/en\/wp-json\/wp\/v2\/media?parent=15193"}],"wp:term":[{"taxonomy":"product_brand","embeddable":true,"href":"https:\/\/saborruralgalicia.com\/en\/wp-json\/wp\/v2\/product_brand?post=15193"},{"taxonomy":"product_cat","embeddable":true,"href":"https:\/\/saborruralgalicia.com\/en\/wp-json\/wp\/v2\/product_cat?post=15193"},{"taxonomy":"product_tag","embeddable":true,"href":"https:\/\/saborruralgalicia.com\/en\/wp-json\/wp\/v2\/product_tag?post=15193"}],"curies":[{"name":"wp","href":"https:\/\/api.w.org\/{rel}","templated":true}]}}